{"id":84128,"date":"2025-12-09T19:07:07","date_gmt":"2025-12-09T18:07:07","guid":{"rendered":"https:\/\/www.silvereco.org\/festival\/fr\/?page_id=84128"},"modified":"2026-08-27T17:41:24","modified_gmt":"2026-08-27T16:41:24","slug":"speakers","status":"publish","type":"page","link":"https:\/\/www.silvereco.org\/festival\/fr\/speakers\/","title":{"rendered":"Speakers"},"content":{"rendered":"\n<h4 class=\"wp-block-heading has-background\" style=\"background-color:#a7c0d1\">Would you like to become an official speaker of the 2026 edition of the Festival?<br><a role=\"button\" href=\"http:\/\/www.silvereco.org\/festival\/en\/contact-us\">Contact-us<\/a><br><br>Vous souhaitez devenir intervenant officiel de l&#8217;\u00e9dition 2026 du Festival ?<br><a href=\"https:\/\/silvereco.org\/form\/festival-silvereco-bien-vieillir\/\">Contactez-nous<\/a><\/h4>\n\n\n\n<h2 id=\"block-10ef2147-dce2-43c7-b955-6f1b5757ee69\" class=\"wp-block-heading\">Cette page est en cours de mise \u00e0 jour<br>This page is currently being updated<\/h2>\n\n\n\n\t\t\t<div class=\"wp-block-uagb-post-grid uagb-post-grid  uagb-post__image-position-top uagb-post__image-enabled uagb-block-3a936a5e     uagb-post__items uagb-post__columns-7 is-grid uagb-post__columns-tablet-4 uagb-post__columns-mobile-2 uagb-post__equal-height\" data-total=\"2\" style=\"\">\n\n\t\t\t\t\t\t\t\t\t\t\t\t<article class=\"uagb-post__inner-wrap\">\t\t\t\t\t\t\t\t<div class='uagb-post__image'>\n\t\t\t\t\t\t\t\t\t<a href=\"https:\/\/www.silvereco.org\/festival\/fr\/membre-du-jury-expert-2025-40\/\" target=\"_self\" rel=\"bookmark noopener noreferrer\" class='uagb-image-ratio-inherit'><img loading=\"lazy\" decoding=\"async\" width=\"150\" height=\"150\" src=\"https:\/\/www.silvereco.org\/festival\/fr\/wp-content\/medias\/2025\/10\/Adrien-de-Crombrugghe-150x150.png\" class=\"attachment-thumbnail size-thumbnail\" alt=\"\" srcset=\"https:\/\/www.silvereco.org\/festival\/fr\/wp-content\/medias\/2025\/10\/Adrien-de-Crombrugghe-150x150.png 150w, https:\/\/www.silvereco.org\/festival\/fr\/wp-content\/medias\/2025\/10\/Adrien-de-Crombrugghe-300x300.png 300w, https:\/\/www.silvereco.org\/festival\/fr\/wp-content\/medias\/2025\/10\/Adrien-de-Crombrugghe-768x768.png 768w, https:\/\/www.silvereco.org\/festival\/fr\/wp-content\/medias\/2025\/10\/Adrien-de-Crombrugghe.png 800w\" sizes=\"auto, (max-width: 150px) 100vw, 150px\" \/>\t\t\t\t\t<\/a>\n\t\t\t\t\t\t\t<\/div>\n\t\t\t\t\t\t<h4 class=\"uagb-post__title uagb-post__text\">\n\t\t\t\t<a href=\"https:\/\/www.silvereco.org\/festival\/fr\/membre-du-jury-expert-2025-40\/\" target=\"_self\" rel=\"bookmark noopener noreferrer\">Adrien DE CROMBRUGGHE<\/a>\n\t\t\t<\/h4>\n\t\t\t\t\t\t<div class='uagb-post__text uagb-post-grid-byline'>\n\t\t\t\t\t\t\t<\/div>\n\t\t\t\t\t\t\t<div class='uagb-post__text uagb-post__excerpt'>\n\t\t\t\t\tDirecteur des investissements Grand \u00c2ge &amp; Autonomie &#8211; Banque des Territoires, groupe Caisse des D\u00e9p\u00f4ts&#8230;\t\t\t\t<\/div>\n\t\t\t\n\t\t\t\t\t\t\t\t\t<\/article>\n\t\t\t\t\t\t\t\t\t\t\t\t\t\t\t\t<article class=\"uagb-post__inner-wrap\">\t\t\t\t\t\t\t\t<div class='uagb-post__image'>\n\t\t\t\t\t\t\t\t\t<a href=\"https:\/\/www.silvereco.org\/festival\/fr\/jaroslaw-jozwiak\/\" target=\"_self\" rel=\"bookmark noopener noreferrer\" class='uagb-image-ratio-inherit'><img loading=\"lazy\" decoding=\"async\" width=\"150\" height=\"150\" src=\"https:\/\/www.silvereco.org\/festival\/fr\/wp-content\/medias\/2026\/08\/Agnieszka-NEUMANN-PODCZASKA-150x150.jpg\" class=\"attachment-thumbnail size-thumbnail\" alt=\"\" srcset=\"https:\/\/www.silvereco.org\/festival\/fr\/wp-content\/medias\/2026\/08\/Agnieszka-NEUMANN-PODCZASKA-150x150.jpg 150w, https:\/\/www.silvereco.org\/festival\/fr\/wp-content\/medias\/2026\/08\/Agnieszka-NEUMANN-PODCZASKA-300x300.jpg 300w, https:\/\/www.silvereco.org\/festival\/fr\/wp-content\/medias\/2026\/08\/Agnieszka-NEUMANN-PODCZASKA-768x767.jpg 768w, https:\/\/www.silvereco.org\/festival\/fr\/wp-content\/medias\/2026\/08\/Agnieszka-NEUMANN-PODCZASKA.jpg 891w\" sizes=\"auto, (max-width: 150px) 100vw, 150px\" \/>\t\t\t\t\t<\/a>\n\t\t\t\t\t\t\t<\/div>\n\t\t\t\t\t\t<h4 class=\"uagb-post__title uagb-post__text\">\n\t\t\t\t<a href=\"https:\/\/www.silvereco.org\/festival\/fr\/jaroslaw-jozwiak\/\" target=\"_self\" rel=\"bookmark noopener noreferrer\">Agnieszka NEUMANN-PODCZASKA<\/a>\n\t\t\t<\/h4>\n\t\t\t\t\t\t<div class='uagb-post__text uagb-post-grid-byline'>\n\t\t\t\t\t\t\t<\/div>\n\t\t\t\t\t\t\t<div class='uagb-post__text uagb-post__excerpt'>\n\t\t\t\t\tMember of the European Academy of Medicine of Aging (EAMA) \/\/ Membre de l&#8217;Acad\u00e9mie europ\u00e9enne&#8230;\t\t\t\t<\/div>\n\t\t\t\n\t\t\t\t\t\t\t\t\t<\/article>\n\t\t\t\t\t\t\t\t\t\t\t\t\t\t\t\t<article class=\"uagb-post__inner-wrap\">\t\t\t\t\t\t\t\t<div class='uagb-post__image'>\n\t\t\t\t\t\t\t\t\t<a href=\"https:\/\/www.silvereco.org\/festival\/fr\/membre-du-jury-expert-2025-48\/\" target=\"_self\" rel=\"bookmark noopener noreferrer\" class='uagb-image-ratio-inherit'><img loading=\"lazy\" decoding=\"async\" width=\"150\" height=\"150\" src=\"https:\/\/www.silvereco.org\/festival\/fr\/wp-content\/medias\/2025\/07\/Alain-Monteux-150x150.jpg\" class=\"attachment-thumbnail size-thumbnail\" alt=\"\" \/>\t\t\t\t\t<\/a>\n\t\t\t\t\t\t\t<\/div>\n\t\t\t\t\t\t<h4 class=\"uagb-post__title uagb-post__text\">\n\t\t\t\t<a href=\"https:\/\/www.silvereco.org\/festival\/fr\/membre-du-jury-expert-2025-48\/\" target=\"_self\" rel=\"bookmark noopener noreferrer\">Alain MONTEUX<\/a>\n\t\t\t<\/h4>\n\t\t\t\t\t\t<div class='uagb-post__text uagb-post-grid-byline'>\n\t\t\t\t\t\t\t<\/div>\n\t\t\t\t\t\t\t<div class='uagb-post__text uagb-post__excerpt'>\n\t\t\t\t\tPr\u00e9sident Tunstall France &#8211; Vitaris &#8211; Tunstall Benelux\t\t\t\t<\/div>\n\t\t\t\n\t\t\t\t\t\t\t\t\t<\/article>\n\t\t\t\t\t\t\t\t\t\t\t\t\t\t\t\t<article class=\"uagb-post__inner-wrap\">\t\t\t\t\t\t\t\t<div class='uagb-post__image'>\n\t\t\t\t\t\t\t\t\t<a href=\"https:\/\/www.silvereco.org\/festival\/fr\/membre-du-jury-expert-2025-48-2-12-2\/\" target=\"_self\" rel=\"bookmark noopener noreferrer\" class='uagb-image-ratio-inherit'><img loading=\"lazy\" decoding=\"async\" width=\"150\" height=\"150\" src=\"https:\/\/www.silvereco.org\/festival\/fr\/wp-content\/medias\/2025\/12\/alexandre-doubel-150x150.jpg\" class=\"attachment-thumbnail size-thumbnail\" alt=\"\" srcset=\"https:\/\/www.silvereco.org\/festival\/fr\/wp-content\/medias\/2025\/12\/alexandre-doubel-150x150.jpg 150w, https:\/\/www.silvereco.org\/festival\/fr\/wp-content\/medias\/2025\/12\/alexandre-doubel-300x300.jpg 300w, https:\/\/www.silvereco.org\/festival\/fr\/wp-content\/medias\/2025\/12\/alexandre-doubel.jpg 400w\" sizes=\"auto, (max-width: 150px) 100vw, 150px\" \/>\t\t\t\t\t<\/a>\n\t\t\t\t\t\t\t<\/div>\n\t\t\t\t\t\t<h4 class=\"uagb-post__title uagb-post__text\">\n\t\t\t\t<a href=\"https:\/\/www.silvereco.org\/festival\/fr\/membre-du-jury-expert-2025-48-2-12-2\/\" target=\"_self\" rel=\"bookmark noopener noreferrer\">Alexandre DOUBEL<\/a>\n\t\t\t<\/h4>\n\t\t\t\t\t\t<div class='uagb-post__text uagb-post-grid-byline'>\n\t\t\t\t\t\t\t<\/div>\n\t\t\t\t\t\t\t<div class='uagb-post__text uagb-post__excerpt'>\n\t\t\t\t\tConsultant politique sociale et bien-vieillir \/\/ Social policy and healthy ageing consultant\t\t\t\t<\/div>\n\t\t\t\n\t\t\t\t\t\t\t\t\t<\/article>\n\t\t\t\t\t\t\t\t\t\t\t\t\t\t\t\t<article class=\"uagb-post__inner-wrap\">\t\t\t\t\t\t\t\t<div class='uagb-post__image'>\n\t\t\t\t\t\t\t\t\t<a href=\"https:\/\/www.silvereco.org\/festival\/fr\/alexandre-faure\/\" target=\"_self\" rel=\"bookmark noopener noreferrer\" class='uagb-image-ratio-inherit'><img loading=\"lazy\" decoding=\"async\" width=\"150\" height=\"150\" src=\"https:\/\/www.silvereco.org\/festival\/fr\/wp-content\/medias\/2026\/08\/alexandre-faure-1-150x150.png\" class=\"attachment-thumbnail size-thumbnail\" alt=\"\" srcset=\"https:\/\/www.silvereco.org\/festival\/fr\/wp-content\/medias\/2026\/08\/alexandre-faure-1-150x150.png 150w, https:\/\/www.silvereco.org\/festival\/fr\/wp-content\/medias\/2026\/08\/alexandre-faure-1-300x300.png 300w, https:\/\/www.silvereco.org\/festival\/fr\/wp-content\/medias\/2026\/08\/alexandre-faure-1-768x768.png 768w, https:\/\/www.silvereco.org\/festival\/fr\/wp-content\/medias\/2026\/08\/alexandre-faure-1-1024x1024.png 1024w, https:\/\/www.silvereco.org\/festival\/fr\/wp-content\/medias\/2026\/08\/alexandre-faure-1-1536x1536.png 1536w, https:\/\/www.silvereco.org\/festival\/fr\/wp-content\/medias\/2026\/08\/alexandre-faure-1-2048x2048.png 2048w\" sizes=\"auto, (max-width: 150px) 100vw, 150px\" \/>\t\t\t\t\t<\/a>\n\t\t\t\t\t\t\t<\/div>\n\t\t\t\t\t\t<h4 class=\"uagb-post__title uagb-post__text\">\n\t\t\t\t<a href=\"https:\/\/www.silvereco.org\/festival\/fr\/alexandre-faure\/\" target=\"_self\" rel=\"bookmark noopener noreferrer\">Alexandre FAURE<\/a>\n\t\t\t<\/h4>\n\t\t\t\t\t\t<div class='uagb-post__text uagb-post-grid-byline'>\n\t\t\t\t\t\t\t<\/div>\n\t\t\t\t\t\t\t<div class='uagb-post__text uagb-post__excerpt'>\n\t\t\t\t\tDirecteur et Fondateur de Sweet Home \/\/ Director and Founder of Sweet Home\t\t\t\t<\/div>\n\t\t\t\n\t\t\t\t\t\t\t\t\t<\/article>\n\t\t\t\t\t\t\t\t\t\t\t\t\t\t\t\t<article class=\"uagb-post__inner-wrap\">\t\t\t\t\t\t\t\t<div class='uagb-post__image'>\n\t\t\t\t\t\t\t\t\t<a href=\"https:\/\/www.silvereco.org\/festival\/fr\/membre-du-jury-expert-2025-48-2-23\/\" target=\"_self\" rel=\"bookmark noopener noreferrer\" class='uagb-image-ratio-inherit'><img loading=\"lazy\" decoding=\"async\" width=\"150\" height=\"150\" src=\"https:\/\/www.silvereco.org\/festival\/fr\/wp-content\/medias\/2023\/09\/Alexis-ROCHE-edited-150x150.jpg\" class=\"attachment-thumbnail size-thumbnail\" alt=\"\" srcset=\"https:\/\/www.silvereco.org\/festival\/fr\/wp-content\/medias\/2023\/09\/Alexis-ROCHE-edited-150x150.jpg 150w, https:\/\/www.silvereco.org\/festival\/fr\/wp-content\/medias\/2023\/09\/Alexis-ROCHE-edited-300x300.jpg 300w, https:\/\/www.silvereco.org\/festival\/fr\/wp-content\/medias\/2023\/09\/Alexis-ROCHE-edited-1024x1024.jpg 1024w, https:\/\/www.silvereco.org\/festival\/fr\/wp-content\/medias\/2023\/09\/Alexis-ROCHE-edited-768x768.jpg 768w, https:\/\/www.silvereco.org\/festival\/fr\/wp-content\/medias\/2023\/09\/Alexis-ROCHE-edited-1536x1536.jpg 1536w, https:\/\/www.silvereco.org\/festival\/fr\/wp-content\/medias\/2023\/09\/Alexis-ROCHE-edited-2048x2048.jpg 2048w\" sizes=\"auto, (max-width: 150px) 100vw, 150px\" \/>\t\t\t\t\t<\/a>\n\t\t\t\t\t\t\t<\/div>\n\t\t\t\t\t\t<h4 class=\"uagb-post__title uagb-post__text\">\n\t\t\t\t<a href=\"https:\/\/www.silvereco.org\/festival\/fr\/membre-du-jury-expert-2025-48-2-23\/\" target=\"_self\" rel=\"bookmark noopener noreferrer\">Alexis ROCHE<\/a>\n\t\t\t<\/h4>\n\t\t\t\t\t\t<div class='uagb-post__text uagb-post-grid-byline'>\n\t\t\t\t\t\t\t<\/div>\n\t\t\t\t\t\t\t<div class='uagb-post__text uagb-post__excerpt'>\n\t\t\t\t\tPDG Assystel \/\/ CEO Assystel\t\t\t\t<\/div>\n\t\t\t\n\t\t\t\t\t\t\t\t\t<\/article>\n\t\t\t\t\t\t\t\t\t\t\t\t\t\t\t\t<article class=\"uagb-post__inner-wrap\">\t\t\t\t\t\t\t\t<div class='uagb-post__image'>\n\t\t\t\t\t\t\t\t\t<a href=\"https:\/\/www.silvereco.org\/festival\/fr\/membre-du-jury-expert-2025-48-2-73\/\" target=\"_self\" rel=\"bookmark noopener noreferrer\" class='uagb-image-ratio-inherit'><img loading=\"lazy\" decoding=\"async\" width=\"150\" height=\"150\" src=\"https:\/\/www.silvereco.org\/festival\/fr\/wp-content\/medias\/2025\/12\/alix-torres-150x150.png\" class=\"attachment-thumbnail size-thumbnail\" alt=\"\" srcset=\"https:\/\/www.silvereco.org\/festival\/fr\/wp-content\/medias\/2025\/12\/alix-torres-150x150.png 150w, https:\/\/www.silvereco.org\/festival\/fr\/wp-content\/medias\/2025\/12\/alix-torres-300x300.png 300w, https:\/\/www.silvereco.org\/festival\/fr\/wp-content\/medias\/2025\/12\/alix-torres-768x768.png 768w, https:\/\/www.silvereco.org\/festival\/fr\/wp-content\/medias\/2025\/12\/alix-torres-1024x1024.png 1024w, https:\/\/www.silvereco.org\/festival\/fr\/wp-content\/medias\/2025\/12\/alix-torres-1536x1536.png 1536w, https:\/\/www.silvereco.org\/festival\/fr\/wp-content\/medias\/2025\/12\/alix-torres-2048x2048.png 2048w\" sizes=\"auto, (max-width: 150px) 100vw, 150px\" \/>\t\t\t\t\t<\/a>\n\t\t\t\t\t\t\t<\/div>\n\t\t\t\t\t\t<h4 class=\"uagb-post__title uagb-post__text\">\n\t\t\t\t<a href=\"https:\/\/www.silvereco.org\/festival\/fr\/membre-du-jury-expert-2025-48-2-73\/\" target=\"_self\" rel=\"bookmark noopener noreferrer\">Alix TORRES<\/a>\n\t\t\t<\/h4>\n\t\t\t\t\t\t<div class='uagb-post__text uagb-post-grid-byline'>\n\t\t\t\t\t\t\t<\/div>\n\t\t\t\t\t\t\t<div class='uagb-post__text uagb-post__excerpt'>\n\t\t\t\t\tDirectrice G\u00e9n\u00e9rale du Groupe Pr\u00e9sence Verte \/\/ Chief Executive Officer of the Pr\u00e9sence Verte Group\t\t\t\t<\/div>\n\t\t\t\n\t\t\t\t\t\t\t\t\t<\/article>\n\t\t\t\t\t\t\t\t\t\t\t\t\t\t\t\t<article class=\"uagb-post__inner-wrap\">\t\t\t\t\t\t\t\t<div class='uagb-post__image'>\n\t\t\t\t\t\t\t\t\t<a href=\"https:\/\/www.silvereco.org\/festival\/fr\/alyson-scurfield\/\" target=\"_self\" rel=\"bookmark noopener noreferrer\" class='uagb-image-ratio-inherit'><img loading=\"lazy\" decoding=\"async\" width=\"150\" height=\"150\" src=\"https:\/\/www.silvereco.org\/festival\/fr\/wp-content\/medias\/2025\/11\/Alyson-Scurfield-1024x978-1-150x150.webp\" class=\"attachment-thumbnail size-thumbnail\" alt=\"\" \/>\t\t\t\t\t<\/a>\n\t\t\t\t\t\t\t<\/div>\n\t\t\t\t\t\t<h4 class=\"uagb-post__title uagb-post__text\">\n\t\t\t\t<a href=\"https:\/\/www.silvereco.org\/festival\/fr\/alyson-scurfield\/\" target=\"_self\" rel=\"bookmark noopener noreferrer\">Alyson SCURFIELD<\/a>\n\t\t\t<\/h4>\n\t\t\t\t\t\t<div class='uagb-post__text uagb-post-grid-byline'>\n\t\t\t\t\t\t\t<\/div>\n\t\t\t\t\t\t\t<div class='uagb-post__text uagb-post__excerpt'>\n\t\t\t\t\tCEO at TEC Services Association (TSA) \/\/ Directrice G\u00e9n\u00e9rale de la TEC Services Association (TSA)\t\t\t\t<\/div>\n\t\t\t\n\t\t\t\t\t\t\t\t\t<\/article>\n\t\t\t\t\t\t\t\t\t\t\t\t\t\t\t\t<article class=\"uagb-post__inner-wrap\">\t\t\t\t\t\t\t\t<div class='uagb-post__image'>\n\t\t\t\t\t\t\t\t\t<a href=\"https:\/\/www.silvereco.org\/festival\/fr\/amal-aidoud\/\" target=\"_self\" rel=\"bookmark noopener noreferrer\" class='uagb-image-ratio-inherit'><img loading=\"lazy\" decoding=\"async\" width=\"150\" height=\"150\" src=\"https:\/\/www.silvereco.org\/festival\/fr\/wp-content\/medias\/2026\/08\/AMAL-AIDOUD-150x150.jpg\" class=\"attachment-thumbnail size-thumbnail\" alt=\"\" srcset=\"https:\/\/www.silvereco.org\/festival\/fr\/wp-content\/medias\/2026\/08\/AMAL-AIDOUD-150x150.jpg 150w, https:\/\/www.silvereco.org\/festival\/fr\/wp-content\/medias\/2026\/08\/AMAL-AIDOUD.jpg 173w\" sizes=\"auto, (max-width: 150px) 100vw, 150px\" \/>\t\t\t\t\t<\/a>\n\t\t\t\t\t\t\t<\/div>\n\t\t\t\t\t\t<h4 class=\"uagb-post__title uagb-post__text\">\n\t\t\t\t<a href=\"https:\/\/www.silvereco.org\/festival\/fr\/amal-aidoud\/\" target=\"_self\" rel=\"bookmark noopener noreferrer\">Amal AIDOUD<\/a>\n\t\t\t<\/h4>\n\t\t\t\t\t\t<div class='uagb-post__text uagb-post-grid-byline'>\n\t\t\t\t\t\t\t<\/div>\n\t\t\t\t\t\t\t<div class='uagb-post__text uagb-post__excerpt'>\n\t\t\t\t\tM\u00e9decin praticien chez CHRU Tours \/\/ Physician at CHRU Tours\t\t\t\t<\/div>\n\t\t\t\n\t\t\t\t\t\t\t\t\t<\/article>\n\t\t\t\t\t\t\t\t\t\t\t\t\t\t\t\t<article class=\"uagb-post__inner-wrap\">\t\t\t\t\t\t\t\t<div class='uagb-post__image'>\n\t\t\t\t\t\t\t\t\t<a href=\"https:\/\/www.silvereco.org\/festival\/fr\/anne-vuillemin\/\" target=\"_self\" rel=\"bookmark noopener noreferrer\" class='uagb-image-ratio-inherit'><img loading=\"lazy\" decoding=\"async\" width=\"150\" height=\"150\" src=\"https:\/\/www.silvereco.org\/festival\/fr\/wp-content\/medias\/2026\/08\/anne-vuillemin-1-150x150.png\" class=\"attachment-thumbnail size-thumbnail\" alt=\"\" srcset=\"https:\/\/www.silvereco.org\/festival\/fr\/wp-content\/medias\/2026\/08\/anne-vuillemin-1-150x150.png 150w, https:\/\/www.silvereco.org\/festival\/fr\/wp-content\/medias\/2026\/08\/anne-vuillemin-1.png 206w\" sizes=\"auto, (max-width: 150px) 100vw, 150px\" \/>\t\t\t\t\t<\/a>\n\t\t\t\t\t\t\t<\/div>\n\t\t\t\t\t\t<h4 class=\"uagb-post__title uagb-post__text\">\n\t\t\t\t<a href=\"https:\/\/www.silvereco.org\/festival\/fr\/anne-vuillemin\/\" target=\"_self\" rel=\"bookmark noopener noreferrer\">Anne VUILLEMIN<\/a>\n\t\t\t<\/h4>\n\t\t\t\t\t\t<div class='uagb-post__text uagb-post-grid-byline'>\n\t\t\t\t\t\t\t<\/div>\n\t\t\t\t\t\t\t<div class='uagb-post__text uagb-post__excerpt'>\n\t\t\t\t\tProfesseure d&#8217;universit\u00e9 \/\/ University professor\t\t\t\t<\/div>\n\t\t\t\n\t\t\t\t\t\t\t\t\t<\/article>\n\t\t\t\t\t\t\t\t\t\t\t\t\t\t\t\t<article class=\"uagb-post__inner-wrap\">\t\t\t\t\t\t\t\t<div class='uagb-post__image'>\n\t\t\t\t\t\t\t\t\t<a href=\"https:\/\/www.silvereco.org\/festival\/fr\/antoine-boue\/\" target=\"_self\" rel=\"bookmark noopener noreferrer\" class='uagb-image-ratio-inherit'><img loading=\"lazy\" decoding=\"async\" width=\"150\" height=\"150\" src=\"https:\/\/www.silvereco.org\/festival\/fr\/wp-content\/medias\/2026\/08\/ANTOINE-BOUE-150x150.jpg\" class=\"attachment-thumbnail size-thumbnail\" alt=\"\" srcset=\"https:\/\/www.silvereco.org\/festival\/fr\/wp-content\/medias\/2026\/08\/ANTOINE-BOUE-150x150.jpg 150w, https:\/\/www.silvereco.org\/festival\/fr\/wp-content\/medias\/2026\/08\/ANTOINE-BOUE-1014x1024.jpg 1014w, https:\/\/www.silvereco.org\/festival\/fr\/wp-content\/medias\/2026\/08\/ANTOINE-BOUE-768x775.jpg 768w, https:\/\/www.silvereco.org\/festival\/fr\/wp-content\/medias\/2026\/08\/ANTOINE-BOUE.jpg 1268w\" sizes=\"auto, (max-width: 150px) 100vw, 150px\" \/>\t\t\t\t\t<\/a>\n\t\t\t\t\t\t\t<\/div>\n\t\t\t\t\t\t<h4 class=\"uagb-post__title uagb-post__text\">\n\t\t\t\t<a href=\"https:\/\/www.silvereco.org\/festival\/fr\/antoine-boue\/\" target=\"_self\" rel=\"bookmark noopener noreferrer\">Antoine BOUE<\/a>\n\t\t\t<\/h4>\n\t\t\t\t\t\t<div class='uagb-post__text uagb-post-grid-byline'>\n\t\t\t\t\t\t\t<\/div>\n\t\t\t\t\t\t\t<div class='uagb-post__text uagb-post__excerpt'>\n\t\t\t\t\tNeuropsychologist \/\/ Neuropsychologue\t\t\t\t<\/div>\n\t\t\t\n\t\t\t\t\t\t\t\t\t<\/article>\n\t\t\t\t\t\t\t\t\t\t\t\t\t\t\t\t<article class=\"uagb-post__inner-wrap\">\t\t\t\t\t\t\t\t<div class='uagb-post__image'>\n\t\t\t\t\t\t\t\t\t<a href=\"https:\/\/www.silvereco.org\/festival\/fr\/membre-du-jury-expert-2025-50\/\" target=\"_self\" rel=\"bookmark noopener noreferrer\" class='uagb-image-ratio-inherit'><img loading=\"lazy\" decoding=\"async\" width=\"150\" height=\"150\" src=\"https:\/\/www.silvereco.org\/festival\/fr\/wp-content\/medias\/2023\/08\/Arnaud-DUGLUE-edited-150x150.jpeg\" class=\"attachment-thumbnail size-thumbnail\" alt=\"\" srcset=\"https:\/\/www.silvereco.org\/festival\/fr\/wp-content\/medias\/2023\/08\/Arnaud-DUGLUE-edited-150x150.jpeg 150w, https:\/\/www.silvereco.org\/festival\/fr\/wp-content\/medias\/2023\/08\/Arnaud-DUGLUE-edited-300x300.jpeg 300w, https:\/\/www.silvereco.org\/festival\/fr\/wp-content\/medias\/2023\/08\/Arnaud-DUGLUE-edited-768x768.jpeg 768w, https:\/\/www.silvereco.org\/festival\/fr\/wp-content\/medias\/2023\/08\/Arnaud-DUGLUE-edited.jpeg 853w\" sizes=\"auto, (max-width: 150px) 100vw, 150px\" \/>\t\t\t\t\t<\/a>\n\t\t\t\t\t\t\t<\/div>\n\t\t\t\t\t\t<h4 class=\"uagb-post__title uagb-post__text\">\n\t\t\t\t<a href=\"https:\/\/www.silvereco.org\/festival\/fr\/membre-du-jury-expert-2025-50\/\" target=\"_self\" rel=\"bookmark noopener noreferrer\">Arnaud DUGLUE<\/a>\n\t\t\t<\/h4>\n\t\t\t\t\t\t<div class='uagb-post__text uagb-post-grid-byline'>\n\t\t\t\t\t\t\t<\/div>\n\t\t\t\t\t\t\t<div class='uagb-post__text uagb-post__excerpt'>\n\t\t\t\t\tVice Pr\u00e9sident ARCHE MC2 &#8211; Pr\u00e9sident du SYNAPSE (Syndicat National des Entreprises de la Silver&#8230;\t\t\t\t<\/div>\n\t\t\t\n\t\t\t\t\t\t\t\t\t<\/article>\n\t\t\t\t\t\t\t\t\t\t\t\t\t\t\t\t<article class=\"uagb-post__inner-wrap\">\t\t\t\t\t\t\t\t<div class='uagb-post__image'>\n\t\t\t\t\t\t\t\t\t<a href=\"https:\/\/www.silvereco.org\/festival\/fr\/arnor-solberg\/\" target=\"_self\" rel=\"bookmark noopener noreferrer\" class='uagb-image-ratio-inherit'><img loading=\"lazy\" decoding=\"async\" width=\"150\" height=\"150\" src=\"https:\/\/www.silvereco.org\/festival\/fr\/wp-content\/medias\/2026\/08\/arnor-solberg-150x150.png\" class=\"attachment-thumbnail size-thumbnail\" alt=\"\" srcset=\"https:\/\/www.silvereco.org\/festival\/fr\/wp-content\/medias\/2026\/08\/arnor-solberg-150x150.png 150w, https:\/\/www.silvereco.org\/festival\/fr\/wp-content\/medias\/2026\/08\/arnor-solberg-300x300.png 300w, https:\/\/www.silvereco.org\/festival\/fr\/wp-content\/medias\/2026\/08\/arnor-solberg-768x768.png 768w, https:\/\/www.silvereco.org\/festival\/fr\/wp-content\/medias\/2026\/08\/arnor-solberg-1024x1024.png 1024w, https:\/\/www.silvereco.org\/festival\/fr\/wp-content\/medias\/2026\/08\/arnor-solberg-1536x1536.png 1536w, https:\/\/www.silvereco.org\/festival\/fr\/wp-content\/medias\/2026\/08\/arnor-solberg.png 1953w\" sizes=\"auto, (max-width: 150px) 100vw, 150px\" \/>\t\t\t\t\t<\/a>\n\t\t\t\t\t\t\t<\/div>\n\t\t\t\t\t\t<h4 class=\"uagb-post__title uagb-post__text\">\n\t\t\t\t<a href=\"https:\/\/www.silvereco.org\/festival\/fr\/arnor-solberg\/\" target=\"_self\" rel=\"bookmark noopener noreferrer\">Arnor SOLBERG<\/a>\n\t\t\t<\/h4>\n\t\t\t\t\t\t<div class='uagb-post__text uagb-post-grid-byline'>\n\t\t\t\t\t\t\t<\/div>\n\t\t\t\t\t\t\t<div class='uagb-post__text uagb-post__excerpt'>\n\t\t\t\t\tChief DevOps Office Tellu \/\/ Directeur DevOps chez Tellu\t\t\t\t<\/div>\n\t\t\t\n\t\t\t\t\t\t\t\t\t<\/article>\n\t\t\t\t\t\t\t\t\t\t\t\t\t\t\t\t<article class=\"uagb-post__inner-wrap\">\t\t\t\t\t\t\t\t<div class='uagb-post__image'>\n\t\t\t\t\t\t\t\t\t<a href=\"https:\/\/www.silvereco.org\/festival\/fr\/membre-du-jury-expert-2025-33\/\" target=\"_self\" rel=\"bookmark noopener noreferrer\" class='uagb-image-ratio-inherit'><img loading=\"lazy\" decoding=\"async\" width=\"150\" height=\"150\" src=\"https:\/\/www.silvereco.org\/festival\/fr\/wp-content\/medias\/2025\/10\/aurelien-poisson-150x150.png\" class=\"attachment-thumbnail size-thumbnail\" alt=\"\" srcset=\"https:\/\/www.silvereco.org\/festival\/fr\/wp-content\/medias\/2025\/10\/aurelien-poisson-150x150.png 150w, https:\/\/www.silvereco.org\/festival\/fr\/wp-content\/medias\/2025\/10\/aurelien-poisson-300x300.png 300w, https:\/\/www.silvereco.org\/festival\/fr\/wp-content\/medias\/2025\/10\/aurelien-poisson.png 540w\" sizes=\"auto, (max-width: 150px) 100vw, 150px\" \/>\t\t\t\t\t<\/a>\n\t\t\t\t\t\t\t<\/div>\n\t\t\t\t\t\t<h4 class=\"uagb-post__title uagb-post__text\">\n\t\t\t\t<a href=\"https:\/\/www.silvereco.org\/festival\/fr\/membre-du-jury-expert-2025-33\/\" target=\"_self\" rel=\"bookmark noopener noreferrer\">Aur\u00e9lien POISSON<\/a>\n\t\t\t<\/h4>\n\t\t\t\t\t\t<div class='uagb-post__text uagb-post-grid-byline'>\n\t\t\t\t\t\t\t<\/div>\n\t\t\t\t\t\t\t<div class='uagb-post__text uagb-post__excerpt'>\n\t\t\t\t\tDirecteur Legrand Care France \/\/ Director, Legrand Care France\t\t\t\t<\/div>\n\t\t\t\n\t\t\t\t\t\t\t\t\t<\/article>\n\t\t\t\t\t\t\t\t\t\t\t\t\t\t\t\t<article class=\"uagb-post__inner-wrap\">\t\t\t\t\t\t\t\t<div class='uagb-post__image'>\n\t\t\t\t\t\t\t\t\t<a href=\"https:\/\/www.silvereco.org\/festival\/fr\/caroline-van-zele\/\" target=\"_self\" rel=\"bookmark noopener noreferrer\" class='uagb-image-ratio-inherit'><img loading=\"lazy\" decoding=\"async\" width=\"150\" height=\"150\" src=\"https:\/\/www.silvereco.org\/festival\/fr\/wp-content\/medias\/2026\/09\/CAROLINE-VAN-ZELE-150x150.png\" class=\"attachment-thumbnail size-thumbnail\" alt=\"\" srcset=\"https:\/\/www.silvereco.org\/festival\/fr\/wp-content\/medias\/2026\/09\/CAROLINE-VAN-ZELE-150x150.png 150w, https:\/\/www.silvereco.org\/festival\/fr\/wp-content\/medias\/2026\/09\/CAROLINE-VAN-ZELE-300x300.png 300w, https:\/\/www.silvereco.org\/festival\/fr\/wp-content\/medias\/2026\/09\/CAROLINE-VAN-ZELE-768x768.png 768w, https:\/\/www.silvereco.org\/festival\/fr\/wp-content\/medias\/2026\/09\/CAROLINE-VAN-ZELE.png 894w\" sizes=\"auto, (max-width: 150px) 100vw, 150px\" \/>\t\t\t\t\t<\/a>\n\t\t\t\t\t\t\t<\/div>\n\t\t\t\t\t\t<h4 class=\"uagb-post__title uagb-post__text\">\n\t\t\t\t<a href=\"https:\/\/www.silvereco.org\/festival\/fr\/caroline-van-zele\/\" target=\"_self\" rel=\"bookmark noopener noreferrer\">Caroline VAN ZELE<\/a>\n\t\t\t<\/h4>\n\t\t\t\t\t\t<div class='uagb-post__text uagb-post-grid-byline'>\n\t\t\t\t\t\t\t<\/div>\n\t\t\t\t\t\t\t<div class='uagb-post__text uagb-post__excerpt'>\n\t\t\t\t\tCEO Zembro \/\/ Directrice g\u00e9n\u00e9rale chez Zembro\t\t\t\t<\/div>\n\t\t\t\n\t\t\t\t\t\t\t\t\t<\/article>\n\t\t\t\t\t\t\t\t\t\t\t\t\t\t\t\t<article class=\"uagb-post__inner-wrap\">\t\t\t\t\t\t\t\t<div class='uagb-post__image'>\n\t\t\t\t\t\t\t\t\t<a href=\"https:\/\/www.silvereco.org\/festival\/fr\/charlotte-bowen\/\" target=\"_self\" rel=\"bookmark noopener noreferrer\" class='uagb-image-ratio-inherit'><img loading=\"lazy\" decoding=\"async\" width=\"150\" height=\"150\" src=\"https:\/\/www.silvereco.org\/festival\/fr\/wp-content\/medias\/2026\/08\/CHARLOTTE-150x150.png\" class=\"attachment-thumbnail size-thumbnail\" alt=\"\" srcset=\"https:\/\/www.silvereco.org\/festival\/fr\/wp-content\/medias\/2026\/08\/CHARLOTTE-150x150.png 150w, https:\/\/www.silvereco.org\/festival\/fr\/wp-content\/medias\/2026\/08\/CHARLOTTE.png 293w\" sizes=\"auto, (max-width: 150px) 100vw, 150px\" \/>\t\t\t\t\t<\/a>\n\t\t\t\t\t\t\t<\/div>\n\t\t\t\t\t\t<h4 class=\"uagb-post__title uagb-post__text\">\n\t\t\t\t<a href=\"https:\/\/www.silvereco.org\/festival\/fr\/charlotte-bowen\/\" target=\"_self\" rel=\"bookmark noopener noreferrer\">Charlotte BOWEN<\/a>\n\t\t\t<\/h4>\n\t\t\t\t\t\t<div class='uagb-post__text uagb-post-grid-byline'>\n\t\t\t\t\t\t\t<\/div>\n\t\t\t\t\t\t\t<div class='uagb-post__text uagb-post__excerpt'>\n\t\t\t\t\tSales Director at Pontosense \/\/ Directeur commercial chez Pontosense\t\t\t\t<\/div>\n\t\t\t\n\t\t\t\t\t\t\t\t\t<\/article>\n\t\t\t\t\t\t\t\t\t\t\t\t\t\t\t\t<article class=\"uagb-post__inner-wrap\">\t\t\t\t\t\t\t\t<div class='uagb-post__image'>\n\t\t\t\t\t\t\t\t\t<a href=\"https:\/\/www.silvereco.org\/festival\/fr\/membre-du-jury-expert-2025-43\/\" target=\"_self\" rel=\"bookmark noopener noreferrer\" class='uagb-image-ratio-inherit'><img loading=\"lazy\" decoding=\"async\" width=\"150\" height=\"150\" src=\"https:\/\/www.silvereco.org\/festival\/fr\/wp-content\/medias\/2018\/03\/christiane-flouquet-150x150.png\" class=\"attachment-thumbnail size-thumbnail\" alt=\"\" srcset=\"https:\/\/www.silvereco.org\/festival\/fr\/wp-content\/medias\/2018\/03\/christiane-flouquet-150x150.png 150w, https:\/\/www.silvereco.org\/festival\/fr\/wp-content\/medias\/2018\/03\/christiane-flouquet-144x144.png 144w, https:\/\/www.silvereco.org\/festival\/fr\/wp-content\/medias\/2018\/03\/christiane-flouquet.png 250w\" sizes=\"auto, (max-width: 150px) 100vw, 150px\" \/>\t\t\t\t\t<\/a>\n\t\t\t\t\t\t\t<\/div>\n\t\t\t\t\t\t<h4 class=\"uagb-post__title uagb-post__text\">\n\t\t\t\t<a href=\"https:\/\/www.silvereco.org\/festival\/fr\/membre-du-jury-expert-2025-43\/\" target=\"_self\" rel=\"bookmark noopener noreferrer\">Christiane FLOUQUET<\/a>\n\t\t\t<\/h4>\n\t\t\t\t\t\t<div class='uagb-post__text uagb-post-grid-byline'>\n\t\t\t\t\t\t\t<\/div>\n\t\t\t\t\t\t\t<div class='uagb-post__text uagb-post__excerpt'>\n\t\t\t\t\tConseill\u00e8re Corerpa \/\/ Corerpa Advisor\t\t\t\t<\/div>\n\t\t\t\n\t\t\t\t\t\t\t\t\t<\/article>\n\t\t\t\t\t\t\t\t\t\t\t\t\t\t\t\t<article class=\"uagb-post__inner-wrap\">\t\t\t\t\t\t\t\t<div class='uagb-post__image'>\n\t\t\t\t\t\t\t\t\t<a href=\"https:\/\/www.silvereco.org\/festival\/fr\/membre-du-jury-expert-2025-48-2-23-2-8\/\" target=\"_self\" rel=\"bookmark noopener noreferrer\" class='uagb-image-ratio-inherit'><img loading=\"lazy\" decoding=\"async\" width=\"150\" height=\"150\" src=\"https:\/\/www.silvereco.org\/festival\/fr\/wp-content\/medias\/2026\/08\/cyril-150x150.jpg\" class=\"attachment-thumbnail size-thumbnail\" alt=\"\" srcset=\"https:\/\/www.silvereco.org\/festival\/fr\/wp-content\/medias\/2026\/08\/cyril-150x150.jpg 150w, https:\/\/www.silvereco.org\/festival\/fr\/wp-content\/medias\/2026\/08\/cyril-300x300.jpg 300w, https:\/\/www.silvereco.org\/festival\/fr\/wp-content\/medias\/2026\/08\/cyril.jpg 400w\" sizes=\"auto, (max-width: 150px) 100vw, 150px\" \/>\t\t\t\t\t<\/a>\n\t\t\t\t\t\t\t<\/div>\n\t\t\t\t\t\t<h4 class=\"uagb-post__title uagb-post__text\">\n\t\t\t\t<a href=\"https:\/\/www.silvereco.org\/festival\/fr\/membre-du-jury-expert-2025-48-2-23-2-8\/\" target=\"_self\" rel=\"bookmark noopener noreferrer\">Cyril CARBONNEL<\/a>\n\t\t\t<\/h4>\n\t\t\t\t\t\t<div class='uagb-post__text uagb-post-grid-byline'>\n\t\t\t\t\t\t\t<\/div>\n\t\t\t\t\t\t\t<div class='uagb-post__text uagb-post__excerpt'>\n\t\t\t\t\tDirecteur g\u00e9n\u00e9ral adjoint charg\u00e9 de la solidarit\u00e9 &#8211; Conseil d\u00e9partemental des Alpes-Maritimes  \/\/ Deputy&#8230;\t\t\t\t<\/div>\n\t\t\t\n\t\t\t\t\t\t\t\t\t<\/article>\n\t\t\t\t\t\t\t\t\t\t\t\t\t\t\t\t<article class=\"uagb-post__inner-wrap\">\t\t\t\t\t\t\t\t<div class='uagb-post__image'>\n\t\t\t\t\t\t\t\t\t<a href=\"https:\/\/www.silvereco.org\/festival\/fr\/membre-du-jury-expert-2025-27\/\" target=\"_self\" rel=\"bookmark noopener noreferrer\" class='uagb-image-ratio-inherit'><img loading=\"lazy\" decoding=\"async\" width=\"150\" height=\"150\" src=\"https:\/\/www.silvereco.org\/festival\/fr\/wp-content\/medias\/2024\/08\/Dafna-Mouchenik-edited-150x150.jpg\" class=\"attachment-thumbnail size-thumbnail\" alt=\"\" srcset=\"https:\/\/www.silvereco.org\/festival\/fr\/wp-content\/medias\/2024\/08\/Dafna-Mouchenik-edited-150x150.jpg 150w, https:\/\/www.silvereco.org\/festival\/fr\/wp-content\/medias\/2024\/08\/Dafna-Mouchenik-edited-300x300.jpg 300w, https:\/\/www.silvereco.org\/festival\/fr\/wp-content\/medias\/2024\/08\/Dafna-Mouchenik-edited.jpg 319w\" sizes=\"auto, (max-width: 150px) 100vw, 150px\" \/>\t\t\t\t\t<\/a>\n\t\t\t\t\t\t\t<\/div>\n\t\t\t\t\t\t<h4 class=\"uagb-post__title uagb-post__text\">\n\t\t\t\t<a href=\"https:\/\/www.silvereco.org\/festival\/fr\/membre-du-jury-expert-2025-27\/\" target=\"_self\" rel=\"bookmark noopener noreferrer\">Dafna MOUCHENIK<\/a>\n\t\t\t<\/h4>\n\t\t\t\t\t\t<div class='uagb-post__text uagb-post-grid-byline'>\n\t\t\t\t\t\t\t<\/div>\n\t\t\t\t\t\t\t<div class='uagb-post__text uagb-post__excerpt'>\n\t\t\t\t\tDirectrice Fondatrice de LogiVitae \/\/ Founder &amp; CEO of LogiVitae\t\t\t\t<\/div>\n\t\t\t\n\t\t\t\t\t\t\t\t\t<\/article>\n\t\t\t\t\t\t\t\t\t\t\t\t\t\t\t\t<article class=\"uagb-post__inner-wrap\">\t\t\t\t\t\t\t\t<div class='uagb-post__image'>\n\t\t\t\t\t\t\t\t\t<a href=\"https:\/\/www.silvereco.org\/festival\/fr\/membre-du-jury-expert-2025-44\/\" target=\"_self\" rel=\"bookmark noopener noreferrer\" class='uagb-image-ratio-inherit'><img loading=\"lazy\" decoding=\"async\" width=\"150\" height=\"150\" src=\"https:\/\/www.silvereco.org\/festival\/fr\/wp-content\/medias\/2025\/10\/Damien-150x150.jpg\" class=\"attachment-thumbnail size-thumbnail\" alt=\"\" srcset=\"https:\/\/www.silvereco.org\/festival\/fr\/wp-content\/medias\/2025\/10\/Damien-150x150.jpg 150w, https:\/\/www.silvereco.org\/festival\/fr\/wp-content\/medias\/2025\/10\/Damien-300x300.jpg 300w, https:\/\/www.silvereco.org\/festival\/fr\/wp-content\/medias\/2025\/10\/Damien-768x768.jpg 768w, https:\/\/www.silvereco.org\/festival\/fr\/wp-content\/medias\/2025\/10\/Damien.jpg 800w\" sizes=\"auto, (max-width: 150px) 100vw, 150px\" \/>\t\t\t\t\t<\/a>\n\t\t\t\t\t\t\t<\/div>\n\t\t\t\t\t\t<h4 class=\"uagb-post__title uagb-post__text\">\n\t\t\t\t<a href=\"https:\/\/www.silvereco.org\/festival\/fr\/membre-du-jury-expert-2025-44\/\" target=\"_self\" rel=\"bookmark noopener noreferrer\">Damien CACARET<\/a>\n\t\t\t<\/h4>\n\t\t\t\t\t\t<div class='uagb-post__text uagb-post-grid-byline'>\n\t\t\t\t\t\t\t<\/div>\n\t\t\t\t\t\t\t<div class='uagb-post__text uagb-post__excerpt'>\n\t\t\t\t\tPr\u00e9sident Silver Valley \/\/Chairman of Silver Valley\t\t\t\t<\/div>\n\t\t\t\n\t\t\t\t\t\t\t\t\t<\/article>\n\t\t\t\t\t\t\t\t\t\t\t\t\t\t\t\t<article class=\"uagb-post__inner-wrap\">\t\t\t\t\t\t\t\t<div class='uagb-post__image'>\n\t\t\t\t\t\t\t\t\t<a href=\"https:\/\/www.silvereco.org\/festival\/fr\/deepak-samson\/\" target=\"_self\" rel=\"bookmark noopener noreferrer\" class='uagb-image-ratio-inherit'><img loading=\"lazy\" decoding=\"async\" width=\"150\" height=\"150\" src=\"https:\/\/www.silvereco.org\/festival\/fr\/wp-content\/medias\/2026\/08\/deepak-1-150x150.png\" class=\"attachment-thumbnail size-thumbnail\" alt=\"\" srcset=\"https:\/\/www.silvereco.org\/festival\/fr\/wp-content\/medias\/2026\/08\/deepak-1-150x150.png 150w, https:\/\/www.silvereco.org\/festival\/fr\/wp-content\/medias\/2026\/08\/deepak-1-300x300.png 300w, https:\/\/www.silvereco.org\/festival\/fr\/wp-content\/medias\/2026\/08\/deepak-1-768x768.png 768w, https:\/\/www.silvereco.org\/festival\/fr\/wp-content\/medias\/2026\/08\/deepak-1.png 844w\" sizes=\"auto, (max-width: 150px) 100vw, 150px\" \/>\t\t\t\t\t<\/a>\n\t\t\t\t\t\t\t<\/div>\n\t\t\t\t\t\t<h4 class=\"uagb-post__title uagb-post__text\">\n\t\t\t\t<a href=\"https:\/\/www.silvereco.org\/festival\/fr\/deepak-samson\/\" target=\"_self\" rel=\"bookmark noopener noreferrer\">Deepak SAMSON<\/a>\n\t\t\t<\/h4>\n\t\t\t\t\t\t<div class='uagb-post__text uagb-post-grid-byline'>\n\t\t\t\t\t\t\t<\/div>\n\t\t\t\t\t\t\t<div class='uagb-post__text uagb-post__excerpt'>\n\t\t\t\t\tFounder &amp; CEO, Ethelcare \/\/ Fondateur &amp; PDG, Ethelcare\t\t\t\t<\/div>\n\t\t\t\n\t\t\t\t\t\t\t\t\t<\/article>\n\t\t\t\t\t\t\t\t\t\t\t\t\t\t\t\t<article class=\"uagb-post__inner-wrap\">\t\t\t\t\t\t\t\t<div class='uagb-post__image'>\n\t\t\t\t\t\t\t\t\t<a href=\"https:\/\/www.silvereco.org\/festival\/fr\/membre-du-jury-expert-2025-48-2-14\/\" target=\"_self\" rel=\"bookmark noopener noreferrer\" class='uagb-image-ratio-inherit'><img loading=\"lazy\" decoding=\"async\" width=\"150\" height=\"150\" src=\"https:\/\/www.silvereco.org\/festival\/fr\/wp-content\/medias\/2025\/12\/Didier-WITCZAK-150x150.jpg\" class=\"attachment-thumbnail size-thumbnail\" alt=\"\" srcset=\"https:\/\/www.silvereco.org\/festival\/fr\/wp-content\/medias\/2025\/12\/Didier-WITCZAK-150x150.jpg 150w, https:\/\/www.silvereco.org\/festival\/fr\/wp-content\/medias\/2025\/12\/Didier-WITCZAK-300x300.jpg 300w, https:\/\/www.silvereco.org\/festival\/fr\/wp-content\/medias\/2025\/12\/Didier-WITCZAK.jpg 344w\" sizes=\"auto, (max-width: 150px) 100vw, 150px\" \/>\t\t\t\t\t<\/a>\n\t\t\t\t\t\t\t<\/div>\n\t\t\t\t\t\t<h4 class=\"uagb-post__title uagb-post__text\">\n\t\t\t\t<a href=\"https:\/\/www.silvereco.org\/festival\/fr\/membre-du-jury-expert-2025-48-2-14\/\" target=\"_self\" rel=\"bookmark noopener noreferrer\">Didier WITCZAK<\/a>\n\t\t\t<\/h4>\n\t\t\t\t\t\t<div class='uagb-post__text uagb-post-grid-byline'>\n\t\t\t\t\t\t\t<\/div>\n\t\t\t\t\t\t\t<div class='uagb-post__text uagb-post__excerpt'>\n\t\t\t\t\tDirecteur de territoire d\u2019OVE-CARA\u00cfBES \/\/ Regional Director of OVE-CARA\u00cfBES\t\t\t\t<\/div>\n\t\t\t\n\t\t\t\t\t\t\t\t\t<\/article>\n\t\t\t\t\t\t\t\t\t\t\t\t\t\t\t\t<article class=\"uagb-post__inner-wrap\">\t\t\t\t\t\t\t\t<div class='uagb-post__image'>\n\t\t\t\t\t\t\t\t\t<a href=\"https:\/\/www.silvereco.org\/festival\/fr\/elise-cabanes\/\" target=\"_self\" rel=\"bookmark noopener noreferrer\" class='uagb-image-ratio-inherit'><img loading=\"lazy\" decoding=\"async\" width=\"150\" height=\"150\" src=\"https:\/\/www.silvereco.org\/festival\/fr\/wp-content\/medias\/2026\/08\/Photo_Elise-Cabanes_Ok-2026-150x150.jpg\" class=\"attachment-thumbnail size-thumbnail\" alt=\"\" \/>\t\t\t\t\t<\/a>\n\t\t\t\t\t\t\t<\/div>\n\t\t\t\t\t\t<h4 class=\"uagb-post__title uagb-post__text\">\n\t\t\t\t<a href=\"https:\/\/www.silvereco.org\/festival\/fr\/elise-cabanes\/\" target=\"_self\" rel=\"bookmark noopener noreferrer\">Elise CABANES<\/a>\n\t\t\t<\/h4>\n\t\t\t\t\t\t<div class='uagb-post__text uagb-post-grid-byline'>\n\t\t\t\t\t\t\t<\/div>\n\t\t\t\t\t\t\t<div class='uagb-post__text uagb-post__excerpt'>\n\t\t\t\t\tM\u00e9decin G\u00e9riatre, Co-fondatrice et Pr\u00e9sidente d\u2019EPOCA \/\/ Geriatrician, Co-founder and President of EPOCA\t\t\t\t<\/div>\n\t\t\t\n\t\t\t\t\t\t\t\t\t<\/article>\n\t\t\t\t\t\t\t\t\t\t\t\t\t\t\t\t<article class=\"uagb-post__inner-wrap\">\t\t\t\t\t\t\t\t<div class='uagb-post__image'>\n\t\t\t\t\t\t\t\t\t<a href=\"https:\/\/www.silvereco.org\/festival\/fr\/elsa-godart\/\" target=\"_self\" rel=\"bookmark noopener noreferrer\" class='uagb-image-ratio-inherit'><img loading=\"lazy\" decoding=\"async\" width=\"150\" height=\"150\" src=\"https:\/\/www.silvereco.org\/festival\/fr\/wp-content\/medias\/2026\/08\/ELSA-GODART-150x150.png\" class=\"attachment-thumbnail size-thumbnail\" alt=\"\" srcset=\"https:\/\/www.silvereco.org\/festival\/fr\/wp-content\/medias\/2026\/08\/ELSA-GODART-150x150.png 150w, https:\/\/www.silvereco.org\/festival\/fr\/wp-content\/medias\/2026\/08\/ELSA-GODART-300x300.png 300w, https:\/\/www.silvereco.org\/festival\/fr\/wp-content\/medias\/2026\/08\/ELSA-GODART.png 678w\" sizes=\"auto, (max-width: 150px) 100vw, 150px\" \/>\t\t\t\t\t<\/a>\n\t\t\t\t\t\t\t<\/div>\n\t\t\t\t\t\t<h4 class=\"uagb-post__title uagb-post__text\">\n\t\t\t\t<a href=\"https:\/\/www.silvereco.org\/festival\/fr\/elsa-godart\/\" target=\"_self\" rel=\"bookmark noopener noreferrer\">Elsa GODART<\/a>\n\t\t\t<\/h4>\n\t\t\t\t\t\t<div class='uagb-post__text uagb-post-grid-byline'>\n\t\t\t\t\t\t\t<\/div>\n\t\t\t\t\t\t\t<div class='uagb-post__text uagb-post__excerpt'>\n\t\t\t\t\tPhilosophe, psychanalyste, chercheur \u00e0 l\u2019universit\u00e9 \/\/ Philosopher, psychoanalyst, university researcher\t\t\t\t<\/div>\n\t\t\t\n\t\t\t\t\t\t\t\t\t<\/article>\n\t\t\t\t\t\t\t\t\t\t\t\t\t\t\t\t<article class=\"uagb-post__inner-wrap\">\t\t\t\t\t\t\t\t<div class='uagb-post__image'>\n\t\t\t\t\t\t\t\t\t<a href=\"https:\/\/www.silvereco.org\/festival\/fr\/florence-de-la-ferriere\/\" target=\"_self\" rel=\"bookmark noopener noreferrer\" class='uagb-image-ratio-inherit'><img loading=\"lazy\" decoding=\"async\" width=\"150\" height=\"150\" src=\"https:\/\/www.silvereco.org\/festival\/fr\/wp-content\/medias\/2026\/07\/FDLF-150x150.png\" class=\"attachment-thumbnail size-thumbnail\" alt=\"\" srcset=\"https:\/\/www.silvereco.org\/festival\/fr\/wp-content\/medias\/2026\/07\/FDLF-150x150.png 150w, https:\/\/www.silvereco.org\/festival\/fr\/wp-content\/medias\/2026\/07\/FDLF-300x300.png 300w, https:\/\/www.silvereco.org\/festival\/fr\/wp-content\/medias\/2026\/07\/FDLF-1024x1024.png 1024w, https:\/\/www.silvereco.org\/festival\/fr\/wp-content\/medias\/2026\/07\/FDLF-768x768.png 768w, https:\/\/www.silvereco.org\/festival\/fr\/wp-content\/medias\/2026\/07\/FDLF-1536x1536.png 1536w, https:\/\/www.silvereco.org\/festival\/fr\/wp-content\/medias\/2026\/07\/FDLF.png 1872w\" sizes=\"auto, (max-width: 150px) 100vw, 150px\" \/>\t\t\t\t\t<\/a>\n\t\t\t\t\t\t\t<\/div>\n\t\t\t\t\t\t<h4 class=\"uagb-post__title uagb-post__text\">\n\t\t\t\t<a href=\"https:\/\/www.silvereco.org\/festival\/fr\/florence-de-la-ferriere\/\" target=\"_self\" rel=\"bookmark noopener noreferrer\">Florence DE LA FERRI\u00c8RE<\/a>\n\t\t\t<\/h4>\n\t\t\t\t\t\t<div class='uagb-post__text uagb-post-grid-byline'>\n\t\t\t\t\t\t\t<\/div>\n\t\t\t\t\t\t\t<div class='uagb-post__text uagb-post__excerpt'>\n\t\t\t\t\tDirectrice d&#8217;investissement P\u00f4le Grand \u00e2ge et Autonomie &#8211; Banque des Territoires \/\/ Investment Director \u2013&#8230;\t\t\t\t<\/div>\n\t\t\t\n\t\t\t\t\t\t\t\t\t<\/article>\n\t\t\t\t\t\t\t\t\t\t\t\t\t\t\t\t<article class=\"uagb-post__inner-wrap\">\t\t\t\t\t\t\t\t<div class='uagb-post__image'>\n\t\t\t\t\t\t\t\t\t<a href=\"https:\/\/www.silvereco.org\/festival\/fr\/membre-du-jury-expert-2025-48-2-15\/\" target=\"_self\" rel=\"bookmark noopener noreferrer\" class='uagb-image-ratio-inherit'><img loading=\"lazy\" decoding=\"async\" width=\"150\" height=\"150\" src=\"https:\/\/www.silvereco.org\/festival\/fr\/wp-content\/medias\/2025\/12\/Florent-ROUCHY-150x150.jpg\" class=\"attachment-thumbnail size-thumbnail\" alt=\"\" srcset=\"https:\/\/www.silvereco.org\/festival\/fr\/wp-content\/medias\/2025\/12\/Florent-ROUCHY-150x150.jpg 150w, https:\/\/www.silvereco.org\/festival\/fr\/wp-content\/medias\/2025\/12\/Florent-ROUCHY-300x300.jpg 300w, https:\/\/www.silvereco.org\/festival\/fr\/wp-content\/medias\/2025\/12\/Florent-ROUCHY-768x768.jpg 768w, https:\/\/www.silvereco.org\/festival\/fr\/wp-content\/medias\/2025\/12\/Florent-ROUCHY.jpg 800w\" sizes=\"auto, (max-width: 150px) 100vw, 150px\" \/>\t\t\t\t\t<\/a>\n\t\t\t\t\t\t\t<\/div>\n\t\t\t\t\t\t<h4 class=\"uagb-post__title uagb-post__text\">\n\t\t\t\t<a href=\"https:\/\/www.silvereco.org\/festival\/fr\/membre-du-jury-expert-2025-48-2-15\/\" target=\"_self\" rel=\"bookmark noopener noreferrer\">Florent ROUCHY<\/a>\n\t\t\t<\/h4>\n\t\t\t\t\t\t<div class='uagb-post__text uagb-post-grid-byline'>\n\t\t\t\t\t\t\t<\/div>\n\t\t\t\t\t\t\t<div class='uagb-post__text uagb-post__excerpt'>\n\t\t\t\t\tDirecteur des territoires, de l\u2019innovation Sociale et du vieillissement d\u2019\u00c9n\u00e9al \/\/ Director of Territories, Social&#8230;\t\t\t\t<\/div>\n\t\t\t\n\t\t\t\t\t\t\t\t\t<\/article>\n\t\t\t\t\t\t\t\t\t\t\t\t\t\t\t\t<article class=\"uagb-post__inner-wrap\">\t\t\t\t\t\t\t\t<div class='uagb-post__image'>\n\t\t\t\t\t\t\t\t\t<a href=\"https:\/\/www.silvereco.org\/festival\/fr\/floris-venneman\/\" target=\"_self\" rel=\"bookmark noopener noreferrer\" class='uagb-image-ratio-inherit'><img loading=\"lazy\" decoding=\"async\" width=\"150\" height=\"150\" src=\"https:\/\/www.silvereco.org\/festival\/fr\/wp-content\/medias\/2025\/11\/FLORIS-VENNEMAN-150x150.png\" class=\"attachment-thumbnail size-thumbnail\" alt=\"\" srcset=\"https:\/\/www.silvereco.org\/festival\/fr\/wp-content\/medias\/2025\/11\/FLORIS-VENNEMAN-150x150.png 150w, https:\/\/www.silvereco.org\/festival\/fr\/wp-content\/medias\/2025\/11\/FLORIS-VENNEMAN-300x300.png 300w, https:\/\/www.silvereco.org\/festival\/fr\/wp-content\/medias\/2025\/11\/FLORIS-VENNEMAN.png 428w\" sizes=\"auto, (max-width: 150px) 100vw, 150px\" \/>\t\t\t\t\t<\/a>\n\t\t\t\t\t\t\t<\/div>\n\t\t\t\t\t\t<h4 class=\"uagb-post__title uagb-post__text\">\n\t\t\t\t<a href=\"https:\/\/www.silvereco.org\/festival\/fr\/floris-venneman\/\" target=\"_self\" rel=\"bookmark noopener noreferrer\">Floris VENNEMAN<\/a>\n\t\t\t<\/h4>\n\t\t\t\t\t\t<div class='uagb-post__text uagb-post-grid-byline'>\n\t\t\t\t\t\t\t<\/div>\n\t\t\t\t\t\t\t<div class='uagb-post__text uagb-post__excerpt'>\n\t\t\t\t\tFounder of Bureauvijftig \/\/ Fondateur de Bureauvijftig\t\t\t\t<\/div>\n\t\t\t\n\t\t\t\t\t\t\t\t\t<\/article>\n\t\t\t\t\t\t\t\t\t\t\t\t\t\t\t\t<article class=\"uagb-post__inner-wrap\">\t\t\t\t\t\t\t\t<div class='uagb-post__image'>\n\t\t\t\t\t\t\t\t\t<a href=\"https:\/\/www.silvereco.org\/festival\/fr\/membre-du-jury-expert-2025-48-2-23-2-3\/\" target=\"_self\" rel=\"bookmark noopener noreferrer\" class='uagb-image-ratio-inherit'><img loading=\"lazy\" decoding=\"async\" width=\"150\" height=\"150\" src=\"https:\/\/www.silvereco.org\/festival\/fr\/wp-content\/medias\/2026\/08\/Francisco-FLOREZ-REVUELTA-150x150.jpg\" class=\"attachment-thumbnail size-thumbnail\" alt=\"\" srcset=\"https:\/\/www.silvereco.org\/festival\/fr\/wp-content\/medias\/2026\/08\/Francisco-FLOREZ-REVUELTA-150x150.jpg 150w, https:\/\/www.silvereco.org\/festival\/fr\/wp-content\/medias\/2026\/08\/Francisco-FLOREZ-REVUELTA-300x300.jpg 300w, https:\/\/www.silvereco.org\/festival\/fr\/wp-content\/medias\/2026\/08\/Francisco-FLOREZ-REVUELTA.jpg 400w\" sizes=\"auto, (max-width: 150px) 100vw, 150px\" \/>\t\t\t\t\t<\/a>\n\t\t\t\t\t\t\t<\/div>\n\t\t\t\t\t\t<h4 class=\"uagb-post__title uagb-post__text\">\n\t\t\t\t<a href=\"https:\/\/www.silvereco.org\/festival\/fr\/membre-du-jury-expert-2025-48-2-23-2-3\/\" target=\"_self\" rel=\"bookmark noopener noreferrer\">Francisco FLOREZ-REVUELTA<\/a>\n\t\t\t<\/h4>\n\t\t\t\t\t\t<div class='uagb-post__text uagb-post-grid-byline'>\n\t\t\t\t\t\t\t<\/div>\n\t\t\t\t\t\t\t<div class='uagb-post__text uagb-post__excerpt'>\n\t\t\t\t\tCoordinator of EMA_FRAILTY project \/\/ Coordinateur du projet EMA_FRAILTY\t\t\t\t<\/div>\n\t\t\t\n\t\t\t\t\t\t\t\t\t<\/article>\n\t\t\t\t\t\t\t\t\t\t\t\t\t\t\t\t<article class=\"uagb-post__inner-wrap\">\t\t\t\t\t\t\t\t<div class='uagb-post__image'>\n\t\t\t\t\t\t\t\t\t<a href=\"https:\/\/www.silvereco.org\/festival\/fr\/membre-du-jury-expert-2025-48-2-13\/\" target=\"_self\" rel=\"bookmark noopener noreferrer\" class='uagb-image-ratio-inherit'><img loading=\"lazy\" decoding=\"async\" width=\"150\" height=\"150\" src=\"https:\/\/www.silvereco.org\/festival\/fr\/wp-content\/medias\/2025\/12\/Francois-SARKOZY-150x150.jpg\" class=\"attachment-thumbnail size-thumbnail\" alt=\"\" srcset=\"https:\/\/www.silvereco.org\/festival\/fr\/wp-content\/medias\/2025\/12\/Francois-SARKOZY-150x150.jpg 150w, https:\/\/www.silvereco.org\/festival\/fr\/wp-content\/medias\/2025\/12\/Francois-SARKOZY-300x300.jpg 300w, https:\/\/www.silvereco.org\/festival\/fr\/wp-content\/medias\/2025\/12\/Francois-SARKOZY.jpg 400w\" sizes=\"auto, (max-width: 150px) 100vw, 150px\" \/>\t\t\t\t\t<\/a>\n\t\t\t\t\t\t\t<\/div>\n\t\t\t\t\t\t<h4 class=\"uagb-post__title uagb-post__text\">\n\t\t\t\t<a href=\"https:\/\/www.silvereco.org\/festival\/fr\/membre-du-jury-expert-2025-48-2-13\/\" target=\"_self\" rel=\"bookmark noopener noreferrer\">Fran\u00e7ois SARKOZY<\/a>\n\t\t\t<\/h4>\n\t\t\t\t\t\t<div class='uagb-post__text uagb-post-grid-byline'>\n\t\t\t\t\t\t\t<\/div>\n\t\t\t\t\t\t\t<div class='uagb-post__text uagb-post__excerpt'>\n\t\t\t\t\tDocteur et auteur du livre \u00ab Il est possible de vieillir heureux ! \u00bb \/\/&#8230;\t\t\t\t<\/div>\n\t\t\t\n\t\t\t\t\t\t\t\t\t<\/article>\n\t\t\t\t\t\t\t\t\t\t\t\t\t\t\t\t<article class=\"uagb-post__inner-wrap\">\t\t\t\t\t\t\t\t<div class='uagb-post__image'>\n\t\t\t\t\t\t\t\t\t<a href=\"https:\/\/www.silvereco.org\/festival\/fr\/membre-du-jury-expert-2025-14\/\" target=\"_self\" rel=\"bookmark noopener noreferrer\" class='uagb-image-ratio-inherit'><img loading=\"lazy\" decoding=\"async\" width=\"150\" height=\"150\" src=\"https:\/\/www.silvereco.org\/festival\/fr\/wp-content\/medias\/2024\/08\/Frederic-Rodrigues-edited-150x150.jpg\" class=\"attachment-thumbnail size-thumbnail\" alt=\"\" srcset=\"https:\/\/www.silvereco.org\/festival\/fr\/wp-content\/medias\/2024\/08\/Frederic-Rodrigues-edited-150x150.jpg 150w, https:\/\/www.silvereco.org\/festival\/fr\/wp-content\/medias\/2024\/08\/Frederic-Rodrigues-edited-300x300.jpg 300w, https:\/\/www.silvereco.org\/festival\/fr\/wp-content\/medias\/2024\/08\/Frederic-Rodrigues-edited.jpg 389w\" sizes=\"auto, (max-width: 150px) 100vw, 150px\" \/>\t\t\t\t\t<\/a>\n\t\t\t\t\t\t\t<\/div>\n\t\t\t\t\t\t<h4 class=\"uagb-post__title uagb-post__text\">\n\t\t\t\t<a href=\"https:\/\/www.silvereco.org\/festival\/fr\/membre-du-jury-expert-2025-14\/\" target=\"_self\" rel=\"bookmark noopener noreferrer\">Frederic RODRIGUES<\/a>\n\t\t\t<\/h4>\n\t\t\t\t\t\t<div class='uagb-post__text uagb-post-grid-byline'>\n\t\t\t\t\t\t\t<\/div>\n\t\t\t\t\t\t\t<div class='uagb-post__text uagb-post__excerpt'>\n\t\t\t\t\tDirecteur du G\u00e9rontop\u00f4le Sud PACA \/\/ Director of the South PACA Gerontology Center\t\t\t\t<\/div>\n\t\t\t\n\t\t\t\t\t\t\t\t\t<\/article>\n\t\t\t\t\t\t\t\t\t\t\t\t\t\t\t\t<article class=\"uagb-post__inner-wrap\">\t\t\t\t\t\t\t\t<div class='uagb-post__image'>\n\t\t\t\t\t\t\t\t\t<a href=\"https:\/\/www.silvereco.org\/festival\/fr\/membre-du-jury-expert-2025-48-2-23-2-7\/\" target=\"_self\" rel=\"bookmark noopener noreferrer\" class='uagb-image-ratio-inherit'><img loading=\"lazy\" decoding=\"async\" width=\"150\" height=\"150\" src=\"https:\/\/www.silvereco.org\/festival\/fr\/wp-content\/medias\/2026\/08\/inconnu-150x150.jpg\" class=\"attachment-thumbnail size-thumbnail\" alt=\"\" \/>\t\t\t\t\t<\/a>\n\t\t\t\t\t\t\t<\/div>\n\t\t\t\t\t\t<h4 class=\"uagb-post__title uagb-post__text\">\n\t\t\t\t<a href=\"https:\/\/www.silvereco.org\/festival\/fr\/membre-du-jury-expert-2025-48-2-23-2-7\/\" target=\"_self\" rel=\"bookmark noopener noreferrer\">Gilles GALLIANO<\/a>\n\t\t\t<\/h4>\n\t\t\t\t\t\t<div class='uagb-post__text uagb-post-grid-byline'>\n\t\t\t\t\t\t\t<\/div>\n\t\t\t\t\t\t\t<div class='uagb-post__text uagb-post__excerpt'>\n\t\t\t\t\tDirecteur du SSIAD La Maison d&#8217;Age et Vie de Toulon \/\/ Director du SSIAD La&#8230;\t\t\t\t<\/div>\n\t\t\t\n\t\t\t\t\t\t\t\t\t<\/article>\n\t\t\t\t\t\t\t\t\t\t\t\t\t\t\t\t<article class=\"uagb-post__inner-wrap\">\t\t\t\t\t\t\t\t<div class='uagb-post__image'>\n\t\t\t\t\t\t\t\t\t<a href=\"https:\/\/www.silvereco.org\/festival\/fr\/membre-du-jury-expert-2025-48-2-23-2-13\/\" target=\"_self\" rel=\"bookmark noopener noreferrer\" class='uagb-image-ratio-inherit'><img loading=\"lazy\" decoding=\"async\" width=\"150\" height=\"150\" src=\"https:\/\/www.silvereco.org\/festival\/fr\/wp-content\/medias\/2026\/08\/GILLES-PIAZZA-150x150.jpg\" class=\"attachment-thumbnail size-thumbnail\" alt=\"\" srcset=\"https:\/\/www.silvereco.org\/festival\/fr\/wp-content\/medias\/2026\/08\/GILLES-PIAZZA-150x150.jpg 150w, https:\/\/www.silvereco.org\/festival\/fr\/wp-content\/medias\/2026\/08\/GILLES-PIAZZA.jpg 231w\" sizes=\"auto, (max-width: 150px) 100vw, 150px\" \/>\t\t\t\t\t<\/a>\n\t\t\t\t\t\t\t<\/div>\n\t\t\t\t\t\t<h4 class=\"uagb-post__title uagb-post__text\">\n\t\t\t\t<a href=\"https:\/\/www.silvereco.org\/festival\/fr\/membre-du-jury-expert-2025-48-2-23-2-13\/\" target=\"_self\" rel=\"bookmark noopener noreferrer\">Gilles PIAZZA<\/a>\n\t\t\t<\/h4>\n\t\t\t\t\t\t<div class='uagb-post__text uagb-post-grid-byline'>\n\t\t\t\t\t\t\t<\/div>\n\t\t\t\t\t\t\t<div class='uagb-post__text uagb-post__excerpt'>\n\t\t\t\t\tDirecteur G\u00e9n\u00e9ral chez ADMR \/\/ CEO at ADMR\t\t\t\t<\/div>\n\t\t\t\n\t\t\t\t\t\t\t\t\t<\/article>\n\t\t\t\t\t\t\t\t\t\t\t\t\t\t\t\t<article class=\"uagb-post__inner-wrap\">\t\t\t\t\t\t\t\t<div class='uagb-post__image'>\n\t\t\t\t\t\t\t\t\t<a href=\"https:\/\/www.silvereco.org\/festival\/fr\/giulio-amabili\/\" target=\"_self\" rel=\"bookmark noopener noreferrer\" class='uagb-image-ratio-inherit'><img loading=\"lazy\" decoding=\"async\" width=\"150\" height=\"150\" src=\"https:\/\/www.silvereco.org\/festival\/fr\/wp-content\/medias\/2026\/08\/GIULIO-150x150.jpg\" class=\"attachment-thumbnail size-thumbnail\" alt=\"\" srcset=\"https:\/\/www.silvereco.org\/festival\/fr\/wp-content\/medias\/2026\/08\/GIULIO-150x150.jpg 150w, https:\/\/www.silvereco.org\/festival\/fr\/wp-content\/medias\/2026\/08\/GIULIO-300x300.jpg 300w, https:\/\/www.silvereco.org\/festival\/fr\/wp-content\/medias\/2026\/08\/GIULIO.jpg 400w\" sizes=\"auto, (max-width: 150px) 100vw, 150px\" \/>\t\t\t\t\t<\/a>\n\t\t\t\t\t\t\t<\/div>\n\t\t\t\t\t\t<h4 class=\"uagb-post__title uagb-post__text\">\n\t\t\t\t<a href=\"https:\/\/www.silvereco.org\/festival\/fr\/giulio-amabili\/\" target=\"_self\" rel=\"bookmark noopener noreferrer\">Giulio AMABILI<\/a>\n\t\t\t<\/h4>\n\t\t\t\t\t\t<div class='uagb-post__text uagb-post-grid-byline'>\n\t\t\t\t\t\t\t<\/div>\n\t\t\t\t\t\t\t<div class='uagb-post__text uagb-post__excerpt'>\n\t\t\t\t\tChercheur clinique \u00e0 l&#8217;IRCCS INRCAClinical  \/\/ Researcher at IRCCS INRCA\t\t\t\t<\/div>\n\t\t\t\n\t\t\t\t\t\t\t\t\t<\/article>\n\t\t\t\t\t\t\t\t\t\t\t\t\t\t\t\t<article class=\"uagb-post__inner-wrap\">\t\t\t\t\t\t\t\t<div class='uagb-post__image'>\n\t\t\t\t\t\t\t\t\t<a href=\"https:\/\/www.silvereco.org\/festival\/fr\/giusi-cordorelli\/\" target=\"_self\" rel=\"bookmark noopener noreferrer\" class='uagb-image-ratio-inherit'><img loading=\"lazy\" decoding=\"async\" width=\"150\" height=\"150\" src=\"https:\/\/www.silvereco.org\/festival\/fr\/wp-content\/medias\/2026\/07\/Giusi-CORDORELLI-150x150.jpg\" class=\"attachment-thumbnail size-thumbnail\" alt=\"\" srcset=\"https:\/\/www.silvereco.org\/festival\/fr\/wp-content\/medias\/2026\/07\/Giusi-CORDORELLI-150x150.jpg 150w, https:\/\/www.silvereco.org\/festival\/fr\/wp-content\/medias\/2026\/07\/Giusi-CORDORELLI-300x300.jpg 300w, https:\/\/www.silvereco.org\/festival\/fr\/wp-content\/medias\/2026\/07\/Giusi-CORDORELLI.jpg 346w\" sizes=\"auto, (max-width: 150px) 100vw, 150px\" \/>\t\t\t\t\t<\/a>\n\t\t\t\t\t\t\t<\/div>\n\t\t\t\t\t\t<h4 class=\"uagb-post__title uagb-post__text\">\n\t\t\t\t<a href=\"https:\/\/www.silvereco.org\/festival\/fr\/giusi-cordorelli\/\" target=\"_self\" rel=\"bookmark noopener noreferrer\">Giusi CORDORELLI<\/a>\n\t\t\t<\/h4>\n\t\t\t\t\t\t<div class='uagb-post__text uagb-post-grid-byline'>\n\t\t\t\t\t\t\t<\/div>\n\t\t\t\t\t\t\t<div class='uagb-post__text uagb-post__excerpt'>\n\t\t\t\t\tDirector of Biomedical Research and Innovation at the Italian Ministry of Health \/\/ Directrice de&#8230;\t\t\t\t<\/div>\n\t\t\t\n\t\t\t\t\t\t\t\t\t<\/article>\n\t\t\t\t\t\t\t\t\t\t\t\t\t\t\t\t<article class=\"uagb-post__inner-wrap\">\t\t\t\t\t\t\t\t<div class='uagb-post__image'>\n\t\t\t\t\t\t\t\t\t<a href=\"https:\/\/www.silvereco.org\/festival\/fr\/guido-magrin\/\" target=\"_self\" rel=\"bookmark noopener noreferrer\" class='uagb-image-ratio-inherit'><img loading=\"lazy\" decoding=\"async\" width=\"150\" height=\"150\" src=\"https:\/\/www.silvereco.org\/festival\/fr\/wp-content\/medias\/2026\/09\/guido-MAGRIN-150x150.png\" class=\"attachment-thumbnail size-thumbnail\" alt=\"\" srcset=\"https:\/\/www.silvereco.org\/festival\/fr\/wp-content\/medias\/2026\/09\/guido-MAGRIN-150x150.png 150w, https:\/\/www.silvereco.org\/festival\/fr\/wp-content\/medias\/2026\/09\/guido-MAGRIN-300x300.png 300w, https:\/\/www.silvereco.org\/festival\/fr\/wp-content\/medias\/2026\/09\/guido-MAGRIN.png 591w\" sizes=\"auto, (max-width: 150px) 100vw, 150px\" \/>\t\t\t\t\t<\/a>\n\t\t\t\t\t\t\t<\/div>\n\t\t\t\t\t\t<h4 class=\"uagb-post__title uagb-post__text\">\n\t\t\t\t<a href=\"https:\/\/www.silvereco.org\/festival\/fr\/guido-magrin\/\" target=\"_self\" rel=\"bookmark noopener noreferrer\">Guido MAGRIN<\/a>\n\t\t\t<\/h4>\n\t\t\t\t\t\t<div class='uagb-post__text uagb-post-grid-byline'>\n\t\t\t\t\t\t\t<\/div>\n\t\t\t\t\t\t\t<div class='uagb-post__text uagb-post__excerpt'>\n\t\t\t\t\tCEO &#8211; Teiacare\nCEO &#8211; Teiacare\/\/ CEO Telesure\t\t\t\t<\/div>\n\t\t\t\n\t\t\t\t\t\t\t\t\t<\/article>\n\t\t\t\t\t\t\t\t\t\t\t\t\t\t\t\t<article class=\"uagb-post__inner-wrap\">\t\t\t\t\t\t\t\t<div class='uagb-post__image'>\n\t\t\t\t\t\t\t\t\t<a href=\"https:\/\/www.silvereco.org\/festival\/fr\/membre-du-jury-expert-2025-15\/\" target=\"_self\" rel=\"bookmark noopener noreferrer\" class='uagb-image-ratio-inherit'><img loading=\"lazy\" decoding=\"async\" width=\"150\" height=\"150\" src=\"https:\/\/www.silvereco.org\/festival\/fr\/wp-content\/medias\/2024\/08\/Guy-le-Charpentier-edited-150x150.jpg\" class=\"attachment-thumbnail size-thumbnail\" alt=\"\" srcset=\"https:\/\/www.silvereco.org\/festival\/fr\/wp-content\/medias\/2024\/08\/Guy-le-Charpentier-edited-150x150.jpg 150w, https:\/\/www.silvereco.org\/festival\/fr\/wp-content\/medias\/2024\/08\/Guy-le-Charpentier-edited-300x300.jpg 300w, https:\/\/www.silvereco.org\/festival\/fr\/wp-content\/medias\/2024\/08\/Guy-le-Charpentier-edited.jpg 469w\" sizes=\"auto, (max-width: 150px) 100vw, 150px\" \/>\t\t\t\t\t<\/a>\n\t\t\t\t\t\t\t<\/div>\n\t\t\t\t\t\t<h4 class=\"uagb-post__title uagb-post__text\">\n\t\t\t\t<a href=\"https:\/\/www.silvereco.org\/festival\/fr\/membre-du-jury-expert-2025-15\/\" target=\"_self\" rel=\"bookmark noopener noreferrer\">Guy LE CHARPENTIER<\/a>\n\t\t\t<\/h4>\n\t\t\t\t\t\t<div class='uagb-post__text uagb-post-grid-byline'>\n\t\t\t\t\t\t\t<\/div>\n\t\t\t\t\t\t\t<div class='uagb-post__text uagb-post__excerpt'>\n\t\t\t\t\tDirecteur associ\u00e9 de l&#8217;entreprise solidaire d&#8217;utilit\u00e9 sociale ReSant\u00e9-Vous \/\/ Associate Director of ReSant\u00e9-Vous, a social&#8230;\t\t\t\t<\/div>\n\t\t\t\n\t\t\t\t\t\t\t\t\t<\/article>\n\t\t\t\t\t\t\t\t\t\t\t\t\t\t\t\t<article class=\"uagb-post__inner-wrap\">\t\t\t\t\t\t\t\t<div class='uagb-post__image'>\n\t\t\t\t\t\t\t\t\t<a href=\"https:\/\/www.silvereco.org\/festival\/fr\/helene-jaffrelot\/\" target=\"_self\" rel=\"bookmark noopener noreferrer\" class='uagb-image-ratio-inherit'><img loading=\"lazy\" decoding=\"async\" width=\"150\" height=\"150\" src=\"https:\/\/www.silvereco.org\/festival\/fr\/wp-content\/medias\/2025\/12\/HELENE-150x150.jpeg\" class=\"attachment-thumbnail size-thumbnail\" alt=\"\" srcset=\"https:\/\/www.silvereco.org\/festival\/fr\/wp-content\/medias\/2025\/12\/HELENE-150x150.jpeg 150w, https:\/\/www.silvereco.org\/festival\/fr\/wp-content\/medias\/2025\/12\/HELENE-300x300.jpeg 300w, https:\/\/www.silvereco.org\/festival\/fr\/wp-content\/medias\/2025\/12\/HELENE.jpeg 557w\" sizes=\"auto, (max-width: 150px) 100vw, 150px\" \/>\t\t\t\t\t<\/a>\n\t\t\t\t\t\t\t<\/div>\n\t\t\t\t\t\t<h4 class=\"uagb-post__title uagb-post__text\">\n\t\t\t\t<a href=\"https:\/\/www.silvereco.org\/festival\/fr\/helene-jaffrelot\/\" target=\"_self\" rel=\"bookmark noopener noreferrer\">H\u00e9l\u00e8ne JAFFRELOT<\/a>\n\t\t\t<\/h4>\n\t\t\t\t\t\t<div class='uagb-post__text uagb-post-grid-byline'>\n\t\t\t\t\t\t\t<\/div>\n\t\t\t\t\t\t\t<div class='uagb-post__text uagb-post__excerpt'>\n\t\t\t\t\tCRO &#8211; Sonaid\t\t\t\t<\/div>\n\t\t\t\n\t\t\t\t\t\t\t\t\t<\/article>\n\t\t\t\t\t\t\t\t\t\t\t\t\t\t\t\t<article class=\"uagb-post__inner-wrap\">\t\t\t\t\t\t\t\t<div class='uagb-post__image'>\n\t\t\t\t\t\t\t\t\t<a href=\"https:\/\/www.silvereco.org\/festival\/fr\/henri-borie\/\" target=\"_self\" rel=\"bookmark noopener noreferrer\" class='uagb-image-ratio-inherit'><img loading=\"lazy\" decoding=\"async\" width=\"150\" height=\"150\" src=\"https:\/\/www.silvereco.org\/festival\/fr\/wp-content\/medias\/2025\/10\/Henri-BORIE-150x150.png\" class=\"attachment-thumbnail size-thumbnail\" alt=\"\" srcset=\"https:\/\/www.silvereco.org\/festival\/fr\/wp-content\/medias\/2025\/10\/Henri-BORIE-150x150.png 150w, https:\/\/www.silvereco.org\/festival\/fr\/wp-content\/medias\/2025\/10\/Henri-BORIE-300x300.png 300w, https:\/\/www.silvereco.org\/festival\/fr\/wp-content\/medias\/2025\/10\/Henri-BORIE-1024x1024.png 1024w, https:\/\/www.silvereco.org\/festival\/fr\/wp-content\/medias\/2025\/10\/Henri-BORIE-768x768.png 768w, https:\/\/www.silvereco.org\/festival\/fr\/wp-content\/medias\/2025\/10\/Henri-BORIE-1536x1536.png 1536w, https:\/\/www.silvereco.org\/festival\/fr\/wp-content\/medias\/2025\/10\/Henri-BORIE.png 1848w\" sizes=\"auto, (max-width: 150px) 100vw, 150px\" \/>\t\t\t\t\t<\/a>\n\t\t\t\t\t\t\t<\/div>\n\t\t\t\t\t\t<h4 class=\"uagb-post__title uagb-post__text\">\n\t\t\t\t<a href=\"https:\/\/www.silvereco.org\/festival\/fr\/henri-borie\/\" target=\"_self\" rel=\"bookmark noopener noreferrer\">Henri BORIE<\/a>\n\t\t\t<\/h4>\n\t\t\t\t\t\t<div class='uagb-post__text uagb-post-grid-byline'>\n\t\t\t\t\t\t\t<\/div>\n\t\t\t\t\t\t\t<div class='uagb-post__text uagb-post__excerpt'>\n\t\t\t\t\tResponsable Marketing &amp; Digitalisation ASSYSTEL \/\/ Marketing and Digitalization Manager at ASSYSTEL\t\t\t\t<\/div>\n\t\t\t\n\t\t\t\t\t\t\t\t\t<\/article>\n\t\t\t\t\t\t\t\t\t\t\t\t\t\t\t\t<article class=\"uagb-post__inner-wrap\">\t\t\t\t\t\t\t\t<div class='uagb-post__image'>\n\t\t\t\t\t\t\t\t\t<a href=\"https:\/\/www.silvereco.org\/festival\/fr\/membre-du-jury-expert-2025-48-2-23-2-5\/\" target=\"_self\" rel=\"bookmark noopener noreferrer\" class='uagb-image-ratio-inherit'><img loading=\"lazy\" decoding=\"async\" width=\"150\" height=\"150\" src=\"https:\/\/www.silvereco.org\/festival\/fr\/wp-content\/medias\/2026\/08\/hugo-jenny-150x150.jpg\" class=\"attachment-thumbnail size-thumbnail\" alt=\"\" srcset=\"https:\/\/www.silvereco.org\/festival\/fr\/wp-content\/medias\/2026\/08\/hugo-jenny-150x150.jpg 150w, https:\/\/www.silvereco.org\/festival\/fr\/wp-content\/medias\/2026\/08\/hugo-jenny.jpg 264w\" sizes=\"auto, (max-width: 150px) 100vw, 150px\" \/>\t\t\t\t\t<\/a>\n\t\t\t\t\t\t\t<\/div>\n\t\t\t\t\t\t<h4 class=\"uagb-post__title uagb-post__text\">\n\t\t\t\t<a href=\"https:\/\/www.silvereco.org\/festival\/fr\/membre-du-jury-expert-2025-48-2-23-2-5\/\" target=\"_self\" rel=\"bookmark noopener noreferrer\">Hugo JENNY<\/a>\n\t\t\t<\/h4>\n\t\t\t\t\t\t<div class='uagb-post__text uagb-post-grid-byline'>\n\t\t\t\t\t\t\t<\/div>\n\t\t\t\t\t\t\t<div class='uagb-post__text uagb-post__excerpt'>\n\t\t\t\t\tCo-fondateur et Directeur G\u00e9n\u00e9ral Mirabelle \/\/ Co-founder and CEO Mirabelle\t\t\t\t<\/div>\n\t\t\t\n\t\t\t\t\t\t\t\t\t<\/article>\n\t\t\t\t\t\t\t\t\t\t\t\t\t\t\t\t<article class=\"uagb-post__inner-wrap\">\t\t\t\t\t\t\t\t<div class='uagb-post__image'>\n\t\t\t\t\t\t\t\t\t<a href=\"https:\/\/www.silvereco.org\/festival\/fr\/membre-du-jury-expert-2025-7\/\" target=\"_self\" rel=\"bookmark noopener noreferrer\" class='uagb-image-ratio-inherit'><img loading=\"lazy\" decoding=\"async\" width=\"150\" height=\"150\" src=\"https:\/\/www.silvereco.org\/festival\/fr\/wp-content\/medias\/2023\/09\/Isabelle-DUFOUR-edited-150x150.jpg\" class=\"attachment-thumbnail size-thumbnail\" alt=\"\" srcset=\"https:\/\/www.silvereco.org\/festival\/fr\/wp-content\/medias\/2023\/09\/Isabelle-DUFOUR-edited-150x150.jpg 150w, https:\/\/www.silvereco.org\/festival\/fr\/wp-content\/medias\/2023\/09\/Isabelle-DUFOUR-edited-300x300.jpg 300w, https:\/\/www.silvereco.org\/festival\/fr\/wp-content\/medias\/2023\/09\/Isabelle-DUFOUR-edited.jpg 496w\" sizes=\"auto, (max-width: 150px) 100vw, 150px\" \/>\t\t\t\t\t<\/a>\n\t\t\t\t\t\t\t<\/div>\n\t\t\t\t\t\t<h4 class=\"uagb-post__title uagb-post__text\">\n\t\t\t\t<a href=\"https:\/\/www.silvereco.org\/festival\/fr\/membre-du-jury-expert-2025-7\/\" target=\"_self\" rel=\"bookmark noopener noreferrer\">Isabelle DUFOUR<\/a>\n\t\t\t<\/h4>\n\t\t\t\t\t\t<div class='uagb-post__text uagb-post-grid-byline'>\n\t\t\t\t\t\t\t<\/div>\n\t\t\t\t\t\t\t<div class='uagb-post__text uagb-post__excerpt'>\n\t\t\t\t\tD\u00e9l\u00e9gu\u00e9e G\u00e9n\u00e9rale chez G\u00e9rond\u2019if \/\/ General Delegate at G\u00e9rond\u2019if\t\t\t\t<\/div>\n\t\t\t\n\t\t\t\t\t\t\t\t\t<\/article>\n\t\t\t\t\t\t\t\t\t\t\t\t\t\t\t\t<article class=\"uagb-post__inner-wrap\">\t\t\t\t\t\t\t\t<div class='uagb-post__image'>\n\t\t\t\t\t\t\t\t\t<a href=\"https:\/\/www.silvereco.org\/festival\/fr\/membre-du-jury-expert-2025-48-2-23-2\/\" target=\"_self\" rel=\"bookmark noopener noreferrer\" class='uagb-image-ratio-inherit'><img loading=\"lazy\" decoding=\"async\" width=\"150\" height=\"150\" src=\"https:\/\/www.silvereco.org\/festival\/fr\/wp-content\/medias\/2026\/08\/ismael-ouanes-150x150.png\" class=\"attachment-thumbnail size-thumbnail\" alt=\"\" srcset=\"https:\/\/www.silvereco.org\/festival\/fr\/wp-content\/medias\/2026\/08\/ismael-ouanes-150x150.png 150w, https:\/\/www.silvereco.org\/festival\/fr\/wp-content\/medias\/2026\/08\/ismael-ouanes-300x300.png 300w, https:\/\/www.silvereco.org\/festival\/fr\/wp-content\/medias\/2026\/08\/ismael-ouanes.png 420w\" sizes=\"auto, (max-width: 150px) 100vw, 150px\" \/>\t\t\t\t\t<\/a>\n\t\t\t\t\t\t\t<\/div>\n\t\t\t\t\t\t<h4 class=\"uagb-post__title uagb-post__text\">\n\t\t\t\t<a href=\"https:\/\/www.silvereco.org\/festival\/fr\/membre-du-jury-expert-2025-48-2-23-2\/\" target=\"_self\" rel=\"bookmark noopener noreferrer\">Isma\u00ebl OUANES<\/a>\n\t\t\t<\/h4>\n\t\t\t\t\t\t<div class='uagb-post__text uagb-post-grid-byline'>\n\t\t\t\t\t\t\t<\/div>\n\t\t\t\t\t\t\t<div class='uagb-post__text uagb-post__excerpt'>\n\t\t\t\t\tDirecteur Territorial &#8220;Innovation &#8211; Incubation &#8211; Economie Sociale et Solidaire&#8221; chez Groupe Caisse des D\u00e9p\u00f4ts&#8230;\t\t\t\t<\/div>\n\t\t\t\n\t\t\t\t\t\t\t\t\t<\/article>\n\t\t\t\t\t\t\t\t\t\t\t\t\t\t\t\t<article class=\"uagb-post__inner-wrap\">\t\t\t\t\t\t\t\t<div class='uagb-post__image'>\n\t\t\t\t\t\t\t\t\t<a href=\"https:\/\/www.silvereco.org\/festival\/fr\/membre-du-jury-expert-2025-12\/\" target=\"_self\" rel=\"bookmark noopener noreferrer\" class='uagb-image-ratio-inherit'><img loading=\"lazy\" decoding=\"async\" width=\"150\" height=\"150\" src=\"https:\/\/www.silvereco.org\/festival\/fr\/wp-content\/medias\/2023\/09\/Jean-Jacques-TEMPRADO.jpg\" class=\"attachment-thumbnail size-thumbnail\" alt=\"\" \/>\t\t\t\t\t<\/a>\n\t\t\t\t\t\t\t<\/div>\n\t\t\t\t\t\t<h4 class=\"uagb-post__title uagb-post__text\">\n\t\t\t\t<a href=\"https:\/\/www.silvereco.org\/festival\/fr\/membre-du-jury-expert-2025-12\/\" target=\"_self\" rel=\"bookmark noopener noreferrer\">Jean-Jacques TEMPRADO<\/a>\n\t\t\t<\/h4>\n\t\t\t\t\t\t<div class='uagb-post__text uagb-post-grid-byline'>\n\t\t\t\t\t\t\t<\/div>\n\t\t\t\t\t\t\t<div class='uagb-post__text uagb-post__excerpt'>\n\t\t\t\t\tProfesseur \u00e0 Aix-Marseille Universit\u00e9, Institut des Sciences du Mouvement \/\/ Professor at Aix-Marseille University, Institute&#8230;\t\t\t\t<\/div>\n\t\t\t\n\t\t\t\t\t\t\t\t\t<\/article>\n\t\t\t\t\t\t\t\t\t\t\t\t\t\t\t\t<article class=\"uagb-post__inner-wrap\">\t\t\t\t\t\t\t\t<div class='uagb-post__image'>\n\t\t\t\t\t\t\t\t\t<a href=\"https:\/\/www.silvereco.org\/festival\/fr\/jean-luc-michoud\/\" target=\"_self\" rel=\"bookmark noopener noreferrer\" class='uagb-image-ratio-inherit'><img loading=\"lazy\" decoding=\"async\" width=\"150\" height=\"150\" src=\"https:\/\/www.silvereco.org\/festival\/fr\/wp-content\/medias\/2026\/08\/jean-luc-michoud-150x150.png\" class=\"attachment-thumbnail size-thumbnail\" alt=\"\" srcset=\"https:\/\/www.silvereco.org\/festival\/fr\/wp-content\/medias\/2026\/08\/jean-luc-michoud-150x150.png 150w, https:\/\/www.silvereco.org\/festival\/fr\/wp-content\/medias\/2026\/08\/jean-luc-michoud.png 182w\" sizes=\"auto, (max-width: 150px) 100vw, 150px\" \/>\t\t\t\t\t<\/a>\n\t\t\t\t\t\t\t<\/div>\n\t\t\t\t\t\t<h4 class=\"uagb-post__title uagb-post__text\">\n\t\t\t\t<a href=\"https:\/\/www.silvereco.org\/festival\/fr\/jean-luc-michoud\/\" target=\"_self\" rel=\"bookmark noopener noreferrer\">Jean-Luc MICHOUD<\/a>\n\t\t\t<\/h4>\n\t\t\t\t\t\t<div class='uagb-post__text uagb-post-grid-byline'>\n\t\t\t\t\t\t\t<\/div>\n\t\t\t\t\t\t\t<div class='uagb-post__text uagb-post__excerpt'>\n\t\t\t\t\tCEO Healthcarewireless Inc \/\/ Directeur G\u00e9n\u00e9ral Healthcarewireless Inc\t\t\t\t<\/div>\n\t\t\t\n\t\t\t\t\t\t\t\t\t<\/article>\n\t\t\t\t\t\t\t\t\t\t\t\t\t\t\t\t<article class=\"uagb-post__inner-wrap\">\t\t\t\t\t\t\t\t<div class='uagb-post__image'>\n\t\t\t\t\t\t\t\t\t<a href=\"https:\/\/www.silvereco.org\/festival\/fr\/membre-du-jury-expert-2025-29\/\" target=\"_self\" rel=\"bookmark noopener noreferrer\" class='uagb-image-ratio-inherit'><img loading=\"lazy\" decoding=\"async\" width=\"150\" height=\"150\" src=\"https:\/\/www.silvereco.org\/festival\/fr\/wp-content\/medias\/2023\/09\/Jean-Manuel-KUPIEC-150x150.jpg\" class=\"attachment-thumbnail size-thumbnail\" alt=\"\" srcset=\"https:\/\/www.silvereco.org\/festival\/fr\/wp-content\/medias\/2023\/09\/Jean-Manuel-KUPIEC-150x150.jpg 150w, https:\/\/www.silvereco.org\/festival\/fr\/wp-content\/medias\/2023\/09\/Jean-Manuel-KUPIEC-300x300.jpg 300w, https:\/\/www.silvereco.org\/festival\/fr\/wp-content\/medias\/2023\/09\/Jean-Manuel-KUPIEC-1024x1024.jpg 1024w, https:\/\/www.silvereco.org\/festival\/fr\/wp-content\/medias\/2023\/09\/Jean-Manuel-KUPIEC-768x768.jpg 768w, https:\/\/www.silvereco.org\/festival\/fr\/wp-content\/medias\/2023\/09\/Jean-Manuel-KUPIEC-1536x1536.jpg 1536w, https:\/\/www.silvereco.org\/festival\/fr\/wp-content\/medias\/2023\/09\/Jean-Manuel-KUPIEC-2048x2048.jpg 2048w\" sizes=\"auto, (max-width: 150px) 100vw, 150px\" \/>\t\t\t\t\t<\/a>\n\t\t\t\t\t\t\t<\/div>\n\t\t\t\t\t\t<h4 class=\"uagb-post__title uagb-post__text\">\n\t\t\t\t<a href=\"https:\/\/www.silvereco.org\/festival\/fr\/membre-du-jury-expert-2025-29\/\" target=\"_self\" rel=\"bookmark noopener noreferrer\">Jean-Manuel KUPIEC<\/a>\n\t\t\t<\/h4>\n\t\t\t\t\t\t<div class='uagb-post__text uagb-post-grid-byline'>\n\t\t\t\t\t\t\t<\/div>\n\t\t\t\t\t\t\t<div class='uagb-post__text uagb-post__excerpt'>\n\t\t\t\t\tConseiller de la Direction g\u00e9n\u00e9rale de l&#8217;OCIRP \/\/ Senior Advisor at OCIRP\t\t\t\t<\/div>\n\t\t\t\n\t\t\t\t\t\t\t\t\t<\/article>\n\t\t\t\t\t\t\t\t\t\t\t\t\t\t\t\t<article class=\"uagb-post__inner-wrap\">\t\t\t\t\t\t\t\t<div class='uagb-post__image'>\n\t\t\t\t\t\t\t\t\t<a href=\"https:\/\/www.silvereco.org\/festival\/fr\/membre-du-jury-expert-2025-48-2-50\/\" target=\"_self\" rel=\"bookmark noopener noreferrer\" class='uagb-image-ratio-inherit'><img loading=\"lazy\" decoding=\"async\" width=\"150\" height=\"150\" src=\"https:\/\/www.silvereco.org\/festival\/fr\/wp-content\/medias\/2025\/12\/Jerome-LEGALLOIS-150x150.jpg\" class=\"attachment-thumbnail size-thumbnail\" alt=\"\" srcset=\"https:\/\/www.silvereco.org\/festival\/fr\/wp-content\/medias\/2025\/12\/Jerome-LEGALLOIS-150x150.jpg 150w, https:\/\/www.silvereco.org\/festival\/fr\/wp-content\/medias\/2025\/12\/Jerome-LEGALLOIS-300x300.jpg 300w, https:\/\/www.silvereco.org\/festival\/fr\/wp-content\/medias\/2025\/12\/Jerome-LEGALLOIS-768x768.jpg 768w, https:\/\/www.silvereco.org\/festival\/fr\/wp-content\/medias\/2025\/12\/Jerome-LEGALLOIS.jpg 800w\" sizes=\"auto, (max-width: 150px) 100vw, 150px\" \/>\t\t\t\t\t<\/a>\n\t\t\t\t\t\t\t<\/div>\n\t\t\t\t\t\t<h4 class=\"uagb-post__title uagb-post__text\">\n\t\t\t\t<a href=\"https:\/\/www.silvereco.org\/festival\/fr\/membre-du-jury-expert-2025-48-2-50\/\" target=\"_self\" rel=\"bookmark noopener noreferrer\">J\u00e9r\u00f4me LEGALLOIS<\/a>\n\t\t\t<\/h4>\n\t\t\t\t\t\t<div class='uagb-post__text uagb-post-grid-byline'>\n\t\t\t\t\t\t\t<\/div>\n\t\t\t\t\t\t\t<div class='uagb-post__text uagb-post__excerpt'>\n\t\t\t\t\tCharg\u00e9e de mission \u2013 R\u00e9gion Sud \/\/ Project Manager &#8211; R\u00e9gion Sud\t\t\t\t<\/div>\n\t\t\t\n\t\t\t\t\t\t\t\t\t<\/article>\n\t\t\t\t\t\t\t\t\t\t\t\t\t\t\t\t<article class=\"uagb-post__inner-wrap\">\t\t\t\t\t\t\t\t<div class='uagb-post__image'>\n\t\t\t\t\t\t\t\t\t<a href=\"https:\/\/www.silvereco.org\/festival\/fr\/membre-du-jury-expert-2025-48-2-23-2-14-2\/\" target=\"_self\" rel=\"bookmark noopener noreferrer\" class='uagb-image-ratio-inherit'><img loading=\"lazy\" decoding=\"async\" width=\"150\" height=\"150\" src=\"https:\/\/www.silvereco.org\/festival\/fr\/wp-content\/medias\/2026\/08\/jp-150x150.jpg\" class=\"attachment-thumbnail size-thumbnail\" alt=\"\" srcset=\"https:\/\/www.silvereco.org\/festival\/fr\/wp-content\/medias\/2026\/08\/jp-150x150.jpg 150w, https:\/\/www.silvereco.org\/festival\/fr\/wp-content\/medias\/2026\/08\/jp.jpg 300w\" sizes=\"auto, (max-width: 150px) 100vw, 150px\" \/>\t\t\t\t\t<\/a>\n\t\t\t\t\t\t\t<\/div>\n\t\t\t\t\t\t<h4 class=\"uagb-post__title uagb-post__text\">\n\t\t\t\t<a href=\"https:\/\/www.silvereco.org\/festival\/fr\/membre-du-jury-expert-2025-48-2-23-2-14-2\/\" target=\"_self\" rel=\"bookmark noopener noreferrer\">Jerome PIGNIEZ<\/a>\n\t\t\t<\/h4>\n\t\t\t\t\t\t<div class='uagb-post__text uagb-post-grid-byline'>\n\t\t\t\t\t\t\t<\/div>\n\t\t\t\t\t\t\t<div class='uagb-post__text uagb-post__excerpt'>\n\t\t\t\t\tPr\u00e9sident SilverEco.org \/ On-Medio et Fondateur des Troph\u00e9es SilverEco SilverNight \/\/ President of SilverEco.org \/&#8230;\t\t\t\t<\/div>\n\t\t\t\n\t\t\t\t\t\t\t\t\t<\/article>\n\t\t\t\t\t\t\t\t\t\t\t\t\t\t\t\t<article class=\"uagb-post__inner-wrap\">\t\t\t\t\t\t\t\t<div class='uagb-post__image'>\n\t\t\t\t\t\t\t\t\t<a href=\"https:\/\/www.silvereco.org\/festival\/fr\/jiri-horecky\/\" target=\"_self\" rel=\"bookmark noopener noreferrer\" class='uagb-image-ratio-inherit'><img loading=\"lazy\" decoding=\"async\" width=\"150\" height=\"150\" src=\"https:\/\/www.silvereco.org\/festival\/fr\/wp-content\/medias\/2025\/11\/Horecky-150x150.png\" class=\"attachment-thumbnail size-thumbnail\" alt=\"\" srcset=\"https:\/\/www.silvereco.org\/festival\/fr\/wp-content\/medias\/2025\/11\/Horecky-150x150.png 150w, https:\/\/www.silvereco.org\/festival\/fr\/wp-content\/medias\/2025\/11\/Horecky-300x300.png 300w, https:\/\/www.silvereco.org\/festival\/fr\/wp-content\/medias\/2025\/11\/Horecky.png 654w\" sizes=\"auto, (max-width: 150px) 100vw, 150px\" \/>\t\t\t\t\t<\/a>\n\t\t\t\t\t\t\t<\/div>\n\t\t\t\t\t\t<h4 class=\"uagb-post__title uagb-post__text\">\n\t\t\t\t<a href=\"https:\/\/www.silvereco.org\/festival\/fr\/jiri-horecky\/\" target=\"_self\" rel=\"bookmark noopener noreferrer\">Ji\u0159\u00ed HORECK\u00dd<\/a>\n\t\t\t<\/h4>\n\t\t\t\t\t\t<div class='uagb-post__text uagb-post-grid-byline'>\n\t\t\t\t\t\t\t<\/div>\n\t\t\t\t\t\t\t<div class='uagb-post__text uagb-post__excerpt'>\n\t\t\t\t\tPresident &#8211; European Ageing Network (EAN)\t\t\t\t<\/div>\n\t\t\t\n\t\t\t\t\t\t\t\t\t<\/article>\n\t\t\t\t\t\t\t\t\t\t\t\t\t\t\t\t<article class=\"uagb-post__inner-wrap\">\t\t\t\t\t\t\t\t<div class='uagb-post__image'>\n\t\t\t\t\t\t\t\t\t<a href=\"https:\/\/www.silvereco.org\/festival\/fr\/julia-halilovic\/\" target=\"_self\" rel=\"bookmark noopener noreferrer\" class='uagb-image-ratio-inherit'><img loading=\"lazy\" decoding=\"async\" width=\"150\" height=\"150\" src=\"https:\/\/www.silvereco.org\/festival\/fr\/wp-content\/medias\/2026\/08\/JULIA-HALILOVIC-150x150.png\" class=\"attachment-thumbnail size-thumbnail\" alt=\"\" srcset=\"https:\/\/www.silvereco.org\/festival\/fr\/wp-content\/medias\/2026\/08\/JULIA-HALILOVIC-150x150.png 150w, https:\/\/www.silvereco.org\/festival\/fr\/wp-content\/medias\/2026\/08\/JULIA-HALILOVIC-300x300.png 300w, https:\/\/www.silvereco.org\/festival\/fr\/wp-content\/medias\/2026\/08\/JULIA-HALILOVIC-768x768.png 768w, https:\/\/www.silvereco.org\/festival\/fr\/wp-content\/medias\/2026\/08\/JULIA-HALILOVIC-1024x1024.png 1024w, https:\/\/www.silvereco.org\/festival\/fr\/wp-content\/medias\/2026\/08\/JULIA-HALILOVIC-1536x1536.png 1536w, https:\/\/www.silvereco.org\/festival\/fr\/wp-content\/medias\/2026\/08\/JULIA-HALILOVIC.png 1631w\" sizes=\"auto, (max-width: 150px) 100vw, 150px\" \/>\t\t\t\t\t<\/a>\n\t\t\t\t\t\t\t<\/div>\n\t\t\t\t\t\t<h4 class=\"uagb-post__title uagb-post__text\">\n\t\t\t\t<a href=\"https:\/\/www.silvereco.org\/festival\/fr\/julia-halilovic\/\" target=\"_self\" rel=\"bookmark noopener noreferrer\">Julia HALILOVIC<\/a>\n\t\t\t<\/h4>\n\t\t\t\t\t\t<div class='uagb-post__text uagb-post-grid-byline'>\n\t\t\t\t\t\t\t<\/div>\n\t\t\t\t\t\t\t<div class='uagb-post__text uagb-post__excerpt'>\n\t\t\t\t\tCommercial Sales Lead at Voize \/\/ Responsable commerciale chez Voize\t\t\t\t<\/div>\n\t\t\t\n\t\t\t\t\t\t\t\t\t<\/article>\n\t\t\t\t\t\t\t\t\t\t\t\t\t\t\t\t<article class=\"uagb-post__inner-wrap\">\t\t\t\t\t\t\t\t<div class='uagb-post__image'>\n\t\t\t\t\t\t\t\t\t<a href=\"https:\/\/www.silvereco.org\/festival\/fr\/membre-du-jury-expert-2025-48-2-23-2-11\/\" target=\"_self\" rel=\"bookmark noopener noreferrer\" class='uagb-image-ratio-inherit'><img loading=\"lazy\" decoding=\"async\" width=\"150\" height=\"150\" src=\"https:\/\/www.silvereco.org\/festival\/fr\/wp-content\/medias\/2026\/08\/Karine-WENGER-150x150.jpg\" class=\"attachment-thumbnail size-thumbnail\" alt=\"\" srcset=\"https:\/\/www.silvereco.org\/festival\/fr\/wp-content\/medias\/2026\/08\/Karine-WENGER-150x150.jpg 150w, https:\/\/www.silvereco.org\/festival\/fr\/wp-content\/medias\/2026\/08\/Karine-WENGER-300x300.jpg 300w, https:\/\/www.silvereco.org\/festival\/fr\/wp-content\/medias\/2026\/08\/Karine-WENGER.jpg 400w\" sizes=\"auto, (max-width: 150px) 100vw, 150px\" \/>\t\t\t\t\t<\/a>\n\t\t\t\t\t\t\t<\/div>\n\t\t\t\t\t\t<h4 class=\"uagb-post__title uagb-post__text\">\n\t\t\t\t<a href=\"https:\/\/www.silvereco.org\/festival\/fr\/membre-du-jury-expert-2025-48-2-23-2-11\/\" target=\"_self\" rel=\"bookmark noopener noreferrer\">Karine WENGER<\/a>\n\t\t\t<\/h4>\n\t\t\t\t\t\t<div class='uagb-post__text uagb-post-grid-byline'>\n\t\t\t\t\t\t\t<\/div>\n\t\t\t\t\t\t\t<div class='uagb-post__text uagb-post__excerpt'>\n\t\t\t\t\tCheffe du service \u00e9conomique de Nice Matin \/\/ Head of the Economics Department at Nice&#8230;\t\t\t\t<\/div>\n\t\t\t\n\t\t\t\t\t\t\t\t\t<\/article>\n\t\t\t\t\t\t\t\t\t\t\t<\/div>\n\t\t\t\n\n\n<p class=\"wp-block-paragraph\"><\/p>\n\n\n\n\t\t\t<div class=\"wp-block-uagb-post-grid uagb-post-grid  uagb-post__image-position-top uagb-post__image-enabled uagb-block-a54b7520     uagb-post__items uagb-post__columns-7 is-grid uagb-post__columns-tablet-4 uagb-post__columns-mobile-2 uagb-post__equal-height\" data-total=\"1\" style=\"\">\n\n\t\t\t\t\t\t\t\t\t\t\t\t<article class=\"uagb-post__inner-wrap\">\t\t\t\t\t\t\t\t<div class='uagb-post__image'>\n\t\t\t\t\t\t\t\t\t<a href=\"https:\/\/www.silvereco.org\/festival\/fr\/jean-michel-miniconi\/\" target=\"_self\" rel=\"bookmark noopener noreferrer\" class='uagb-image-ratio-inherit'><img loading=\"lazy\" decoding=\"async\" width=\"150\" height=\"150\" src=\"https:\/\/www.silvereco.org\/festival\/fr\/wp-content\/medias\/2026\/08\/jean-michel-miniconi-150x150.jpg\" class=\"attachment-thumbnail size-thumbnail\" alt=\"\" srcset=\"https:\/\/www.silvereco.org\/festival\/fr\/wp-content\/medias\/2026\/08\/jean-michel-miniconi-150x150.jpg 150w, https:\/\/www.silvereco.org\/festival\/fr\/wp-content\/medias\/2026\/08\/jean-michel-miniconi-300x300.jpg 300w, https:\/\/www.silvereco.org\/festival\/fr\/wp-content\/medias\/2026\/08\/jean-michel-miniconi.jpg 468w\" sizes=\"auto, (max-width: 150px) 100vw, 150px\" \/>\t\t\t\t\t<\/a>\n\t\t\t\t\t\t\t<\/div>\n\t\t\t\t\t\t<h4 class=\"uagb-post__title uagb-post__text\">\n\t\t\t\t<a href=\"https:\/\/www.silvereco.org\/festival\/fr\/jean-michel-miniconi\/\" target=\"_self\" rel=\"bookmark noopener noreferrer\">Jean-Michel MINICONI<\/a>\n\t\t\t<\/h4>\n\t\t\t\t\t\t<div class='uagb-post__text uagb-post-grid-byline'>\n\t\t\t\t\t\t\t<\/div>\n\t\t\t\t\t\t\t<div class='uagb-post__text uagb-post__excerpt'>\n\t\t\t\t\tDirecteur G\u00e9n\u00e9ral &#8211; G\u00e9rontop\u00f4le di Corsica \/\/ Executive Director &#8211; G\u00e9rontop\u00f4le di Corsica\t\t\t\t<\/div>\n\t\t\t\n\t\t\t\t\t\t\t\t\t<\/article>\n\t\t\t\t\t\t\t\t\t\t\t\t\t\t\t\t<article class=\"uagb-post__inner-wrap\">\t\t\t\t\t\t\t\t<div class='uagb-post__image'>\n\t\t\t\t\t\t\t\t\t<a href=\"https:\/\/www.silvereco.org\/festival\/fr\/laurent-duviols\/\" target=\"_self\" rel=\"bookmark noopener noreferrer\" class='uagb-image-ratio-inherit'><img loading=\"lazy\" decoding=\"async\" width=\"150\" height=\"150\" src=\"https:\/\/www.silvereco.org\/festival\/fr\/wp-content\/medias\/2026\/08\/LAURENT-DUVIOLS-150x150.png\" class=\"attachment-thumbnail size-thumbnail\" alt=\"\" srcset=\"https:\/\/www.silvereco.org\/festival\/fr\/wp-content\/medias\/2026\/08\/LAURENT-DUVIOLS-150x150.png 150w, https:\/\/www.silvereco.org\/festival\/fr\/wp-content\/medias\/2026\/08\/LAURENT-DUVIOLS-300x300.png 300w, https:\/\/www.silvereco.org\/festival\/fr\/wp-content\/medias\/2026\/08\/LAURENT-DUVIOLS.png 500w\" sizes=\"auto, (max-width: 150px) 100vw, 150px\" \/>\t\t\t\t\t<\/a>\n\t\t\t\t\t\t\t<\/div>\n\t\t\t\t\t\t<h4 class=\"uagb-post__title uagb-post__text\">\n\t\t\t\t<a href=\"https:\/\/www.silvereco.org\/festival\/fr\/laurent-duviols\/\" target=\"_self\" rel=\"bookmark noopener noreferrer\">Laurent DUVIOLS<\/a>\n\t\t\t<\/h4>\n\t\t\t\t\t\t<div class='uagb-post__text uagb-post-grid-byline'>\n\t\t\t\t\t\t\t<\/div>\n\t\t\t\t\t\t\t<div class='uagb-post__text uagb-post__excerpt'>\n\t\t\t\t\tResponsable du LAB OCIRP Autonomie \/\/ Head of the OCIRP Autonomie LAB\t\t\t\t<\/div>\n\t\t\t\n\t\t\t\t\t\t\t\t\t<\/article>\n\t\t\t\t\t\t\t\t\t\t\t\t\t\t\t\t<article class=\"uagb-post__inner-wrap\">\t\t\t\t\t\t\t\t<div class='uagb-post__image'>\n\t\t\t\t\t\t\t\t\t<a href=\"https:\/\/www.silvereco.org\/festival\/fr\/marie-therese-nemrod-bonnal\/\" target=\"_self\" rel=\"bookmark noopener noreferrer\" class='uagb-image-ratio-inherit'><img loading=\"lazy\" decoding=\"async\" width=\"150\" height=\"150\" src=\"https:\/\/www.silvereco.org\/festival\/fr\/wp-content\/medias\/2026\/08\/inconnu-150x150.jpg\" class=\"attachment-thumbnail size-thumbnail\" alt=\"\" \/>\t\t\t\t\t<\/a>\n\t\t\t\t\t\t\t<\/div>\n\t\t\t\t\t\t<h4 class=\"uagb-post__title uagb-post__text\">\n\t\t\t\t<a href=\"https:\/\/www.silvereco.org\/festival\/fr\/marie-therese-nemrod-bonnal\/\" target=\"_self\" rel=\"bookmark noopener noreferrer\">Marie-Th\u00e9r\u00e8se NEMROD-BONNAL<\/a>\n\t\t\t<\/h4>\n\t\t\t\t\t\t<div class='uagb-post__text uagb-post-grid-byline'>\n\t\t\t\t\t\t\t<\/div>\n\t\t\t\t\t\t\t<div class='uagb-post__text uagb-post__excerpt'>\n\t\t\t\t\tPr\u00e9sidente F\u00e9d\u00e9ration ADMR Vaucluse 1er adjointe Mairie de Cheval Blanc \/\/ President of the ADMR&#8230;\t\t\t\t<\/div>\n\t\t\t\n\t\t\t\t\t\t\t\t\t<\/article>\n\t\t\t\t\t\t\t\t\t\t\t\t\t\t\t\t<article class=\"uagb-post__inner-wrap\">\t\t\t\t\t\t\t\t<div class='uagb-post__image'>\n\t\t\t\t\t\t\t\t\t<a href=\"https:\/\/www.silvereco.org\/festival\/fr\/membre-du-jury-expert-2025-48-2-51-2\/\" target=\"_self\" rel=\"bookmark noopener noreferrer\" class='uagb-image-ratio-inherit'><img loading=\"lazy\" decoding=\"async\" width=\"150\" height=\"150\" src=\"https:\/\/www.silvereco.org\/festival\/fr\/wp-content\/medias\/2025\/12\/fantasma-150x150.png\" class=\"attachment-thumbnail size-thumbnail\" alt=\"\" srcset=\"https:\/\/www.silvereco.org\/festival\/fr\/wp-content\/medias\/2025\/12\/fantasma-150x150.png 150w, https:\/\/www.silvereco.org\/festival\/fr\/wp-content\/medias\/2025\/12\/fantasma.png 225w\" sizes=\"auto, (max-width: 150px) 100vw, 150px\" \/>\t\t\t\t\t<\/a>\n\t\t\t\t\t\t\t<\/div>\n\t\t\t\t\t\t<h4 class=\"uagb-post__title uagb-post__text\">\n\t\t\t\t<a href=\"https:\/\/www.silvereco.org\/festival\/fr\/membre-du-jury-expert-2025-48-2-51-2\/\" target=\"_self\" rel=\"bookmark noopener noreferrer\">Marion CHABERT<\/a>\n\t\t\t<\/h4>\n\t\t\t\t\t\t<div class='uagb-post__text uagb-post-grid-byline'>\n\t\t\t\t\t\t\t<\/div>\n\t\t\t\t\t\t\t<div class='uagb-post__text uagb-post__excerpt'>\n\t\t\t\t\tCharg\u00e9e de mission \u2013 R\u00e9gion Sud \/\/ Project Manager &#8211; R\u00e9gion Sud\t\t\t\t<\/div>\n\t\t\t\n\t\t\t\t\t\t\t\t\t<\/article>\n\t\t\t\t\t\t\t\t\t\t\t\t\t\t\t\t<article class=\"uagb-post__inner-wrap\">\t\t\t\t\t\t\t\t<div class='uagb-post__image'>\n\t\t\t\t\t\t\t\t\t<a href=\"https:\/\/www.silvereco.org\/festival\/fr\/mathieu-corradini\/\" target=\"_self\" rel=\"bookmark noopener noreferrer\" class='uagb-image-ratio-inherit'><img loading=\"lazy\" decoding=\"async\" width=\"150\" height=\"150\" src=\"https:\/\/www.silvereco.org\/festival\/fr\/wp-content\/medias\/2026\/07\/mathieu-corradini-150x150.png\" class=\"attachment-thumbnail size-thumbnail\" alt=\"\" srcset=\"https:\/\/www.silvereco.org\/festival\/fr\/wp-content\/medias\/2026\/07\/mathieu-corradini-150x150.png 150w, https:\/\/www.silvereco.org\/festival\/fr\/wp-content\/medias\/2026\/07\/mathieu-corradini-300x300.png 300w, https:\/\/www.silvereco.org\/festival\/fr\/wp-content\/medias\/2026\/07\/mathieu-corradini-768x768.png 768w, https:\/\/www.silvereco.org\/festival\/fr\/wp-content\/medias\/2026\/07\/mathieu-corradini.png 835w\" sizes=\"auto, (max-width: 150px) 100vw, 150px\" \/>\t\t\t\t\t<\/a>\n\t\t\t\t\t\t\t<\/div>\n\t\t\t\t\t\t<h4 class=\"uagb-post__title uagb-post__text\">\n\t\t\t\t<a href=\"https:\/\/www.silvereco.org\/festival\/fr\/mathieu-corradini\/\" target=\"_self\" rel=\"bookmark noopener noreferrer\">Mathieu CORRADINI<\/a>\n\t\t\t<\/h4>\n\t\t\t\t\t\t<div class='uagb-post__text uagb-post-grid-byline'>\n\t\t\t\t\t\t\t<\/div>\n\t\t\t\t\t\t\t<div class='uagb-post__text uagb-post__excerpt'>\n\t\t\t\t\tDirecteur D\u00e9veloppement International NOVIAcare \/\/ International Development Director NOVIAcare\t\t\t\t<\/div>\n\t\t\t\n\t\t\t\t\t\t\t\t\t<\/article>\n\t\t\t\t\t\t\t\t\t\t\t\t\t\t\t\t<article class=\"uagb-post__inner-wrap\">\t\t\t\t\t\t\t\t<div class='uagb-post__image'>\n\t\t\t\t\t\t\t\t\t<a href=\"https:\/\/www.silvereco.org\/festival\/fr\/membre-du-jury-expert-2025-48-2-23-2-14\/\" target=\"_self\" rel=\"bookmark noopener noreferrer\" class='uagb-image-ratio-inherit'><img loading=\"lazy\" decoding=\"async\" width=\"150\" height=\"150\" src=\"https:\/\/www.silvereco.org\/festival\/fr\/wp-content\/medias\/2026\/08\/MATHIEU-BONNARY-150x150.jpg\" class=\"attachment-thumbnail size-thumbnail\" alt=\"\" srcset=\"https:\/\/www.silvereco.org\/festival\/fr\/wp-content\/medias\/2026\/08\/MATHIEU-BONNARY-150x150.jpg 150w, https:\/\/www.silvereco.org\/festival\/fr\/wp-content\/medias\/2026\/08\/MATHIEU-BONNARY-300x300.jpg 300w, https:\/\/www.silvereco.org\/festival\/fr\/wp-content\/medias\/2026\/08\/MATHIEU-BONNARY.jpg 334w\" sizes=\"auto, (max-width: 150px) 100vw, 150px\" \/>\t\t\t\t\t<\/a>\n\t\t\t\t\t\t\t<\/div>\n\t\t\t\t\t\t<h4 class=\"uagb-post__title uagb-post__text\">\n\t\t\t\t<a href=\"https:\/\/www.silvereco.org\/festival\/fr\/membre-du-jury-expert-2025-48-2-23-2-14\/\" target=\"_self\" rel=\"bookmark noopener noreferrer\">Matthieu BONNARY<\/a>\n\t\t\t<\/h4>\n\t\t\t\t\t\t<div class='uagb-post__text uagb-post-grid-byline'>\n\t\t\t\t\t\t\t<\/div>\n\t\t\t\t\t\t\t<div class='uagb-post__text uagb-post__excerpt'>\n\t\t\t\t\tResponsable senior chez EY France \/\/ Senior Manager EY France\t\t\t\t<\/div>\n\t\t\t\n\t\t\t\t\t\t\t\t\t<\/article>\n\t\t\t\t\t\t\t\t\t\t\t\t\t\t\t\t<article class=\"uagb-post__inner-wrap\">\t\t\t\t\t\t\t\t<div class='uagb-post__image'>\n\t\t\t\t\t\t\t\t\t<a href=\"https:\/\/www.silvereco.org\/festival\/fr\/membre-du-jury-expert-2025-48-2-27\/\" target=\"_self\" rel=\"bookmark noopener noreferrer\" class='uagb-image-ratio-inherit'><img loading=\"lazy\" decoding=\"async\" width=\"150\" height=\"150\" src=\"https:\/\/www.silvereco.org\/festival\/fr\/wp-content\/medias\/2025\/12\/maxine-potter-150x150.jpg\" class=\"attachment-thumbnail size-thumbnail\" alt=\"\" srcset=\"https:\/\/www.silvereco.org\/festival\/fr\/wp-content\/medias\/2025\/12\/maxine-potter-150x150.jpg 150w, https:\/\/www.silvereco.org\/festival\/fr\/wp-content\/medias\/2025\/12\/maxine-potter-300x300.jpg 300w, https:\/\/www.silvereco.org\/festival\/fr\/wp-content\/medias\/2025\/12\/maxine-potter.jpg 747w\" sizes=\"auto, (max-width: 150px) 100vw, 150px\" \/>\t\t\t\t\t<\/a>\n\t\t\t\t\t\t\t<\/div>\n\t\t\t\t\t\t<h4 class=\"uagb-post__title uagb-post__text\">\n\t\t\t\t<a href=\"https:\/\/www.silvereco.org\/festival\/fr\/membre-du-jury-expert-2025-48-2-27\/\" target=\"_self\" rel=\"bookmark noopener noreferrer\">Maxine Potter<\/a>\n\t\t\t<\/h4>\n\t\t\t\t\t\t<div class='uagb-post__text uagb-post-grid-byline'>\n\t\t\t\t\t\t\t<\/div>\n\t\t\t\t\t\t\t<div class='uagb-post__text uagb-post__excerpt'>\n\t\t\t\t\tManaging Director UK &#8211; Careium \/\/ Directrice g\u00e9n\u00e9rale Royaume-Uni &#8211; Careium\t\t\t\t<\/div>\n\t\t\t\n\t\t\t\t\t\t\t\t\t<\/article>\n\t\t\t\t\t\t\t\t\t\t\t\t\t\t\t\t<article class=\"uagb-post__inner-wrap\">\t\t\t\t\t\t\t\t<div class='uagb-post__image'>\n\t\t\t\t\t\t\t\t\t<a href=\"https:\/\/www.silvereco.org\/festival\/fr\/membre-du-jury-expert-2025-3\/\" target=\"_self\" rel=\"bookmark noopener noreferrer\" class='uagb-image-ratio-inherit'><img loading=\"lazy\" decoding=\"async\" width=\"150\" height=\"150\" src=\"https:\/\/www.silvereco.org\/festival\/fr\/wp-content\/medias\/2023\/08\/Mickaelle-OVARBURY-edited-150x150.jpg\" class=\"attachment-thumbnail size-thumbnail\" alt=\"\" srcset=\"https:\/\/www.silvereco.org\/festival\/fr\/wp-content\/medias\/2023\/08\/Mickaelle-OVARBURY-edited-150x150.jpg 150w, https:\/\/www.silvereco.org\/festival\/fr\/wp-content\/medias\/2023\/08\/Mickaelle-OVARBURY-edited-300x300.jpg 300w, https:\/\/www.silvereco.org\/festival\/fr\/wp-content\/medias\/2023\/08\/Mickaelle-OVARBURY-edited.jpg 709w\" sizes=\"auto, (max-width: 150px) 100vw, 150px\" \/>\t\t\t\t\t<\/a>\n\t\t\t\t\t\t\t<\/div>\n\t\t\t\t\t\t<h4 class=\"uagb-post__title uagb-post__text\">\n\t\t\t\t<a href=\"https:\/\/www.silvereco.org\/festival\/fr\/membre-du-jury-expert-2025-3\/\" target=\"_self\" rel=\"bookmark noopener noreferrer\">Mickaelle OVARBURY<\/a>\n\t\t\t<\/h4>\n\t\t\t\t\t\t<div class='uagb-post__text uagb-post-grid-byline'>\n\t\t\t\t\t\t\t<\/div>\n\t\t\t\t\t\t\t<div class='uagb-post__text uagb-post__excerpt'>\n\t\t\t\t\tDirectrice G\u00e9n\u00e9rale \u2013 Association Les Ailes des Anges \/\/ Managing Director of Les Ailes des&#8230;\t\t\t\t<\/div>\n\t\t\t\n\t\t\t\t\t\t\t\t\t<\/article>\n\t\t\t\t\t\t\t\t\t\t\t\t\t\t\t\t<article class=\"uagb-post__inner-wrap\">\t\t\t\t\t\t\t\t<div class='uagb-post__image'>\n\t\t\t\t\t\t\t\t\t<a href=\"https:\/\/www.silvereco.org\/festival\/fr\/montserrat-barcelo-riera\/\" target=\"_self\" rel=\"bookmark noopener noreferrer\" class='uagb-image-ratio-inherit'><img loading=\"lazy\" decoding=\"async\" width=\"150\" height=\"150\" src=\"https:\/\/www.silvereco.org\/festival\/fr\/wp-content\/medias\/2025\/11\/Montserrat-BARCELO-RIERA-150x150.png\" class=\"attachment-thumbnail size-thumbnail\" alt=\"\" srcset=\"https:\/\/www.silvereco.org\/festival\/fr\/wp-content\/medias\/2025\/11\/Montserrat-BARCELO-RIERA-150x150.png 150w, https:\/\/www.silvereco.org\/festival\/fr\/wp-content\/medias\/2025\/11\/Montserrat-BARCELO-RIERA-300x300.png 300w, https:\/\/www.silvereco.org\/festival\/fr\/wp-content\/medias\/2025\/11\/Montserrat-BARCELO-RIERA-768x768.png 768w, https:\/\/www.silvereco.org\/festival\/fr\/wp-content\/medias\/2025\/11\/Montserrat-BARCELO-RIERA.png 808w\" sizes=\"auto, (max-width: 150px) 100vw, 150px\" \/>\t\t\t\t\t<\/a>\n\t\t\t\t\t\t\t<\/div>\n\t\t\t\t\t\t<h4 class=\"uagb-post__title uagb-post__text\">\n\t\t\t\t<a href=\"https:\/\/www.silvereco.org\/festival\/fr\/montserrat-barcelo-riera\/\" target=\"_self\" rel=\"bookmark noopener noreferrer\">Montserrat BARCELO RIERA<\/a>\n\t\t\t<\/h4>\n\t\t\t\t\t\t<div class='uagb-post__text uagb-post-grid-byline'>\n\t\t\t\t\t\t\t<\/div>\n\t\t\t\t\t\t\t<div class='uagb-post__text uagb-post__excerpt'>\n\t\t\t\t\tGrowth Strategy Advisor IKI Health&amp;QMENTA \/\/ Conseill\u00e8re en strat\u00e9gie de croissance chez IKI Health&amp;QMENTA\t\t\t\t<\/div>\n\t\t\t\n\t\t\t\t\t\t\t\t\t<\/article>\n\t\t\t\t\t\t\t\t\t\t\t\t\t\t\t\t<article class=\"uagb-post__inner-wrap\">\t\t\t\t\t\t\t\t<div class='uagb-post__image'>\n\t\t\t\t\t\t\t\t\t<a href=\"https:\/\/www.silvereco.org\/festival\/fr\/membre-du-jury-expert-2025-48-2-23-2-2\/\" target=\"_self\" rel=\"bookmark noopener noreferrer\" class='uagb-image-ratio-inherit'><img loading=\"lazy\" decoding=\"async\" width=\"150\" height=\"150\" src=\"https:\/\/www.silvereco.org\/festival\/fr\/wp-content\/medias\/2026\/08\/muriel-150x150.jpg\" class=\"attachment-thumbnail size-thumbnail\" alt=\"\" srcset=\"https:\/\/www.silvereco.org\/festival\/fr\/wp-content\/medias\/2026\/08\/muriel-150x150.jpg 150w, https:\/\/www.silvereco.org\/festival\/fr\/wp-content\/medias\/2026\/08\/muriel-300x300.jpg 300w, https:\/\/www.silvereco.org\/festival\/fr\/wp-content\/medias\/2026\/08\/muriel.jpg 400w\" sizes=\"auto, (max-width: 150px) 100vw, 150px\" \/>\t\t\t\t\t<\/a>\n\t\t\t\t\t\t\t<\/div>\n\t\t\t\t\t\t<h4 class=\"uagb-post__title uagb-post__text\">\n\t\t\t\t<a href=\"https:\/\/www.silvereco.org\/festival\/fr\/membre-du-jury-expert-2025-48-2-23-2-2\/\" target=\"_self\" rel=\"bookmark noopener noreferrer\">Muriel SALOMON<\/a>\n\t\t\t<\/h4>\n\t\t\t\t\t\t<div class='uagb-post__text uagb-post-grid-byline'>\n\t\t\t\t\t\t\t<\/div>\n\t\t\t\t\t\t\t<div class='uagb-post__text uagb-post__excerpt'>\n\t\t\t\t\tDirectrice g\u00e9n\u00e9rale EHPAD Henri Bourgeois, OMASS \/\/ Executive Director, Henri Bourgeois Nursing Home, OMASS\t\t\t\t<\/div>\n\t\t\t\n\t\t\t\t\t\t\t\t\t<\/article>\n\t\t\t\t\t\t\t\t\t\t\t\t\t\t\t\t<article class=\"uagb-post__inner-wrap\">\t\t\t\t\t\t\t\t<div class='uagb-post__image'>\n\t\t\t\t\t\t\t\t\t<a href=\"https:\/\/www.silvereco.org\/festival\/fr\/membre-du-jury-expert-2025-48-2-78\/\" target=\"_self\" rel=\"bookmark noopener noreferrer\" class='uagb-image-ratio-inherit'><img loading=\"lazy\" decoding=\"async\" width=\"150\" height=\"150\" src=\"https:\/\/www.silvereco.org\/festival\/fr\/wp-content\/medias\/2025\/12\/Myrtille-DUBOIS-DENGHIEN-150x150.jpg\" class=\"attachment-thumbnail size-thumbnail\" alt=\"\" srcset=\"https:\/\/www.silvereco.org\/festival\/fr\/wp-content\/medias\/2025\/12\/Myrtille-DUBOIS-DENGHIEN-150x150.jpg 150w, https:\/\/www.silvereco.org\/festival\/fr\/wp-content\/medias\/2025\/12\/Myrtille-DUBOIS-DENGHIEN-300x300.jpg 300w, https:\/\/www.silvereco.org\/festival\/fr\/wp-content\/medias\/2025\/12\/Myrtille-DUBOIS-DENGHIEN-768x768.jpg 768w, https:\/\/www.silvereco.org\/festival\/fr\/wp-content\/medias\/2025\/12\/Myrtille-DUBOIS-DENGHIEN.jpg 800w\" sizes=\"auto, (max-width: 150px) 100vw, 150px\" \/>\t\t\t\t\t<\/a>\n\t\t\t\t\t\t\t<\/div>\n\t\t\t\t\t\t<h4 class=\"uagb-post__title uagb-post__text\">\n\t\t\t\t<a href=\"https:\/\/www.silvereco.org\/festival\/fr\/membre-du-jury-expert-2025-48-2-78\/\" target=\"_self\" rel=\"bookmark noopener noreferrer\">Myrtille DUBOIS-D\u2019ENGHIEN<\/a>\n\t\t\t<\/h4>\n\t\t\t\t\t\t<div class='uagb-post__text uagb-post-grid-byline'>\n\t\t\t\t\t\t\t<\/div>\n\t\t\t\t\t\t\t<div class='uagb-post__text uagb-post__excerpt'>\n\t\t\t\t\tResponsable du d\u00e9veloppement et partenariats &#8211; G\u00e9rontop\u00f4le Nouvelle-Aquitaine \/\/ Head of Development and Partnerships -&#8230;\t\t\t\t<\/div>\n\t\t\t\n\t\t\t\t\t\t\t\t\t<\/article>\n\t\t\t\t\t\t\t\t\t\t\t\t\t\t\t\t<article class=\"uagb-post__inner-wrap\">\t\t\t\t\t\t\t\t<div class='uagb-post__image'>\n\t\t\t\t\t\t\t\t\t<a href=\"https:\/\/www.silvereco.org\/festival\/fr\/nicolas-chiquet\/\" target=\"_self\" rel=\"bookmark noopener noreferrer\" class='uagb-image-ratio-inherit'><img loading=\"lazy\" decoding=\"async\" width=\"150\" height=\"150\" src=\"https:\/\/www.silvereco.org\/festival\/fr\/wp-content\/medias\/2026\/08\/nicolas-chiquet-150x150.png\" class=\"attachment-thumbnail size-thumbnail\" alt=\"\" srcset=\"https:\/\/www.silvereco.org\/festival\/fr\/wp-content\/medias\/2026\/08\/nicolas-chiquet-150x150.png 150w, https:\/\/www.silvereco.org\/festival\/fr\/wp-content\/medias\/2026\/08\/nicolas-chiquet-300x300.png 300w, https:\/\/www.silvereco.org\/festival\/fr\/wp-content\/medias\/2026\/08\/nicolas-chiquet.png 596w\" sizes=\"auto, (max-width: 150px) 100vw, 150px\" \/>\t\t\t\t\t<\/a>\n\t\t\t\t\t\t\t<\/div>\n\t\t\t\t\t\t<h4 class=\"uagb-post__title uagb-post__text\">\n\t\t\t\t<a href=\"https:\/\/www.silvereco.org\/festival\/fr\/nicolas-chiquet\/\" target=\"_self\" rel=\"bookmark noopener noreferrer\">Nicolas Chiquet<\/a>\n\t\t\t<\/h4>\n\t\t\t\t\t\t<div class='uagb-post__text uagb-post-grid-byline'>\n\t\t\t\t\t\t\t<\/div>\n\t\t\t\t\t\t\t<div class='uagb-post__text uagb-post__excerpt'>\n\t\t\t\t\tFondateur @ Life Plus IO \/\/ Founder @ Life Plus IO\t\t\t\t<\/div>\n\t\t\t\n\t\t\t\t\t\t\t\t\t<\/article>\n\t\t\t\t\t\t\t\t\t\t\t\t\t\t\t\t<article class=\"uagb-post__inner-wrap\">\t\t\t\t\t\t\t\t<div class='uagb-post__image'>\n\t\t\t\t\t\t\t\t\t<a href=\"https:\/\/www.silvereco.org\/festival\/fr\/nicole-will\/\" target=\"_self\" rel=\"bookmark noopener noreferrer\" class='uagb-image-ratio-inherit'><img loading=\"lazy\" decoding=\"async\" width=\"150\" height=\"150\" src=\"https:\/\/www.silvereco.org\/festival\/fr\/wp-content\/medias\/2025\/11\/Nicole-Will-150x150.png\" class=\"attachment-thumbnail size-thumbnail\" alt=\"\" srcset=\"https:\/\/www.silvereco.org\/festival\/fr\/wp-content\/medias\/2025\/11\/Nicole-Will-150x150.png 150w, https:\/\/www.silvereco.org\/festival\/fr\/wp-content\/medias\/2025\/11\/Nicole-Will-300x300.png 300w, https:\/\/www.silvereco.org\/festival\/fr\/wp-content\/medias\/2025\/11\/Nicole-Will-768x768.png 768w, https:\/\/www.silvereco.org\/festival\/fr\/wp-content\/medias\/2025\/11\/Nicole-Will.png 825w\" sizes=\"auto, (max-width: 150px) 100vw, 150px\" \/>\t\t\t\t\t<\/a>\n\t\t\t\t\t\t\t<\/div>\n\t\t\t\t\t\t<h4 class=\"uagb-post__title uagb-post__text\">\n\t\t\t\t<a href=\"https:\/\/www.silvereco.org\/festival\/fr\/nicole-will\/\" target=\"_self\" rel=\"bookmark noopener noreferrer\">Nicole WILL<\/a>\n\t\t\t<\/h4>\n\t\t\t\t\t\t<div class='uagb-post__text uagb-post-grid-byline'>\n\t\t\t\t\t\t\t<\/div>\n\t\t\t\t\t\t\t<div class='uagb-post__text uagb-post__excerpt'>\n\t\t\t\t\tFounder of willGather Head of Marketing &amp; Partnerships for Rendever \/\/ Fondatrice de willGather Responsable&#8230;\t\t\t\t<\/div>\n\t\t\t\n\t\t\t\t\t\t\t\t\t<\/article>\n\t\t\t\t\t\t\t\t\t\t\t\t\t\t\t\t<article class=\"uagb-post__inner-wrap\">\t\t\t\t\t\t\t\t<div class='uagb-post__image'>\n\t\t\t\t\t\t\t\t\t<a href=\"https:\/\/www.silvereco.org\/festival\/fr\/membre-du-jury-expert-2025-48-2-40\/\" target=\"_self\" rel=\"bookmark noopener noreferrer\" class='uagb-image-ratio-inherit'><img loading=\"lazy\" decoding=\"async\" width=\"150\" height=\"150\" src=\"https:\/\/www.silvereco.org\/festival\/fr\/wp-content\/medias\/2025\/12\/Olivier-BESSIERES-150x150.jpg\" class=\"attachment-thumbnail size-thumbnail\" alt=\"\" srcset=\"https:\/\/www.silvereco.org\/festival\/fr\/wp-content\/medias\/2025\/12\/Olivier-BESSIERES-150x150.jpg 150w, https:\/\/www.silvereco.org\/festival\/fr\/wp-content\/medias\/2025\/12\/Olivier-BESSIERES-300x300.jpg 300w, https:\/\/www.silvereco.org\/festival\/fr\/wp-content\/medias\/2025\/12\/Olivier-BESSIERES-768x768.jpg 768w, https:\/\/www.silvereco.org\/festival\/fr\/wp-content\/medias\/2025\/12\/Olivier-BESSIERES.jpg 800w\" sizes=\"auto, (max-width: 150px) 100vw, 150px\" \/>\t\t\t\t\t<\/a>\n\t\t\t\t\t\t\t<\/div>\n\t\t\t\t\t\t<h4 class=\"uagb-post__title uagb-post__text\">\n\t\t\t\t<a href=\"https:\/\/www.silvereco.org\/festival\/fr\/membre-du-jury-expert-2025-48-2-40\/\" target=\"_self\" rel=\"bookmark noopener noreferrer\">Olivier BESSIERES<\/a>\n\t\t\t<\/h4>\n\t\t\t\t\t\t<div class='uagb-post__text uagb-post-grid-byline'>\n\t\t\t\t\t\t\t<\/div>\n\t\t\t\t\t\t\t<div class='uagb-post__text uagb-post__excerpt'>\n\t\t\t\t\tDirecteur commercial &#8211; Ark\u00e9a Care \/\/ Sales Director &#8211; Ark\u00e9a Care\t\t\t\t<\/div>\n\t\t\t\n\t\t\t\t\t\t\t\t\t<\/article>\n\t\t\t\t\t\t\t\t\t\t\t\t\t\t\t\t<article class=\"uagb-post__inner-wrap\">\t\t\t\t\t\t\t\t<div class='uagb-post__image'>\n\t\t\t\t\t\t\t\t\t<a href=\"https:\/\/www.silvereco.org\/festival\/fr\/membre-du-jury-expert-2025-48-2-69\/\" target=\"_self\" rel=\"bookmark noopener noreferrer\" class='uagb-image-ratio-inherit'><img loading=\"lazy\" decoding=\"async\" width=\"150\" height=\"150\" src=\"https:\/\/www.silvereco.org\/festival\/fr\/wp-content\/medias\/2025\/12\/Olivier-CALON-150x150.jpg\" class=\"attachment-thumbnail size-thumbnail\" alt=\"\" srcset=\"https:\/\/www.silvereco.org\/festival\/fr\/wp-content\/medias\/2025\/12\/Olivier-CALON-150x150.jpg 150w, https:\/\/www.silvereco.org\/festival\/fr\/wp-content\/medias\/2025\/12\/Olivier-CALON.jpg 256w\" sizes=\"auto, (max-width: 150px) 100vw, 150px\" \/>\t\t\t\t\t<\/a>\n\t\t\t\t\t\t\t<\/div>\n\t\t\t\t\t\t<h4 class=\"uagb-post__title uagb-post__text\">\n\t\t\t\t<a href=\"https:\/\/www.silvereco.org\/festival\/fr\/membre-du-jury-expert-2025-48-2-69\/\" target=\"_self\" rel=\"bookmark noopener noreferrer\">Olivier CALON<\/a>\n\t\t\t<\/h4>\n\t\t\t\t\t\t<div class='uagb-post__text uagb-post-grid-byline'>\n\t\t\t\t\t\t\t<\/div>\n\t\t\t\t\t\t\t<div class='uagb-post__text uagb-post__excerpt'>\n\t\t\t\t\tPr\u00e9sident CORERPA \/\/ President of CORERPA\t\t\t\t<\/div>\n\t\t\t\n\t\t\t\t\t\t\t\t\t<\/article>\n\t\t\t\t\t\t\t\t\t\t\t\t\t\t\t\t<article class=\"uagb-post__inner-wrap\">\t\t\t\t\t\t\t\t<div class='uagb-post__image'>\n\t\t\t\t\t\t\t\t\t<a href=\"https:\/\/www.silvereco.org\/festival\/fr\/olivier-hanon\/\" target=\"_self\" rel=\"bookmark noopener noreferrer\" class='uagb-image-ratio-inherit'><img loading=\"lazy\" decoding=\"async\" width=\"150\" height=\"150\" src=\"https:\/\/www.silvereco.org\/festival\/fr\/wp-content\/medias\/2026\/08\/olivier-hanon-150x150.jpg\" class=\"attachment-thumbnail size-thumbnail\" alt=\"\" srcset=\"https:\/\/www.silvereco.org\/festival\/fr\/wp-content\/medias\/2026\/08\/olivier-hanon-150x150.jpg 150w, https:\/\/www.silvereco.org\/festival\/fr\/wp-content\/medias\/2026\/08\/olivier-hanon-300x300.jpg 300w, https:\/\/www.silvereco.org\/festival\/fr\/wp-content\/medias\/2026\/08\/olivier-hanon.jpg 414w\" sizes=\"auto, (max-width: 150px) 100vw, 150px\" \/>\t\t\t\t\t<\/a>\n\t\t\t\t\t\t\t<\/div>\n\t\t\t\t\t\t<h4 class=\"uagb-post__title uagb-post__text\">\n\t\t\t\t<a href=\"https:\/\/www.silvereco.org\/festival\/fr\/olivier-hanon\/\" target=\"_self\" rel=\"bookmark noopener noreferrer\">Olivier HANON<\/a>\n\t\t\t<\/h4>\n\t\t\t\t\t\t<div class='uagb-post__text uagb-post-grid-byline'>\n\t\t\t\t\t\t\t<\/div>\n\t\t\t\t\t\t\t<div class='uagb-post__text uagb-post__excerpt'>\n\t\t\t\t\tPr\u00e9sident G\u00e9rond&#8217;if \/\/ President of G\u00e9rond&#8217;if\t\t\t\t<\/div>\n\t\t\t\n\t\t\t\t\t\t\t\t\t<\/article>\n\t\t\t\t\t\t\t\t\t\t\t\t\t\t\t\t<article class=\"uagb-post__inner-wrap\">\t\t\t\t\t\t\t\t<div class='uagb-post__image'>\n\t\t\t\t\t\t\t\t\t<a href=\"https:\/\/www.silvereco.org\/festival\/fr\/membre-du-jury-expert-2025-48-2-74\/\" target=\"_self\" rel=\"bookmark noopener noreferrer\" class='uagb-image-ratio-inherit'><img loading=\"lazy\" decoding=\"async\" width=\"150\" height=\"150\" src=\"https:\/\/www.silvereco.org\/festival\/fr\/wp-content\/medias\/2025\/12\/Olivier-LEFEBVRE-150x150.png\" class=\"attachment-thumbnail size-thumbnail\" alt=\"\" srcset=\"https:\/\/www.silvereco.org\/festival\/fr\/wp-content\/medias\/2025\/12\/Olivier-LEFEBVRE-150x150.png 150w, https:\/\/www.silvereco.org\/festival\/fr\/wp-content\/medias\/2025\/12\/Olivier-LEFEBVRE-300x300.png 300w, https:\/\/www.silvereco.org\/festival\/fr\/wp-content\/medias\/2025\/12\/Olivier-LEFEBVRE-768x768.png 768w, https:\/\/www.silvereco.org\/festival\/fr\/wp-content\/medias\/2025\/12\/Olivier-LEFEBVRE.png 800w\" sizes=\"auto, (max-width: 150px) 100vw, 150px\" \/>\t\t\t\t\t<\/a>\n\t\t\t\t\t\t\t<\/div>\n\t\t\t\t\t\t<h4 class=\"uagb-post__title uagb-post__text\">\n\t\t\t\t<a href=\"https:\/\/www.silvereco.org\/festival\/fr\/membre-du-jury-expert-2025-48-2-74\/\" target=\"_self\" rel=\"bookmark noopener noreferrer\">Olivier LEFEBVRE<\/a>\n\t\t\t<\/h4>\n\t\t\t\t\t\t<div class='uagb-post__text uagb-post-grid-byline'>\n\t\t\t\t\t\t\t<\/div>\n\t\t\t\t\t\t\t<div class='uagb-post__text uagb-post__excerpt'>\n\t\t\t\t\tPr\u00e9sident de F\u00e9d\u00e9CRT \/\/ President of F\u00e9d\u00e9CRT\t\t\t\t<\/div>\n\t\t\t\n\t\t\t\t\t\t\t\t\t<\/article>\n\t\t\t\t\t\t\t\t\t\t\t\t\t\t\t\t<article class=\"uagb-post__inner-wrap\">\t\t\t\t\t\t\t\t<div class='uagb-post__image'>\n\t\t\t\t\t\t\t\t\t<a href=\"https:\/\/www.silvereco.org\/festival\/fr\/membre-du-jury-expert-2025-48-2-70\/\" target=\"_self\" rel=\"bookmark noopener noreferrer\" class='uagb-image-ratio-inherit'><img loading=\"lazy\" decoding=\"async\" width=\"150\" height=\"150\" src=\"https:\/\/www.silvereco.org\/festival\/fr\/wp-content\/medias\/2025\/12\/Olivier-RICHEFOU-150x150.jpg\" class=\"attachment-thumbnail size-thumbnail\" alt=\"\" srcset=\"https:\/\/www.silvereco.org\/festival\/fr\/wp-content\/medias\/2025\/12\/Olivier-RICHEFOU-150x150.jpg 150w, https:\/\/www.silvereco.org\/festival\/fr\/wp-content\/medias\/2025\/12\/Olivier-RICHEFOU-300x300.jpg 300w, https:\/\/www.silvereco.org\/festival\/fr\/wp-content\/medias\/2025\/12\/Olivier-RICHEFOU-768x768.jpg 768w, https:\/\/www.silvereco.org\/festival\/fr\/wp-content\/medias\/2025\/12\/Olivier-RICHEFOU.jpg 800w\" sizes=\"auto, (max-width: 150px) 100vw, 150px\" \/>\t\t\t\t\t<\/a>\n\t\t\t\t\t\t\t<\/div>\n\t\t\t\t\t\t<h4 class=\"uagb-post__title uagb-post__text\">\n\t\t\t\t<a href=\"https:\/\/www.silvereco.org\/festival\/fr\/membre-du-jury-expert-2025-48-2-70\/\" target=\"_self\" rel=\"bookmark noopener noreferrer\">Olivier RICHEFOU<\/a>\n\t\t\t<\/h4>\n\t\t\t\t\t\t<div class='uagb-post__text uagb-post-grid-byline'>\n\t\t\t\t\t\t\t<\/div>\n\t\t\t\t\t\t\t<div class='uagb-post__text uagb-post__excerpt'>\n\t\t\t\t\tPr\u00e9sident du Conseil d\u00e9partemental de la Mayenne \/\/ Chairman of the Mayenne Departmental Council\t\t\t\t<\/div>\n\t\t\t\n\t\t\t\t\t\t\t\t\t<\/article>\n\t\t\t\t\t\t\t\t\t\t\t\t\t\t\t\t<article class=\"uagb-post__inner-wrap\">\t\t\t\t\t\t\t\t<div class='uagb-post__image'>\n\t\t\t\t\t\t\t\t\t<a href=\"https:\/\/www.silvereco.org\/festival\/fr\/olivier-rit\/\" target=\"_self\" rel=\"bookmark noopener noreferrer\" class='uagb-image-ratio-inherit'><img loading=\"lazy\" decoding=\"async\" width=\"150\" height=\"150\" src=\"https:\/\/www.silvereco.org\/festival\/fr\/wp-content\/medias\/2025\/12\/olivier-rit-150x150.png\" class=\"attachment-thumbnail size-thumbnail\" alt=\"\" srcset=\"https:\/\/www.silvereco.org\/festival\/fr\/wp-content\/medias\/2025\/12\/olivier-rit-150x150.png 150w, https:\/\/www.silvereco.org\/festival\/fr\/wp-content\/medias\/2025\/12\/olivier-rit-300x300.png 300w, https:\/\/www.silvereco.org\/festival\/fr\/wp-content\/medias\/2025\/12\/olivier-rit-1024x1024.png 1024w, https:\/\/www.silvereco.org\/festival\/fr\/wp-content\/medias\/2025\/12\/olivier-rit-768x768.png 768w, https:\/\/www.silvereco.org\/festival\/fr\/wp-content\/medias\/2025\/12\/olivier-rit.png 1100w\" sizes=\"auto, (max-width: 150px) 100vw, 150px\" \/>\t\t\t\t\t<\/a>\n\t\t\t\t\t\t\t<\/div>\n\t\t\t\t\t\t<h4 class=\"uagb-post__title uagb-post__text\">\n\t\t\t\t<a href=\"https:\/\/www.silvereco.org\/festival\/fr\/olivier-rit\/\" target=\"_self\" rel=\"bookmark noopener noreferrer\">Olivier RIT<\/a>\n\t\t\t<\/h4>\n\t\t\t\t\t\t<div class='uagb-post__text uagb-post-grid-byline'>\n\t\t\t\t\t\t\t<\/div>\n\t\t\t\t\t\t\t<div class='uagb-post__text uagb-post__excerpt'>\n\t\t\t\t\tResponsable D\u00e9veloppement &#8211; AND-SC2S \/\/ Development Manager &#8211; AND-SC2S \t\t\t\t<\/div>\n\t\t\t\n\t\t\t\t\t\t\t\t\t<\/article>\n\t\t\t\t\t\t\t\t\t\t\t\t\t\t\t\t<article class=\"uagb-post__inner-wrap\">\t\t\t\t\t\t\t\t<div class='uagb-post__image'>\n\t\t\t\t\t\t\t\t\t<a href=\"https:\/\/www.silvereco.org\/festival\/fr\/membre-du-jury-expert-2025-48-2-4\/\" target=\"_self\" rel=\"bookmark noopener noreferrer\" class='uagb-image-ratio-inherit'><img loading=\"lazy\" decoding=\"async\" width=\"150\" height=\"150\" src=\"https:\/\/www.silvereco.org\/festival\/fr\/wp-content\/medias\/2025\/12\/patrice-150x150.jpg\" class=\"attachment-thumbnail size-thumbnail\" alt=\"\" srcset=\"https:\/\/www.silvereco.org\/festival\/fr\/wp-content\/medias\/2025\/12\/patrice-150x150.jpg 150w, https:\/\/www.silvereco.org\/festival\/fr\/wp-content\/medias\/2025\/12\/patrice.jpg 225w\" sizes=\"auto, (max-width: 150px) 100vw, 150px\" \/>\t\t\t\t\t<\/a>\n\t\t\t\t\t\t\t<\/div>\n\t\t\t\t\t\t<h4 class=\"uagb-post__title uagb-post__text\">\n\t\t\t\t<a href=\"https:\/\/www.silvereco.org\/festival\/fr\/membre-du-jury-expert-2025-48-2-4\/\" target=\"_self\" rel=\"bookmark noopener noreferrer\">Patrice D\u2019ARFEUILLE<\/a>\n\t\t\t<\/h4>\n\t\t\t\t\t\t<div class='uagb-post__text uagb-post-grid-byline'>\n\t\t\t\t\t\t\t<\/div>\n\t\t\t\t\t\t\t<div class='uagb-post__text uagb-post__excerpt'>\n\t\t\t\t\tPDG de P\u00e9trarque \/\/ CEO of P\u00e9trarque\t\t\t\t<\/div>\n\t\t\t\n\t\t\t\t\t\t\t\t\t<\/article>\n\t\t\t\t\t\t\t\t\t\t\t\t\t\t\t\t<article class=\"uagb-post__inner-wrap\">\t\t\t\t\t\t\t\t<div class='uagb-post__image'>\n\t\t\t\t\t\t\t\t\t<a href=\"https:\/\/www.silvereco.org\/festival\/fr\/pedro-ros\/\" target=\"_self\" rel=\"bookmark noopener noreferrer\" class='uagb-image-ratio-inherit'><img loading=\"lazy\" decoding=\"async\" width=\"150\" height=\"150\" src=\"https:\/\/www.silvereco.org\/festival\/fr\/wp-content\/medias\/2025\/11\/PEDRO-ROS-1-150x150.jpg\" class=\"attachment-thumbnail size-thumbnail\" alt=\"\" srcset=\"https:\/\/www.silvereco.org\/festival\/fr\/wp-content\/medias\/2025\/11\/PEDRO-ROS-1-150x150.jpg 150w, https:\/\/www.silvereco.org\/festival\/fr\/wp-content\/medias\/2025\/11\/PEDRO-ROS-1-300x300.jpg 300w, https:\/\/www.silvereco.org\/festival\/fr\/wp-content\/medias\/2025\/11\/PEDRO-ROS-1.jpg 400w\" sizes=\"auto, (max-width: 150px) 100vw, 150px\" \/>\t\t\t\t\t<\/a>\n\t\t\t\t\t\t\t<\/div>\n\t\t\t\t\t\t<h4 class=\"uagb-post__title uagb-post__text\">\n\t\t\t\t<a href=\"https:\/\/www.silvereco.org\/festival\/fr\/pedro-ros\/\" target=\"_self\" rel=\"bookmark noopener noreferrer\">Pedro ROS<\/a>\n\t\t\t<\/h4>\n\t\t\t\t\t\t<div class='uagb-post__text uagb-post-grid-byline'>\n\t\t\t\t\t\t\t<\/div>\n\t\t\t\t\t\t\t<div class='uagb-post__text uagb-post__excerpt'>\n\t\t\t\t\tFounder Silvereconomy.com \/\/ Fondateur Silvereconomy.com\t\t\t\t<\/div>\n\t\t\t\n\t\t\t\t\t\t\t\t\t<\/article>\n\t\t\t\t\t\t\t\t\t\t\t\t\t\t\t\t<article class=\"uagb-post__inner-wrap\">\t\t\t\t\t\t\t\t<div class='uagb-post__image'>\n\t\t\t\t\t\t\t\t\t<a href=\"https:\/\/www.silvereco.org\/festival\/fr\/membre-du-jury-expert-2025-48-2-23-2-9\/\" target=\"_self\" rel=\"bookmark noopener noreferrer\" class='uagb-image-ratio-inherit'><img loading=\"lazy\" decoding=\"async\" width=\"150\" height=\"150\" src=\"https:\/\/www.silvereco.org\/festival\/fr\/wp-content\/medias\/2026\/08\/Philippe-Dedrie-150x150.jpg\" class=\"attachment-thumbnail size-thumbnail\" alt=\"\" srcset=\"https:\/\/www.silvereco.org\/festival\/fr\/wp-content\/medias\/2026\/08\/Philippe-Dedrie-150x150.jpg 150w, https:\/\/www.silvereco.org\/festival\/fr\/wp-content\/medias\/2026\/08\/Philippe-Dedrie.jpg 200w\" sizes=\"auto, (max-width: 150px) 100vw, 150px\" \/>\t\t\t\t\t<\/a>\n\t\t\t\t\t\t\t<\/div>\n\t\t\t\t\t\t<h4 class=\"uagb-post__title uagb-post__text\">\n\t\t\t\t<a href=\"https:\/\/www.silvereco.org\/festival\/fr\/membre-du-jury-expert-2025-48-2-23-2-9\/\" target=\"_self\" rel=\"bookmark noopener noreferrer\">Philippe DEDRIE<\/a>\n\t\t\t<\/h4>\n\t\t\t\t\t\t<div class='uagb-post__text uagb-post-grid-byline'>\n\t\t\t\t\t\t\t<\/div>\n\t\t\t\t\t\t\t<div class='uagb-post__text uagb-post__excerpt'>\n\t\t\t\t\tFondateur SunWaves &amp; MedTech \/\/ Founder SunWaves &amp; MedTech\t\t\t\t<\/div>\n\t\t\t\n\t\t\t\t\t\t\t\t\t<\/article>\n\t\t\t\t\t\t\t\t\t\t\t\t\t\t\t\t<article class=\"uagb-post__inner-wrap\">\t\t\t\t\t\t\t\t<div class='uagb-post__image'>\n\t\t\t\t\t\t\t\t\t<a href=\"https:\/\/www.silvereco.org\/festival\/fr\/membre-du-jury-expert-2025-49\/\" target=\"_self\" rel=\"bookmark noopener noreferrer\" class='uagb-image-ratio-inherit'><img loading=\"lazy\" decoding=\"async\" width=\"150\" height=\"150\" src=\"https:\/\/www.silvereco.org\/festival\/fr\/wp-content\/medias\/2025\/10\/Philippe-Duchenne-150x150.jpg\" class=\"attachment-thumbnail size-thumbnail\" alt=\"\" srcset=\"https:\/\/www.silvereco.org\/festival\/fr\/wp-content\/medias\/2025\/10\/Philippe-Duchenne-150x150.jpg 150w, https:\/\/www.silvereco.org\/festival\/fr\/wp-content\/medias\/2025\/10\/Philippe-Duchenne-300x300.jpg 300w, https:\/\/www.silvereco.org\/festival\/fr\/wp-content\/medias\/2025\/10\/Philippe-Duchenne-768x768.jpg 768w, https:\/\/www.silvereco.org\/festival\/fr\/wp-content\/medias\/2025\/10\/Philippe-Duchenne.jpg 800w\" sizes=\"auto, (max-width: 150px) 100vw, 150px\" \/>\t\t\t\t\t<\/a>\n\t\t\t\t\t\t\t<\/div>\n\t\t\t\t\t\t<h4 class=\"uagb-post__title uagb-post__text\">\n\t\t\t\t<a href=\"https:\/\/www.silvereco.org\/festival\/fr\/membre-du-jury-expert-2025-49\/\" target=\"_self\" rel=\"bookmark noopener noreferrer\">Philippe DUCHENE<\/a>\n\t\t\t<\/h4>\n\t\t\t\t\t\t<div class='uagb-post__text uagb-post-grid-byline'>\n\t\t\t\t\t\t\t<\/div>\n\t\t\t\t\t\t\t<div class='uagb-post__text uagb-post__excerpt'>\n\t\t\t\t\tDirecteur marketing B2B Mobile eXperience chez Samsung Electronics France \/\/ Samsung Mobile eXperience B2B Marketing&#8230;\t\t\t\t<\/div>\n\t\t\t\n\t\t\t\t\t\t\t\t\t<\/article>\n\t\t\t\t\t\t\t\t\t\t\t\t\t\t\t\t<article class=\"uagb-post__inner-wrap\">\t\t\t\t\t\t\t\t<div class='uagb-post__image'>\n\t\t\t\t\t\t\t\t\t<a href=\"https:\/\/www.silvereco.org\/festival\/fr\/membre-du-jury-expert-2025-48-2-23-2-10\/\" target=\"_self\" rel=\"bookmark noopener noreferrer\" class='uagb-image-ratio-inherit'><img loading=\"lazy\" decoding=\"async\" width=\"150\" height=\"150\" src=\"https:\/\/www.silvereco.org\/festival\/fr\/wp-content\/medias\/2026\/08\/PIERRE-CANIVET-150x150.jpg\" class=\"attachment-thumbnail size-thumbnail\" alt=\"\" srcset=\"https:\/\/www.silvereco.org\/festival\/fr\/wp-content\/medias\/2026\/08\/PIERRE-CANIVET-150x150.jpg 150w, https:\/\/www.silvereco.org\/festival\/fr\/wp-content\/medias\/2026\/08\/PIERRE-CANIVET-300x300.jpg 300w, https:\/\/www.silvereco.org\/festival\/fr\/wp-content\/medias\/2026\/08\/PIERRE-CANIVET.jpg 400w\" sizes=\"auto, (max-width: 150px) 100vw, 150px\" \/>\t\t\t\t\t<\/a>\n\t\t\t\t\t\t\t<\/div>\n\t\t\t\t\t\t<h4 class=\"uagb-post__title uagb-post__text\">\n\t\t\t\t<a href=\"https:\/\/www.silvereco.org\/festival\/fr\/membre-du-jury-expert-2025-48-2-23-2-10\/\" target=\"_self\" rel=\"bookmark noopener noreferrer\">Pierre CANIVET<\/a>\n\t\t\t<\/h4>\n\t\t\t\t\t\t<div class='uagb-post__text uagb-post-grid-byline'>\n\t\t\t\t\t\t\t<\/div>\n\t\t\t\t\t\t\t<div class='uagb-post__text uagb-post__excerpt'>\n\t\t\t\t\tCo-fondateur \/\/ Co-founder Pass-Memo\t\t\t\t<\/div>\n\t\t\t\n\t\t\t\t\t\t\t\t\t<\/article>\n\t\t\t\t\t\t\t\t\t\t\t\t\t\t\t\t<article class=\"uagb-post__inner-wrap\">\t\t\t\t\t\t\t\t<div class='uagb-post__image'>\n\t\t\t\t\t\t\t\t\t<a href=\"https:\/\/www.silvereco.org\/festival\/fr\/membre-du-jury-expert-2025-16\/\" target=\"_self\" rel=\"bookmark noopener noreferrer\" class='uagb-image-ratio-inherit'><img loading=\"lazy\" decoding=\"async\" width=\"150\" height=\"150\" src=\"https:\/\/www.silvereco.org\/festival\/fr\/wp-content\/medias\/2024\/08\/Pierre-Olivier-Lefebvre-edited-150x150.jpg\" class=\"attachment-thumbnail size-thumbnail\" alt=\"\" srcset=\"https:\/\/www.silvereco.org\/festival\/fr\/wp-content\/medias\/2024\/08\/Pierre-Olivier-Lefebvre-edited-150x150.jpg 150w, https:\/\/www.silvereco.org\/festival\/fr\/wp-content\/medias\/2024\/08\/Pierre-Olivier-Lefebvre-edited-300x300.jpg 300w, https:\/\/www.silvereco.org\/festival\/fr\/wp-content\/medias\/2024\/08\/Pierre-Olivier-Lefebvre-edited-1024x1024.jpg 1024w, https:\/\/www.silvereco.org\/festival\/fr\/wp-content\/medias\/2024\/08\/Pierre-Olivier-Lefebvre-edited-768x768.jpg 768w, https:\/\/www.silvereco.org\/festival\/fr\/wp-content\/medias\/2024\/08\/Pierre-Olivier-Lefebvre-edited.jpg 1327w\" sizes=\"auto, (max-width: 150px) 100vw, 150px\" \/>\t\t\t\t\t<\/a>\n\t\t\t\t\t\t\t<\/div>\n\t\t\t\t\t\t<h4 class=\"uagb-post__title uagb-post__text\">\n\t\t\t\t<a href=\"https:\/\/www.silvereco.org\/festival\/fr\/membre-du-jury-expert-2025-16\/\" target=\"_self\" rel=\"bookmark noopener noreferrer\">Pierre Olivier LEFEBVRE<\/a>\n\t\t\t<\/h4>\n\t\t\t\t\t\t<div class='uagb-post__text uagb-post-grid-byline'>\n\t\t\t\t\t\t\t<\/div>\n\t\t\t\t\t\t\t<div class='uagb-post__text uagb-post__excerpt'>\n\t\t\t\t\tD\u00e9l\u00e9gu\u00e9 G\u00e9n\u00e9ral \u2013 R\u00e9seau Francophone Ville Amie des A\u00een\u00e9s \/\/ Ville Amie des A\u00een\u00e9s\nGeneral Delegate&#8230;\t\t\t\t<\/div>\n\t\t\t\n\t\t\t\t\t\t\t\t\t<\/article>\n\t\t\t\t\t\t\t\t\t\t\t\t\t\t\t\t<article class=\"uagb-post__inner-wrap\">\t\t\t\t\t\t\t\t<div class='uagb-post__image'>\n\t\t\t\t\t\t\t\t\t<a href=\"https:\/\/www.silvereco.org\/festival\/fr\/membre-du-jury-expert-2025-23\/\" target=\"_self\" rel=\"bookmark noopener noreferrer\" class='uagb-image-ratio-inherit'><img loading=\"lazy\" decoding=\"async\" width=\"150\" height=\"150\" src=\"https:\/\/www.silvereco.org\/festival\/fr\/wp-content\/medias\/2023\/08\/Pierre-Marie-CHAPON-edited-150x150.png\" class=\"attachment-thumbnail size-thumbnail\" alt=\"\" srcset=\"https:\/\/www.silvereco.org\/festival\/fr\/wp-content\/medias\/2023\/08\/Pierre-Marie-CHAPON-edited-150x150.png 150w, https:\/\/www.silvereco.org\/festival\/fr\/wp-content\/medias\/2023\/08\/Pierre-Marie-CHAPON-edited-300x300.png 300w, https:\/\/www.silvereco.org\/festival\/fr\/wp-content\/medias\/2023\/08\/Pierre-Marie-CHAPON-edited-1024x1024.png 1024w, https:\/\/www.silvereco.org\/festival\/fr\/wp-content\/medias\/2023\/08\/Pierre-Marie-CHAPON-edited-768x768.png 768w, https:\/\/www.silvereco.org\/festival\/fr\/wp-content\/medias\/2023\/08\/Pierre-Marie-CHAPON-edited.png 1414w\" sizes=\"auto, (max-width: 150px) 100vw, 150px\" \/>\t\t\t\t\t<\/a>\n\t\t\t\t\t\t\t<\/div>\n\t\t\t\t\t\t<h4 class=\"uagb-post__title uagb-post__text\">\n\t\t\t\t<a href=\"https:\/\/www.silvereco.org\/festival\/fr\/membre-du-jury-expert-2025-23\/\" target=\"_self\" rel=\"bookmark noopener noreferrer\">Pierre-Marie CHAPON<\/a>\n\t\t\t<\/h4>\n\t\t\t\t\t\t<div class='uagb-post__text uagb-post-grid-byline'>\n\t\t\t\t\t\t\t<\/div>\n\t\t\t\t\t\t\t<div class='uagb-post__text uagb-post__excerpt'>\n\t\t\t\t\tPr\u00e9sident de DOMELIA Conseil \/\/ President of DOMELIA Conseil\t\t\t\t<\/div>\n\t\t\t\n\t\t\t\t\t\t\t\t\t<\/article>\n\t\t\t\t\t\t\t\t\t\t\t\t\t\t\t\t<article class=\"uagb-post__inner-wrap\">\t\t\t\t\t\t\t\t<div class='uagb-post__image'>\n\t\t\t\t\t\t\t\t\t<a href=\"https:\/\/www.silvereco.org\/festival\/fr\/richard-bailey\/\" target=\"_self\" rel=\"bookmark noopener noreferrer\" class='uagb-image-ratio-inherit'><img loading=\"lazy\" decoding=\"async\" width=\"150\" height=\"150\" src=\"https:\/\/www.silvereco.org\/festival\/fr\/wp-content\/medias\/2026\/08\/RB-Pic-150x150.jpg\" class=\"attachment-thumbnail size-thumbnail\" alt=\"\" \/>\t\t\t\t\t<\/a>\n\t\t\t\t\t\t\t<\/div>\n\t\t\t\t\t\t<h4 class=\"uagb-post__title uagb-post__text\">\n\t\t\t\t<a href=\"https:\/\/www.silvereco.org\/festival\/fr\/richard-bailey\/\" target=\"_self\" rel=\"bookmark noopener noreferrer\">Richard BAILEY<\/a>\n\t\t\t<\/h4>\n\t\t\t\t\t\t<div class='uagb-post__text uagb-post-grid-byline'>\n\t\t\t\t\t\t\t<\/div>\n\t\t\t\t\t\t\t<div class='uagb-post__text uagb-post__excerpt'>\n\t\t\t\t\tSenior Healthcare Sales at  Mobius Networks \/\/ Responsable Commercial chez Mobius Networks\t\t\t\t<\/div>\n\t\t\t\n\t\t\t\t\t\t\t\t\t<\/article>\n\t\t\t\t\t\t\t\t\t\t\t\t\t\t\t\t<article class=\"uagb-post__inner-wrap\">\t\t\t\t\t\t\t\t<div class='uagb-post__image'>\n\t\t\t\t\t\t\t\t\t<a href=\"https:\/\/www.silvereco.org\/festival\/fr\/membre-du-jury-expert-2025-47\/\" target=\"_self\" rel=\"bookmark noopener noreferrer\" class='uagb-image-ratio-inherit'><img loading=\"lazy\" decoding=\"async\" width=\"150\" height=\"150\" src=\"https:\/\/www.silvereco.org\/festival\/fr\/wp-content\/medias\/2024\/08\/Romain-Ganneau-1-edited-150x150.jpg\" class=\"attachment-thumbnail size-thumbnail\" alt=\"\" srcset=\"https:\/\/www.silvereco.org\/festival\/fr\/wp-content\/medias\/2024\/08\/Romain-Ganneau-1-edited-150x150.jpg 150w, https:\/\/www.silvereco.org\/festival\/fr\/wp-content\/medias\/2024\/08\/Romain-Ganneau-1-edited-300x300.jpg 300w, https:\/\/www.silvereco.org\/festival\/fr\/wp-content\/medias\/2024\/08\/Romain-Ganneau-1-edited.jpg 377w\" sizes=\"auto, (max-width: 150px) 100vw, 150px\" \/>\t\t\t\t\t<\/a>\n\t\t\t\t\t\t\t<\/div>\n\t\t\t\t\t\t<h4 class=\"uagb-post__title uagb-post__text\">\n\t\t\t\t<a href=\"https:\/\/www.silvereco.org\/festival\/fr\/membre-du-jury-expert-2025-47\/\" target=\"_self\" rel=\"bookmark noopener noreferrer\">Romain GANNEAU<\/a>\n\t\t\t<\/h4>\n\t\t\t\t\t\t<div class='uagb-post__text uagb-post-grid-byline'>\n\t\t\t\t\t\t\t<\/div>\n\t\t\t\t\t\t\t<div class='uagb-post__text uagb-post__excerpt'>\n\t\t\t\t\tDirecteur G\u00e9n\u00e9ral \u2013 Silver Valley \/\/ Managing Director \u2013 Silver Valley\t\t\t\t<\/div>\n\t\t\t\n\t\t\t\t\t\t\t\t\t<\/article>\n\t\t\t\t\t\t\t\t\t\t\t\t\t\t\t\t<article class=\"uagb-post__inner-wrap\">\t\t\t\t\t\t\t\t<div class='uagb-post__image'>\n\t\t\t\t\t\t\t\t\t<a href=\"https:\/\/www.silvereco.org\/festival\/fr\/romain-jubert\/\" target=\"_self\" rel=\"bookmark noopener noreferrer\" class='uagb-image-ratio-inherit'><img loading=\"lazy\" decoding=\"async\" width=\"150\" height=\"150\" src=\"https:\/\/www.silvereco.org\/festival\/fr\/wp-content\/medias\/2026\/08\/romain-Jubert_edited-150x150.jpg\" class=\"attachment-thumbnail size-thumbnail\" alt=\"\" srcset=\"https:\/\/www.silvereco.org\/festival\/fr\/wp-content\/medias\/2026\/08\/romain-Jubert_edited-150x150.jpg 150w, https:\/\/www.silvereco.org\/festival\/fr\/wp-content\/medias\/2026\/08\/romain-Jubert_edited-299x300.jpg 299w, https:\/\/www.silvereco.org\/festival\/fr\/wp-content\/medias\/2026\/08\/romain-Jubert_edited.jpg 688w\" sizes=\"auto, (max-width: 150px) 100vw, 150px\" \/>\t\t\t\t\t<\/a>\n\t\t\t\t\t\t\t<\/div>\n\t\t\t\t\t\t<h4 class=\"uagb-post__title uagb-post__text\">\n\t\t\t\t<a href=\"https:\/\/www.silvereco.org\/festival\/fr\/romain-jubert\/\" target=\"_self\" rel=\"bookmark noopener noreferrer\">Romain JUBERT<\/a>\n\t\t\t<\/h4>\n\t\t\t\t\t\t<div class='uagb-post__text uagb-post-grid-byline'>\n\t\t\t\t\t\t\t<\/div>\n\t\t\t\t\t\t\t<div class='uagb-post__text uagb-post__excerpt'>\n\t\t\t\t\tDirecteur \u00c9ditorial de Bon &amp; Vieux \/\/ Editor-in-Chief of Bon &amp; Vieux\t\t\t\t<\/div>\n\t\t\t\n\t\t\t\t\t\t\t\t\t<\/article>\n\t\t\t\t\t\t\t\t\t\t\t\t\t\t\t\t<article class=\"uagb-post__inner-wrap\">\t\t\t\t\t\t\t\t<div class='uagb-post__image'>\n\t\t\t\t\t\t\t\t\t<a href=\"https:\/\/www.silvereco.org\/festival\/fr\/membre-du-jury-expert-2025-48-2-77\/\" target=\"_self\" rel=\"bookmark noopener noreferrer\" class='uagb-image-ratio-inherit'><img loading=\"lazy\" decoding=\"async\" width=\"150\" height=\"150\" src=\"https:\/\/www.silvereco.org\/festival\/fr\/wp-content\/medias\/2025\/12\/Roxane-LEBOEUF-150x150.jpg\" class=\"attachment-thumbnail size-thumbnail\" alt=\"\" srcset=\"https:\/\/www.silvereco.org\/festival\/fr\/wp-content\/medias\/2025\/12\/Roxane-LEBOEUF-150x150.jpg 150w, https:\/\/www.silvereco.org\/festival\/fr\/wp-content\/medias\/2025\/12\/Roxane-LEBOEUF-300x300.jpg 300w, https:\/\/www.silvereco.org\/festival\/fr\/wp-content\/medias\/2025\/12\/Roxane-LEBOEUF.jpg 558w\" sizes=\"auto, (max-width: 150px) 100vw, 150px\" \/>\t\t\t\t\t<\/a>\n\t\t\t\t\t\t\t<\/div>\n\t\t\t\t\t\t<h4 class=\"uagb-post__title uagb-post__text\">\n\t\t\t\t<a href=\"https:\/\/www.silvereco.org\/festival\/fr\/membre-du-jury-expert-2025-48-2-77\/\" target=\"_self\" rel=\"bookmark noopener noreferrer\">Roxane LEBOEUF<\/a>\n\t\t\t<\/h4>\n\t\t\t\t\t\t<div class='uagb-post__text uagb-post-grid-byline'>\n\t\t\t\t\t\t\t<\/div>\n\t\t\t\t\t\t\t<div class='uagb-post__text uagb-post__excerpt'>\n\t\t\t\t\tResponsable du G\u00e9rontop\u00f4le au Centre coll\u00e9gial d&#8217;expertise en g\u00e9rontologie (CCEG|CCTT) &#8211; C\u00e9gep de Drummondville \/\/&#8230;\t\t\t\t<\/div>\n\t\t\t\n\t\t\t\t\t\t\t\t\t<\/article>\n\t\t\t\t\t\t\t\t\t\t\t\t\t\t\t\t<article class=\"uagb-post__inner-wrap\">\t\t\t\t\t\t\t\t<div class='uagb-post__image'>\n\t\t\t\t\t\t\t\t\t<a href=\"https:\/\/www.silvereco.org\/festival\/fr\/membre-du-jury-expert-2025-48-2-51\/\" target=\"_self\" rel=\"bookmark noopener noreferrer\" class='uagb-image-ratio-inherit'><img loading=\"lazy\" decoding=\"async\" width=\"150\" height=\"150\" src=\"https:\/\/www.silvereco.org\/festival\/fr\/wp-content\/medias\/2025\/12\/Sandra-RIVOIRON-150x150.jpg\" class=\"attachment-thumbnail size-thumbnail\" alt=\"\" srcset=\"https:\/\/www.silvereco.org\/festival\/fr\/wp-content\/medias\/2025\/12\/Sandra-RIVOIRON-150x150.jpg 150w, https:\/\/www.silvereco.org\/festival\/fr\/wp-content\/medias\/2025\/12\/Sandra-RIVOIRON-300x300.jpg 300w, https:\/\/www.silvereco.org\/festival\/fr\/wp-content\/medias\/2025\/12\/Sandra-RIVOIRON.jpg 661w\" sizes=\"auto, (max-width: 150px) 100vw, 150px\" \/>\t\t\t\t\t<\/a>\n\t\t\t\t\t\t\t<\/div>\n\t\t\t\t\t\t<h4 class=\"uagb-post__title uagb-post__text\">\n\t\t\t\t<a href=\"https:\/\/www.silvereco.org\/festival\/fr\/membre-du-jury-expert-2025-48-2-51\/\" target=\"_self\" rel=\"bookmark noopener noreferrer\">Sandra RIVOIRON<\/a>\n\t\t\t<\/h4>\n\t\t\t\t\t\t<div class='uagb-post__text uagb-post-grid-byline'>\n\t\t\t\t\t\t\t<\/div>\n\t\t\t\t\t\t\t<div class='uagb-post__text uagb-post__excerpt'>\n\t\t\t\t\tCharg\u00e9e de mission \u2013 R\u00e9gion Sud \/\/ Project Manager &#8211; R\u00e9gion Sud\t\t\t\t<\/div>\n\t\t\t\n\t\t\t\t\t\t\t\t\t<\/article>\n\t\t\t\t\t\t\t\t\t\t\t\t\t\t\t\t<article class=\"uagb-post__inner-wrap\">\t\t\t\t\t\t\t\t<div class='uagb-post__image'>\n\t\t\t\t\t\t\t\t\t<a href=\"https:\/\/www.silvereco.org\/festival\/fr\/sarah-legland\/\" target=\"_self\" rel=\"bookmark noopener noreferrer\" class='uagb-image-ratio-inherit'><img loading=\"lazy\" decoding=\"async\" width=\"150\" height=\"150\" src=\"https:\/\/www.silvereco.org\/festival\/fr\/wp-content\/medias\/2025\/12\/Sarah-LEGLAND-150x150.jpg\" class=\"attachment-thumbnail size-thumbnail\" alt=\"\" srcset=\"https:\/\/www.silvereco.org\/festival\/fr\/wp-content\/medias\/2025\/12\/Sarah-LEGLAND-150x150.jpg 150w, https:\/\/www.silvereco.org\/festival\/fr\/wp-content\/medias\/2025\/12\/Sarah-LEGLAND-300x300.jpg 300w, https:\/\/www.silvereco.org\/festival\/fr\/wp-content\/medias\/2025\/12\/Sarah-LEGLAND.jpg 644w\" sizes=\"auto, (max-width: 150px) 100vw, 150px\" \/>\t\t\t\t\t<\/a>\n\t\t\t\t\t\t\t<\/div>\n\t\t\t\t\t\t<h4 class=\"uagb-post__title uagb-post__text\">\n\t\t\t\t<a href=\"https:\/\/www.silvereco.org\/festival\/fr\/sarah-legland\/\" target=\"_self\" rel=\"bookmark noopener noreferrer\">Sarah LEGLAND<\/a>\n\t\t\t<\/h4>\n\t\t\t\t\t\t<div class='uagb-post__text uagb-post-grid-byline'>\n\t\t\t\t\t\t\t<\/div>\n\t\t\t\t\t\t\t<div class='uagb-post__text uagb-post__excerpt'>\n\t\t\t\t\tDirectrice G\u00e9n\u00e9rale &#8211; G\u00e9rontop\u00f4le Centre-Val de Loire \/\/ Executive Director &#8211; G\u00e9rontop\u00f4le Centre-Val de Loire\t\t\t\t<\/div>\n\t\t\t\n\t\t\t\t\t\t\t\t\t<\/article>\n\t\t\t\t\t\t\t\t\t\t\t\t\t\t\t\t<article class=\"uagb-post__inner-wrap\">\t\t\t\t\t\t\t\t<div class='uagb-post__image'>\n\t\t\t\t\t\t\t\t\t<a href=\"https:\/\/www.silvereco.org\/festival\/fr\/membre-du-jury-expert-2025-48-2-29\/\" target=\"_self\" rel=\"bookmark noopener noreferrer\" class='uagb-image-ratio-inherit'><img loading=\"lazy\" decoding=\"async\" width=\"150\" height=\"150\" src=\"https:\/\/www.silvereco.org\/festival\/fr\/wp-content\/medias\/2025\/12\/SEBASTIEN-MARTIN-150x150.jpg\" class=\"attachment-thumbnail size-thumbnail\" alt=\"\" srcset=\"https:\/\/www.silvereco.org\/festival\/fr\/wp-content\/medias\/2025\/12\/SEBASTIEN-MARTIN-150x150.jpg 150w, https:\/\/www.silvereco.org\/festival\/fr\/wp-content\/medias\/2025\/12\/SEBASTIEN-MARTIN-300x300.jpg 300w, https:\/\/www.silvereco.org\/festival\/fr\/wp-content\/medias\/2025\/12\/SEBASTIEN-MARTIN-768x768.jpg 768w, https:\/\/www.silvereco.org\/festival\/fr\/wp-content\/medias\/2025\/12\/SEBASTIEN-MARTIN.jpg 800w\" sizes=\"auto, (max-width: 150px) 100vw, 150px\" \/>\t\t\t\t\t<\/a>\n\t\t\t\t\t\t\t<\/div>\n\t\t\t\t\t\t<h4 class=\"uagb-post__title uagb-post__text\">\n\t\t\t\t<a href=\"https:\/\/www.silvereco.org\/festival\/fr\/membre-du-jury-expert-2025-48-2-29\/\" target=\"_self\" rel=\"bookmark noopener noreferrer\">Sebastien MARTIN<\/a>\n\t\t\t<\/h4>\n\t\t\t\t\t\t<div class='uagb-post__text uagb-post-grid-byline'>\n\t\t\t\t\t\t\t<\/div>\n\t\t\t\t\t\t\t<div class='uagb-post__text uagb-post__excerpt'>\n\t\t\t\t\tDirecteur &#8211; Maison D\u00e9partementale de l\u2019Autonomie D\u00e9partement des Alpes-Maritimes \/\/ Director &#8211; Departmental House for&#8230;\t\t\t\t<\/div>\n\t\t\t\n\t\t\t\t\t\t\t\t\t<\/article>\n\t\t\t\t\t\t\t\t\t\t\t\t\t\t\t\t<article class=\"uagb-post__inner-wrap\">\t\t\t\t\t\t\t\t<div class='uagb-post__image'>\n\t\t\t\t\t\t\t\t\t<a href=\"https:\/\/www.silvereco.org\/festival\/fr\/membre-du-jury-expert-2025-32\/\" target=\"_self\" rel=\"bookmark noopener noreferrer\" class='uagb-image-ratio-inherit'><img loading=\"lazy\" decoding=\"async\" width=\"150\" height=\"150\" src=\"https:\/\/www.silvereco.org\/festival\/fr\/wp-content\/medias\/2025\/10\/Solene-DORIER-150x150.png\" class=\"attachment-thumbnail size-thumbnail\" alt=\"\" srcset=\"https:\/\/www.silvereco.org\/festival\/fr\/wp-content\/medias\/2025\/10\/Solene-DORIER-150x150.png 150w, https:\/\/www.silvereco.org\/festival\/fr\/wp-content\/medias\/2025\/10\/Solene-DORIER-300x300.png 300w, https:\/\/www.silvereco.org\/festival\/fr\/wp-content\/medias\/2025\/10\/Solene-DORIER.png 350w\" sizes=\"auto, (max-width: 150px) 100vw, 150px\" \/>\t\t\t\t\t<\/a>\n\t\t\t\t\t\t\t<\/div>\n\t\t\t\t\t\t<h4 class=\"uagb-post__title uagb-post__text\">\n\t\t\t\t<a href=\"https:\/\/www.silvereco.org\/festival\/fr\/membre-du-jury-expert-2025-32\/\" target=\"_self\" rel=\"bookmark noopener noreferrer\">Sol\u00e8ne DORIER<\/a>\n\t\t\t<\/h4>\n\t\t\t\t\t\t<div class='uagb-post__text uagb-post-grid-byline'>\n\t\t\t\t\t\t\t<\/div>\n\t\t\t\t\t\t\t<div class='uagb-post__text uagb-post__excerpt'>\n\t\t\t\t\tCheffe de projets G\u00e9rontop\u00f4le Auvergne Rh\u00f4ne-Alpes \/\/ Project Manager, G\u00e9rontop\u00f4le Auvergne Rh\u00f4ne-Alpes\t\t\t\t<\/div>\n\t\t\t\n\t\t\t\t\t\t\t\t\t<\/article>\n\t\t\t\t\t\t\t\t\t\t\t\t\t\t\t\t<article class=\"uagb-post__inner-wrap\">\t\t\t\t\t\t\t\t<div class='uagb-post__image'>\n\t\t\t\t\t\t\t\t\t<a href=\"https:\/\/www.silvereco.org\/festival\/fr\/membre-du-jury-expert-2025-36\/\" target=\"_self\" rel=\"bookmark noopener noreferrer\" class='uagb-image-ratio-inherit'><img loading=\"lazy\" decoding=\"async\" width=\"150\" height=\"150\" src=\"https:\/\/www.silvereco.org\/festival\/fr\/wp-content\/medias\/2025\/10\/stephane-trabuchet-150x150.jpg\" class=\"attachment-thumbnail size-thumbnail\" alt=\"\" srcset=\"https:\/\/www.silvereco.org\/festival\/fr\/wp-content\/medias\/2025\/10\/stephane-trabuchet-150x150.jpg 150w, https:\/\/www.silvereco.org\/festival\/fr\/wp-content\/medias\/2025\/10\/stephane-trabuchet-300x300.jpg 300w, https:\/\/www.silvereco.org\/festival\/fr\/wp-content\/medias\/2025\/10\/stephane-trabuchet-768x768.jpg 768w, https:\/\/www.silvereco.org\/festival\/fr\/wp-content\/medias\/2025\/10\/stephane-trabuchet.jpg 927w\" sizes=\"auto, (max-width: 150px) 100vw, 150px\" \/>\t\t\t\t\t<\/a>\n\t\t\t\t\t\t\t<\/div>\n\t\t\t\t\t\t<h4 class=\"uagb-post__title uagb-post__text\">\n\t\t\t\t<a href=\"https:\/\/www.silvereco.org\/festival\/fr\/membre-du-jury-expert-2025-36\/\" target=\"_self\" rel=\"bookmark noopener noreferrer\">St\u00e9phane TRABUCHET<\/a>\n\t\t\t<\/h4>\n\t\t\t\t\t\t<div class='uagb-post__text uagb-post-grid-byline'>\n\t\t\t\t\t\t\t<\/div>\n\t\t\t\t\t\t\t<div class='uagb-post__text uagb-post__excerpt'>\n\t\t\t\t\tDirecteur commercial t\u00e9l\u00e9assistance &#8211; ATTENTIVE \/\/ Telecare Sales Director &#8211; ATTENTIVE\t\t\t\t<\/div>\n\t\t\t\n\t\t\t\t\t\t\t\t\t<\/article>\n\t\t\t\t\t\t\t\t\t\t\t\t\t\t\t\t<article class=\"uagb-post__inner-wrap\">\t\t\t\t\t\t\t\t<div class='uagb-post__image'>\n\t\t\t\t\t\t\t\t\t<a href=\"https:\/\/www.silvereco.org\/festival\/fr\/membre-du-jury-expert-2025-48-2-23-2-6\/\" target=\"_self\" rel=\"bookmark noopener noreferrer\" class='uagb-image-ratio-inherit'><img loading=\"lazy\" decoding=\"async\" width=\"150\" height=\"150\" src=\"https:\/\/www.silvereco.org\/festival\/fr\/wp-content\/medias\/2026\/08\/thibault-corvaisier-150x150.jpg\" class=\"attachment-thumbnail size-thumbnail\" alt=\"\" srcset=\"https:\/\/www.silvereco.org\/festival\/fr\/wp-content\/medias\/2026\/08\/thibault-corvaisier-150x150.jpg 150w, https:\/\/www.silvereco.org\/festival\/fr\/wp-content\/medias\/2026\/08\/thibault-corvaisier-300x300.jpg 300w, https:\/\/www.silvereco.org\/festival\/fr\/wp-content\/medias\/2026\/08\/thibault-corvaisier.jpg 400w\" sizes=\"auto, (max-width: 150px) 100vw, 150px\" \/>\t\t\t\t\t<\/a>\n\t\t\t\t\t\t\t<\/div>\n\t\t\t\t\t\t<h4 class=\"uagb-post__title uagb-post__text\">\n\t\t\t\t<a href=\"https:\/\/www.silvereco.org\/festival\/fr\/membre-du-jury-expert-2025-48-2-23-2-6\/\" target=\"_self\" rel=\"bookmark noopener noreferrer\">Thibault CORVAISIER<\/a>\n\t\t\t<\/h4>\n\t\t\t\t\t\t<div class='uagb-post__text uagb-post-grid-byline'>\n\t\t\t\t\t\t\t<\/div>\n\t\t\t\t\t\t\t<div class='uagb-post__text uagb-post__excerpt'>\n\t\t\t\t\tCo-fondateur et PDG Merci Prosper \/\/ Co-founder &amp; CEO Merci Prosper\t\t\t\t<\/div>\n\t\t\t\n\t\t\t\t\t\t\t\t\t<\/article>\n\t\t\t\t\t\t\t\t\t\t\t\t\t\t\t\t<article class=\"uagb-post__inner-wrap\">\t\t\t\t\t\t\t\t<div class='uagb-post__image'>\n\t\t\t\t\t\t\t\t\t<a href=\"https:\/\/www.silvereco.org\/festival\/fr\/membre-du-jury-expert-2025-51\/\" target=\"_self\" rel=\"bookmark noopener noreferrer\" class='uagb-image-ratio-inherit'><img loading=\"lazy\" decoding=\"async\" width=\"150\" height=\"150\" src=\"https:\/\/www.silvereco.org\/festival\/fr\/wp-content\/medias\/2019\/03\/Thierry-Burbaud-150x150.jpg\" class=\"attachment-thumbnail size-thumbnail\" alt=\"\" srcset=\"https:\/\/www.silvereco.org\/festival\/fr\/wp-content\/medias\/2019\/03\/Thierry-Burbaud-150x150.jpg 150w, https:\/\/www.silvereco.org\/festival\/fr\/wp-content\/medias\/2019\/03\/Thierry-Burbaud-144x144.jpg 144w, https:\/\/www.silvereco.org\/festival\/fr\/wp-content\/medias\/2019\/03\/Thierry-Burbaud.jpg 250w\" sizes=\"auto, (max-width: 150px) 100vw, 150px\" \/>\t\t\t\t\t<\/a>\n\t\t\t\t\t\t\t<\/div>\n\t\t\t\t\t\t<h4 class=\"uagb-post__title uagb-post__text\">\n\t\t\t\t<a href=\"https:\/\/www.silvereco.org\/festival\/fr\/membre-du-jury-expert-2025-51\/\" target=\"_self\" rel=\"bookmark noopener noreferrer\">Thierry BURBAUD<\/a>\n\t\t\t<\/h4>\n\t\t\t\t\t\t<div class='uagb-post__text uagb-post-grid-byline'>\n\t\t\t\t\t\t\t<\/div>\n\t\t\t\t\t\t\t<div class='uagb-post__text uagb-post__excerpt'>\n\t\t\t\t\tDirecteur commercial Telecom Design \/\/ Telecom Design Sales Director\t\t\t\t<\/div>\n\t\t\t\n\t\t\t\t\t\t\t\t\t<\/article>\n\t\t\t\t\t\t\t\t\t\t\t\t\t\t\t\t<article class=\"uagb-post__inner-wrap\">\t\t\t\t\t\t\t\t<div class='uagb-post__image'>\n\t\t\t\t\t\t\t\t\t<a href=\"https:\/\/www.silvereco.org\/festival\/fr\/membre-du-jury-expert-2025-45\/\" target=\"_self\" rel=\"bookmark noopener noreferrer\" class='uagb-image-ratio-inherit'><img loading=\"lazy\" decoding=\"async\" width=\"150\" height=\"150\" src=\"https:\/\/www.silvereco.org\/festival\/fr\/wp-content\/medias\/2024\/08\/thomas-berettonni-150x150.png\" class=\"attachment-thumbnail size-thumbnail\" alt=\"\" srcset=\"https:\/\/www.silvereco.org\/festival\/fr\/wp-content\/medias\/2024\/08\/thomas-berettonni-150x150.png 150w, https:\/\/www.silvereco.org\/festival\/fr\/wp-content\/medias\/2024\/08\/thomas-berettonni-300x300.png 300w, https:\/\/www.silvereco.org\/festival\/fr\/wp-content\/medias\/2024\/08\/thomas-berettonni-1024x1024.png 1024w, https:\/\/www.silvereco.org\/festival\/fr\/wp-content\/medias\/2024\/08\/thomas-berettonni-768x769.png 768w, https:\/\/www.silvereco.org\/festival\/fr\/wp-content\/medias\/2024\/08\/thomas-berettonni.png 1460w\" sizes=\"auto, (max-width: 150px) 100vw, 150px\" \/>\t\t\t\t\t<\/a>\n\t\t\t\t\t\t\t<\/div>\n\t\t\t\t\t\t<h4 class=\"uagb-post__title uagb-post__text\">\n\t\t\t\t<a href=\"https:\/\/www.silvereco.org\/festival\/fr\/membre-du-jury-expert-2025-45\/\" target=\"_self\" rel=\"bookmark noopener noreferrer\">Thomas BERETTONI<\/a>\n\t\t\t<\/h4>\n\t\t\t\t\t\t<div class='uagb-post__text uagb-post-grid-byline'>\n\t\t\t\t\t\t\t<\/div>\n\t\t\t\t\t\t\t<div class='uagb-post__text uagb-post__excerpt'>\n\t\t\t\t\tConseiller r\u00e9gional de la R\u00e9gion Sud et Pr\u00e9sident \u2013 OIR Silver \u00e9conomie \/\/ Regional Councilor&#8230;\t\t\t\t<\/div>\n\t\t\t\n\t\t\t\t\t\t\t\t\t<\/article>\n\t\t\t\t\t\t\t\t\t\t\t\t\t\t\t\t<article class=\"uagb-post__inner-wrap\">\t\t\t\t\t\t\t\t<div class='uagb-post__image'>\n\t\t\t\t\t\t\t\t\t<a href=\"https:\/\/www.silvereco.org\/festival\/fr\/membre-du-jury-expert-2025-41\/\" target=\"_self\" rel=\"bookmark noopener noreferrer\" class='uagb-image-ratio-inherit'><img loading=\"lazy\" decoding=\"async\" width=\"150\" height=\"150\" src=\"https:\/\/www.silvereco.org\/festival\/fr\/wp-content\/medias\/2025\/10\/TITOUAN-LEVARD-150x150.jpg\" class=\"attachment-thumbnail size-thumbnail\" alt=\"\" srcset=\"https:\/\/www.silvereco.org\/festival\/fr\/wp-content\/medias\/2025\/10\/TITOUAN-LEVARD-150x150.jpg 150w, https:\/\/www.silvereco.org\/festival\/fr\/wp-content\/medias\/2025\/10\/TITOUAN-LEVARD-300x300.jpg 300w, https:\/\/www.silvereco.org\/festival\/fr\/wp-content\/medias\/2025\/10\/TITOUAN-LEVARD.jpg 705w\" sizes=\"auto, (max-width: 150px) 100vw, 150px\" \/>\t\t\t\t\t<\/a>\n\t\t\t\t\t\t\t<\/div>\n\t\t\t\t\t\t<h4 class=\"uagb-post__title uagb-post__text\">\n\t\t\t\t<a href=\"https:\/\/www.silvereco.org\/festival\/fr\/membre-du-jury-expert-2025-41\/\" target=\"_self\" rel=\"bookmark noopener noreferrer\">Titouan LEVARD<\/a>\n\t\t\t<\/h4>\n\t\t\t\t\t\t<div class='uagb-post__text uagb-post-grid-byline'>\n\t\t\t\t\t\t\t<\/div>\n\t\t\t\t\t\t\t<div class='uagb-post__text uagb-post__excerpt'>\n\t\t\t\t\tDirecteur G\u00e9n\u00e9ral Adjoint &#8211; Silver Valley \/\/ Deputy Chief Executive Officer &#8211; Silver Valley\t\t\t\t<\/div>\n\t\t\t\n\t\t\t\t\t\t\t\t\t<\/article>\n\t\t\t\t\t\t\t\t\t\t\t\t\t\t\t\t<article class=\"uagb-post__inner-wrap\">\t\t\t\t\t\t\t\t<div class='uagb-post__image'>\n\t\t\t\t\t\t\t\t\t<a href=\"https:\/\/www.silvereco.org\/festival\/fr\/vanessa-jannot\/\" target=\"_self\" rel=\"bookmark noopener noreferrer\" class='uagb-image-ratio-inherit'><img loading=\"lazy\" decoding=\"async\" width=\"150\" height=\"150\" src=\"https:\/\/www.silvereco.org\/festival\/fr\/wp-content\/medias\/2025\/11\/VANESSA-JANNOT-1-150x150.png\" class=\"attachment-thumbnail size-thumbnail\" alt=\"\" srcset=\"https:\/\/www.silvereco.org\/festival\/fr\/wp-content\/medias\/2025\/11\/VANESSA-JANNOT-1-150x150.png 150w, https:\/\/www.silvereco.org\/festival\/fr\/wp-content\/medias\/2025\/11\/VANESSA-JANNOT-1-300x300.png 300w, https:\/\/www.silvereco.org\/festival\/fr\/wp-content\/medias\/2025\/11\/VANESSA-JANNOT-1-768x768.png 768w, https:\/\/www.silvereco.org\/festival\/fr\/wp-content\/medias\/2025\/11\/VANESSA-JANNOT-1.png 960w\" sizes=\"auto, (max-width: 150px) 100vw, 150px\" \/>\t\t\t\t\t<\/a>\n\t\t\t\t\t\t\t<\/div>\n\t\t\t\t\t\t<h4 class=\"uagb-post__title uagb-post__text\">\n\t\t\t\t<a href=\"https:\/\/www.silvereco.org\/festival\/fr\/vanessa-jannot\/\" target=\"_self\" rel=\"bookmark noopener noreferrer\">Vanessa JANNOT<\/a>\n\t\t\t<\/h4>\n\t\t\t\t\t\t<div class='uagb-post__text uagb-post-grid-byline'>\n\t\t\t\t\t\t\t<\/div>\n\t\t\t\t\t\t\t<div class='uagb-post__text uagb-post__excerpt'>\n\t\t\t\t\tInternational Project Manager\nat RisingSud \/\/ Cheffe de projet international\nchez RisingSud\t\t\t\t<\/div>\n\t\t\t\n\t\t\t\t\t\t\t\t\t<\/article>\n\t\t\t\t\t\t\t\t\t\t\t\t\t\t\t\t<article class=\"uagb-post__inner-wrap\">\t\t\t\t\t\t\t\t<div class='uagb-post__image'>\n\t\t\t\t\t\t\t\t\t<a href=\"https:\/\/www.silvereco.org\/festival\/fr\/membre-du-jury-expert-2025-48-2-76\/\" target=\"_self\" rel=\"bookmark noopener noreferrer\" class='uagb-image-ratio-inherit'><img loading=\"lazy\" decoding=\"async\" width=\"150\" height=\"150\" src=\"https:\/\/www.silvereco.org\/festival\/fr\/wp-content\/medias\/2025\/12\/Vincent-DE-BOUTINY-150x150.jpg\" class=\"attachment-thumbnail size-thumbnail\" alt=\"\" srcset=\"https:\/\/www.silvereco.org\/festival\/fr\/wp-content\/medias\/2025\/12\/Vincent-DE-BOUTINY-150x150.jpg 150w, https:\/\/www.silvereco.org\/festival\/fr\/wp-content\/medias\/2025\/12\/Vincent-DE-BOUTINY-300x300.jpg 300w, https:\/\/www.silvereco.org\/festival\/fr\/wp-content\/medias\/2025\/12\/Vincent-DE-BOUTINY-768x768.jpg 768w, https:\/\/www.silvereco.org\/festival\/fr\/wp-content\/medias\/2025\/12\/Vincent-DE-BOUTINY.jpg 800w\" sizes=\"auto, (max-width: 150px) 100vw, 150px\" \/>\t\t\t\t\t<\/a>\n\t\t\t\t\t\t\t<\/div>\n\t\t\t\t\t\t<h4 class=\"uagb-post__title uagb-post__text\">\n\t\t\t\t<a href=\"https:\/\/www.silvereco.org\/festival\/fr\/membre-du-jury-expert-2025-48-2-76\/\" target=\"_self\" rel=\"bookmark noopener noreferrer\">Vincent DE BOUTINY<\/a>\n\t\t\t<\/h4>\n\t\t\t\t\t\t<div class='uagb-post__text uagb-post-grid-byline'>\n\t\t\t\t\t\t\t<\/div>\n\t\t\t\t\t\t\t<div class='uagb-post__text uagb-post__excerpt'>\n\t\t\t\t\tDirecteur France de Careium \/\/ Director of Careium France\t\t\t\t<\/div>\n\t\t\t\n\t\t\t\t\t\t\t\t\t<\/article>\n\t\t\t\t\t\t\t\t\t\t\t\t\t\t\t\t<article class=\"uagb-post__inner-wrap\">\t\t\t\t\t\t\t\t<div class='uagb-post__image'>\n\t\t\t\t\t\t\t\t\t<a href=\"https:\/\/www.silvereco.org\/festival\/fr\/membre-du-jury-expert-2025-48-2-23-2-12\/\" target=\"_self\" rel=\"bookmark noopener noreferrer\" class='uagb-image-ratio-inherit'><img loading=\"lazy\" decoding=\"async\" width=\"150\" height=\"150\" src=\"https:\/\/www.silvereco.org\/festival\/fr\/wp-content\/medias\/2026\/08\/inconnu-150x150.jpg\" class=\"attachment-thumbnail size-thumbnail\" alt=\"\" \/>\t\t\t\t\t<\/a>\n\t\t\t\t\t\t\t<\/div>\n\t\t\t\t\t\t<h4 class=\"uagb-post__title uagb-post__text\">\n\t\t\t\t<a href=\"https:\/\/www.silvereco.org\/festival\/fr\/membre-du-jury-expert-2025-48-2-23-2-12\/\" target=\"_self\" rel=\"bookmark noopener noreferrer\">Virginie GARNIER<\/a>\n\t\t\t<\/h4>\n\t\t\t\t\t\t<div class='uagb-post__text uagb-post-grid-byline'>\n\t\t\t\t\t\t\t<\/div>\n\t\t\t\t\t\t\t<div class='uagb-post__text uagb-post__excerpt'>\n\t\t\t\t\tDirectrice projets Arcade Vyv Promotion Sud-Est  \/\/ Project Director, Arcade Vyv Promotion Southeast\t\t\t\t<\/div>\n\t\t\t\n\t\t\t\t\t\t\t\t\t<\/article>\n\t\t\t\t\t\t\t\t\t\t\t\t\t\t\t\t<article class=\"uagb-post__inner-wrap\">\t\t\t\t\t\t\t\t<div class='uagb-post__image'>\n\t\t\t\t\t\t\t\t\t<a href=\"https:\/\/www.silvereco.org\/festival\/fr\/xavier-corbin\/\" target=\"_self\" rel=\"bookmark noopener noreferrer\" class='uagb-image-ratio-inherit'><img loading=\"lazy\" decoding=\"async\" width=\"150\" height=\"150\" src=\"https:\/\/www.silvereco.org\/festival\/fr\/wp-content\/medias\/2025\/10\/XAVIER-CORBIN-150x150.jpg\" class=\"attachment-thumbnail size-thumbnail\" alt=\"\" srcset=\"https:\/\/www.silvereco.org\/festival\/fr\/wp-content\/medias\/2025\/10\/XAVIER-CORBIN-150x150.jpg 150w, https:\/\/www.silvereco.org\/festival\/fr\/wp-content\/medias\/2025\/10\/XAVIER-CORBIN-300x300.jpg 300w, https:\/\/www.silvereco.org\/festival\/fr\/wp-content\/medias\/2025\/10\/XAVIER-CORBIN-768x768.jpg 768w, https:\/\/www.silvereco.org\/festival\/fr\/wp-content\/medias\/2025\/10\/XAVIER-CORBIN.jpg 800w\" sizes=\"auto, (max-width: 150px) 100vw, 150px\" \/>\t\t\t\t\t<\/a>\n\t\t\t\t\t\t\t<\/div>\n\t\t\t\t\t\t<h4 class=\"uagb-post__title uagb-post__text\">\n\t\t\t\t<a href=\"https:\/\/www.silvereco.org\/festival\/fr\/xavier-corbin\/\" target=\"_self\" rel=\"bookmark noopener noreferrer\">Xavier CORBIN<\/a>\n\t\t\t<\/h4>\n\t\t\t\t\t\t<div class='uagb-post__text uagb-post-grid-byline'>\n\t\t\t\t\t\t\t<\/div>\n\t\t\t\t\t\t\t<div class='uagb-post__text uagb-post__excerpt'>\n\t\t\t\t\tHead of Business Development for the French Market \/\/ Responsable du d\u00e9veloppement commercial pour le&#8230;\t\t\t\t<\/div>\n\t\t\t\n\t\t\t\t\t\t\t\t\t<\/article>\n\t\t\t\t\t\t\t\t\t\t\t\t\t\t\t\t<article class=\"uagb-post__inner-wrap\">\t\t\t\t\t\t\t\t<div class='uagb-post__image'>\n\t\t\t\t\t\t\t\t\t<a href=\"https:\/\/www.silvereco.org\/festival\/fr\/yves-bozzi\/\" target=\"_self\" rel=\"bookmark noopener noreferrer\" class='uagb-image-ratio-inherit'><img loading=\"lazy\" decoding=\"async\" width=\"150\" height=\"150\" src=\"https:\/\/www.silvereco.org\/festival\/fr\/wp-content\/medias\/2026\/09\/yves-bozzi-150x150.jpg\" class=\"attachment-thumbnail size-thumbnail\" alt=\"\" srcset=\"https:\/\/www.silvereco.org\/festival\/fr\/wp-content\/medias\/2026\/09\/yves-bozzi-150x150.jpg 150w, https:\/\/www.silvereco.org\/festival\/fr\/wp-content\/medias\/2026\/09\/yves-bozzi-300x300.jpg 300w, https:\/\/www.silvereco.org\/festival\/fr\/wp-content\/medias\/2026\/09\/yves-bozzi-768x768.jpg 768w, https:\/\/www.silvereco.org\/festival\/fr\/wp-content\/medias\/2026\/09\/yves-bozzi.jpg 778w\" sizes=\"auto, (max-width: 150px) 100vw, 150px\" \/>\t\t\t\t\t<\/a>\n\t\t\t\t\t\t\t<\/div>\n\t\t\t\t\t\t<h4 class=\"uagb-post__title uagb-post__text\">\n\t\t\t\t<a href=\"https:\/\/www.silvereco.org\/festival\/fr\/yves-bozzi\/\" target=\"_self\" rel=\"bookmark noopener noreferrer\">Yves BOZZI<\/a>\n\t\t\t<\/h4>\n\t\t\t\t\t\t<div class='uagb-post__text uagb-post-grid-byline'>\n\t\t\t\t\t\t\t<\/div>\n\t\t\t\t\t\t\t<div class='uagb-post__text uagb-post__excerpt'>\n\t\t\t\t\tExpert march\u00e9 + 55 ans \/ Fondateur Digital Baby Boomer, Pop Heritage \/\/ 55+ Market&#8230;\t\t\t\t<\/div>\n\t\t\t\n\t\t\t\t\t\t\t\t\t<\/article>\n\t\t\t\t\t\t\t\t\t\t\t<\/div>\n\t\t\t\n\n\n<p class=\"wp-block-paragraph\"><\/p>\n\n\n\n<div class=\"wp-block-columns is-layout-flex wp-container-core-columns-is-layout-7387b849 wp-block-columns-is-layout-flex\">\n<div class=\"wp-block-column is-layout-flow wp-block-column-is-layout-flow\">\n<h3 class=\"wp-block-heading has-text-align-center\">Organisateur<br>Organizer<\/h3>\n\n\n\n<figure class=\"wp-block-image aligncenter size-full is-resized\"><img loading=\"lazy\" decoding=\"async\" width=\"593\" height=\"593\" src=\"https:\/\/www.silvereco.org\/festival\/fr\/wp-content\/medias\/2024\/08\/jp.jpg\" alt=\"\" class=\"wp-image-55658\" style=\"width:158px;height:auto\" srcset=\"https:\/\/www.silvereco.org\/festival\/fr\/wp-content\/medias\/2024\/08\/jp.jpg 593w, https:\/\/www.silvereco.org\/festival\/fr\/wp-content\/medias\/2024\/08\/jp-300x300.jpg 300w, https:\/\/www.silvereco.org\/festival\/fr\/wp-content\/medias\/2024\/08\/jp-150x150.jpg 150w\" sizes=\"auto, (max-width: 593px) 100vw, 593px\" \/><\/figure>\n\n\n\n<p class=\"has-text-align-center wp-block-paragraph\"><strong>J\u00e9r\u00f4me Pigniez<br><\/strong>Pr\u00e9sident SilverEco.org \/ On-Medio et Fondateur des Troph\u00e9es SilverEco SilverNight<\/p>\n<\/div>\n\n\n\n<div class=\"wp-block-column is-layout-flow wp-block-column-is-layout-flow\">\n<p class=\"has-text-align-center wp-block-paragraph\"><\/p>\n<\/div>\n\n\n\n<div class=\"wp-block-column is-layout-flow wp-block-column-is-layout-flow\">\n<p class=\"has-text-align-center wp-block-paragraph\"><\/p>\n<\/div>\n\n\n\n<div class=\"wp-block-column is-layout-flow wp-block-column-is-layout-flow\">\n<p class=\"has-text-align-center wp-block-paragraph\"><\/p>\n<\/div>\n<\/div>\n","protected":false},"excerpt":{"rendered":"<p>Would you like to become an official speaker of the 2026 edition of the Festival?Contact-us Vous souhaitez devenir intervenant officiel de l&#8217;\u00e9dition 2026 du Festival ?Contactez-nous Cette page est en cours de mise \u00e0 jourThis page is currently being updated OrganisateurOrganizer J\u00e9r\u00f4me PigniezPr\u00e9sident SilverEco.org \/ On-Medio et Fondateur des Troph\u00e9es SilverEco SilverNight<\/p>\n","protected":false},"author":7,"featured_media":0,"parent":0,"menu_order":0,"comment_status":"closed","ping_status":"closed","template":"","meta":{"_uag_custom_page_level_css":"","site-sidebar-layout":"default","site-content-layout":"","ast-site-content-layout":"default","site-content-style":"default","site-sidebar-style":"default","ast-global-header-display":"","ast-banner-title-visibility":"","ast-main-header-display":"","ast-hfb-above-header-display":"","ast-hfb-below-header-display":"","ast-hfb-mobile-header-display":"","site-post-title":"disabled","ast-breadcrumbs-content":"","ast-featured-img":"","footer-sml-layout":"","ast-disable-related-posts":"","theme-transparent-header-meta":"","adv-header-id-meta":"","stick-header-meta":"","header-above-stick-meta":"","header-main-stick-meta":"","header-below-stick-meta":"","astra-migrate-meta-layouts":"set","ast-page-background-enabled":"default","ast-page-background-meta":{"desktop":{"background-color":"var(--ast-global-color-4)","background-image":"","background-repeat":"repeat","background-position":"center center","background-size":"auto","background-attachment":"scroll","background-type":"","background-media":"","overlay-type":"","overlay-color":"","overlay-opacity":"","overlay-gradient":""},"tablet":{"background-color":"","background-image":"","background-repeat":"repeat","background-position":"center center","background-size":"auto","background-attachment":"scroll","background-type":"","background-media":"","overlay-type":"","overlay-color":"","overlay-opacity":"","overlay-gradient":""},"mobile":{"background-color":"","background-image":"","background-repeat":"repeat","background-position":"center center","background-size":"auto","background-attachment":"scroll","background-type":"","background-media":"","overlay-type":"","overlay-color":"","overlay-opacity":"","overlay-gradient":""}},"ast-content-background-meta":{"desktop":{"background-color":"var(--ast-global-color-5)","background-image":"","background-repeat":"repeat","background-position":"center center","background-size":"auto","background-attachment":"scroll","background-type":"","background-media":"","overlay-type":"","overlay-color":"","overlay-opacity":"","overlay-gradient":""},"tablet":{"background-color":"var(--ast-global-color-5)","background-image":"","background-repeat":"repeat","background-position":"center center","background-size":"auto","background-attachment":"scroll","background-type":"","background-media":"","overlay-type":"","overlay-color":"","overlay-opacity":"","overlay-gradient":""},"mobile":{"background-color":"var(--ast-global-color-5)","background-image":"","background-repeat":"repeat","background-position":"center center","background-size":"auto","background-attachment":"scroll","background-type":"","background-media":"","overlay-type":"","overlay-color":"","overlay-opacity":"","overlay-gradient":""}},"ngg_post_thumbnail":0,"footnotes":""},"categories":[],"class_list":["post-84128","page","type-page","status-publish","hentry"],"yoast_head":"<!-- This site is optimized with the Yoast SEO plugin v28.3 - https:\/\/yoast.com\/product\/yoast-seo-wordpress\/ -->\n<title>Speakers - Salon de la fili\u00e8re Silver \u00e9conomie et Assises Silver Eco Bien-Vieillir<\/title>\n<meta name=\"robots\" content=\"index, follow, max-snippet:-1, max-image-preview:large, max-video-preview:-1\" \/>\n<link rel=\"canonical\" href=\"https:\/\/www.silvereco.org\/festival\/fr\/speakers\/\" \/>\n<meta property=\"og:locale\" content=\"fr_FR\" \/>\n<meta property=\"og:type\" content=\"article\" \/>\n<meta property=\"og:title\" content=\"Speakers - Salon de la fili\u00e8re Silver \u00e9conomie et Assises Silver Eco Bien-Vieillir\" \/>\n<meta property=\"og:description\" content=\"Would you like to become an official speaker of the 2026 edition of the Festival?Contact-us Vous souhaitez devenir intervenant officiel de l&#8217;\u00e9dition 2026 du Festival ?Contactez-nous Cette page est en cours de mise \u00e0 jourThis page is currently being updated OrganisateurOrganizer J\u00e9r\u00f4me PigniezPr\u00e9sident SilverEco.org \/ On-Medio et Fondateur des Troph\u00e9es SilverEco SilverNight\" \/>\n<meta property=\"og:url\" content=\"https:\/\/www.silvereco.org\/festival\/fr\/speakers\/\" \/>\n<meta property=\"og:site_name\" content=\"Salon de la fili\u00e8re Silver \u00e9conomie et Assises Silver Eco Bien-Vieillir\" \/>\n<meta property=\"article:modified_time\" content=\"2026-08-27T16:41:24+00:00\" \/>\n<meta property=\"og:image\" content=\"https:\/\/www.silvereco.org\/festival\/fr\/wp-content\/medias\/2024\/08\/jp.jpg\" \/>\n<meta name=\"twitter:card\" content=\"summary_large_image\" \/>\n<meta name=\"twitter:label1\" content=\"Dur\u00e9e de lecture estim\u00e9e\" \/>\n\t<meta name=\"twitter:data1\" content=\"1 minute\" \/>\n<script type=\"application\/ld+json\" class=\"yoast-schema-graph\">{\"@context\":\"https:\\\/\\\/schema.org\",\"@graph\":[{\"@type\":\"WebPage\",\"@id\":\"https:\\\/\\\/www.silvereco.org\\\/festival\\\/fr\\\/speakers\\\/\",\"url\":\"https:\\\/\\\/www.silvereco.org\\\/festival\\\/fr\\\/speakers\\\/\",\"name\":\"Speakers - Salon de la fili\u00e8re Silver \u00e9conomie et Assises Silver Eco Bien-Vieillir\",\"isPartOf\":{\"@id\":\"https:\\\/\\\/www.silvereco.org\\\/festival\\\/fr\\\/#website\"},\"primaryImageOfPage\":{\"@id\":\"https:\\\/\\\/www.silvereco.org\\\/festival\\\/fr\\\/speakers\\\/#primaryimage\"},\"image\":{\"@id\":\"https:\\\/\\\/www.silvereco.org\\\/festival\\\/fr\\\/speakers\\\/#primaryimage\"},\"thumbnailUrl\":\"https:\\\/\\\/www.silvereco.org\\\/festival\\\/fr\\\/wp-content\\\/medias\\\/2024\\\/08\\\/jp.jpg\",\"datePublished\":\"2025-12-09T18:07:07+00:00\",\"dateModified\":\"2026-08-27T16:41:24+00:00\",\"breadcrumb\":{\"@id\":\"https:\\\/\\\/www.silvereco.org\\\/festival\\\/fr\\\/speakers\\\/#breadcrumb\"},\"inLanguage\":\"fr-FR\",\"potentialAction\":[{\"@type\":\"ReadAction\",\"target\":[\"https:\\\/\\\/www.silvereco.org\\\/festival\\\/fr\\\/speakers\\\/\"]}]},{\"@type\":\"ImageObject\",\"inLanguage\":\"fr-FR\",\"@id\":\"https:\\\/\\\/www.silvereco.org\\\/festival\\\/fr\\\/speakers\\\/#primaryimage\",\"url\":\"https:\\\/\\\/www.silvereco.org\\\/festival\\\/fr\\\/wp-content\\\/medias\\\/2024\\\/08\\\/jp.jpg\",\"contentUrl\":\"https:\\\/\\\/www.silvereco.org\\\/festival\\\/fr\\\/wp-content\\\/medias\\\/2024\\\/08\\\/jp.jpg\",\"width\":593,\"height\":593,\"caption\":\"Silver eco cannes 2021\"},{\"@type\":\"BreadcrumbList\",\"@id\":\"https:\\\/\\\/www.silvereco.org\\\/festival\\\/fr\\\/speakers\\\/#breadcrumb\",\"itemListElement\":[{\"@type\":\"ListItem\",\"position\":1,\"name\":\"Accueil\",\"item\":\"https:\\\/\\\/www.silvereco.org\\\/festival\\\/fr\\\/\"},{\"@type\":\"ListItem\",\"position\":2,\"name\":\"Speakers\"}]},{\"@type\":\"WebSite\",\"@id\":\"https:\\\/\\\/www.silvereco.org\\\/festival\\\/fr\\\/#website\",\"url\":\"https:\\\/\\\/www.silvereco.org\\\/festival\\\/fr\\\/\",\"name\":\"Salon de la fili\u00e8re Silver \u00e9conomie et Assises Silver Eco\",\"description\":\"International Silver Economy and Ageing Well Festival\",\"publisher\":{\"@id\":\"https:\\\/\\\/www.silvereco.org\\\/festival\\\/fr\\\/#organization\"},\"potentialAction\":[{\"@type\":\"SearchAction\",\"target\":{\"@type\":\"EntryPoint\",\"urlTemplate\":\"https:\\\/\\\/www.silvereco.org\\\/festival\\\/fr\\\/?s={search_term_string}\"},\"query-input\":{\"@type\":\"PropertyValueSpecification\",\"valueRequired\":true,\"valueName\":\"search_term_string\"}}],\"inLanguage\":\"fr-FR\"},{\"@type\":\"Organization\",\"@id\":\"https:\\\/\\\/www.silvereco.org\\\/festival\\\/fr\\\/#organization\",\"name\":\"International Silver Economy and Ageing Well Festival\",\"url\":\"https:\\\/\\\/www.silvereco.org\\\/festival\\\/fr\\\/\",\"logo\":{\"@type\":\"ImageObject\",\"inLanguage\":\"fr-FR\",\"@id\":\"https:\\\/\\\/www.silvereco.org\\\/festival\\\/fr\\\/#\\\/schema\\\/logo\\\/image\\\/\",\"url\":\"https:\\\/\\\/www.silvereco.org\\\/festival\\\/fr\\\/wp-content\\\/medias\\\/2022\\\/12\\\/cropped-festival-silvereco-2020-2-300x93-1.png\",\"contentUrl\":\"https:\\\/\\\/www.silvereco.org\\\/festival\\\/fr\\\/wp-content\\\/medias\\\/2022\\\/12\\\/cropped-festival-silvereco-2020-2-300x93-1.png\",\"width\":300,\"height\":93,\"caption\":\"International Silver Economy and Ageing Well Festival\"},\"image\":{\"@id\":\"https:\\\/\\\/www.silvereco.org\\\/festival\\\/fr\\\/#\\\/schema\\\/logo\\\/image\\\/\"}}]}<\/script>\n<!-- \/ Yoast SEO plugin. -->","yoast_head_json":{"title":"Speakers - Salon de la fili\u00e8re Silver \u00e9conomie et Assises Silver Eco Bien-Vieillir","robots":{"index":"index","follow":"follow","max-snippet":"max-snippet:-1","max-image-preview":"max-image-preview:large","max-video-preview":"max-video-preview:-1"},"canonical":"https:\/\/www.silvereco.org\/festival\/fr\/speakers\/","og_locale":"fr_FR","og_type":"article","og_title":"Speakers - Salon de la fili\u00e8re Silver \u00e9conomie et Assises Silver Eco Bien-Vieillir","og_description":"Would you like to become an official speaker of the 2026 edition of the Festival?Contact-us Vous souhaitez devenir intervenant officiel de l&#8217;\u00e9dition 2026 du Festival ?Contactez-nous Cette page est en cours de mise \u00e0 jourThis page is currently being updated OrganisateurOrganizer J\u00e9r\u00f4me PigniezPr\u00e9sident SilverEco.org \/ On-Medio et Fondateur des Troph\u00e9es SilverEco SilverNight","og_url":"https:\/\/www.silvereco.org\/festival\/fr\/speakers\/","og_site_name":"Salon de la fili\u00e8re Silver \u00e9conomie et Assises Silver Eco Bien-Vieillir","article_modified_time":"2026-08-27T16:41:24+00:00","og_image":[{"url":"https:\/\/www.silvereco.org\/festival\/fr\/wp-content\/medias\/2024\/08\/jp.jpg","type":"","width":"","height":""}],"twitter_card":"summary_large_image","twitter_misc":{"Dur\u00e9e de lecture estim\u00e9e":"1 minute"},"schema":{"@context":"https:\/\/schema.org","@graph":[{"@type":"WebPage","@id":"https:\/\/www.silvereco.org\/festival\/fr\/speakers\/","url":"https:\/\/www.silvereco.org\/festival\/fr\/speakers\/","name":"Speakers - Salon de la fili\u00e8re Silver \u00e9conomie et Assises Silver Eco Bien-Vieillir","isPartOf":{"@id":"https:\/\/www.silvereco.org\/festival\/fr\/#website"},"primaryImageOfPage":{"@id":"https:\/\/www.silvereco.org\/festival\/fr\/speakers\/#primaryimage"},"image":{"@id":"https:\/\/www.silvereco.org\/festival\/fr\/speakers\/#primaryimage"},"thumbnailUrl":"https:\/\/www.silvereco.org\/festival\/fr\/wp-content\/medias\/2024\/08\/jp.jpg","datePublished":"2025-12-09T18:07:07+00:00","dateModified":"2026-08-27T16:41:24+00:00","breadcrumb":{"@id":"https:\/\/www.silvereco.org\/festival\/fr\/speakers\/#breadcrumb"},"inLanguage":"fr-FR","potentialAction":[{"@type":"ReadAction","target":["https:\/\/www.silvereco.org\/festival\/fr\/speakers\/"]}]},{"@type":"ImageObject","inLanguage":"fr-FR","@id":"https:\/\/www.silvereco.org\/festival\/fr\/speakers\/#primaryimage","url":"https:\/\/www.silvereco.org\/festival\/fr\/wp-content\/medias\/2024\/08\/jp.jpg","contentUrl":"https:\/\/www.silvereco.org\/festival\/fr\/wp-content\/medias\/2024\/08\/jp.jpg","width":593,"height":593,"caption":"Silver eco cannes 2021"},{"@type":"BreadcrumbList","@id":"https:\/\/www.silvereco.org\/festival\/fr\/speakers\/#breadcrumb","itemListElement":[{"@type":"ListItem","position":1,"name":"Accueil","item":"https:\/\/www.silvereco.org\/festival\/fr\/"},{"@type":"ListItem","position":2,"name":"Speakers"}]},{"@type":"WebSite","@id":"https:\/\/www.silvereco.org\/festival\/fr\/#website","url":"https:\/\/www.silvereco.org\/festival\/fr\/","name":"Salon de la fili\u00e8re Silver \u00e9conomie et Assises Silver Eco","description":"International Silver Economy and Ageing Well Festival","publisher":{"@id":"https:\/\/www.silvereco.org\/festival\/fr\/#organization"},"potentialAction":[{"@type":"SearchAction","target":{"@type":"EntryPoint","urlTemplate":"https:\/\/www.silvereco.org\/festival\/fr\/?s={search_term_string}"},"query-input":{"@type":"PropertyValueSpecification","valueRequired":true,"valueName":"search_term_string"}}],"inLanguage":"fr-FR"},{"@type":"Organization","@id":"https:\/\/www.silvereco.org\/festival\/fr\/#organization","name":"International Silver Economy and Ageing Well Festival","url":"https:\/\/www.silvereco.org\/festival\/fr\/","logo":{"@type":"ImageObject","inLanguage":"fr-FR","@id":"https:\/\/www.silvereco.org\/festival\/fr\/#\/schema\/logo\/image\/","url":"https:\/\/www.silvereco.org\/festival\/fr\/wp-content\/medias\/2022\/12\/cropped-festival-silvereco-2020-2-300x93-1.png","contentUrl":"https:\/\/www.silvereco.org\/festival\/fr\/wp-content\/medias\/2022\/12\/cropped-festival-silvereco-2020-2-300x93-1.png","width":300,"height":93,"caption":"International Silver Economy and Ageing Well Festival"},"image":{"@id":"https:\/\/www.silvereco.org\/festival\/fr\/#\/schema\/logo\/image\/"}}]}},"uagb_featured_image_src":{"full":false,"thumbnail":false,"medium":false,"medium_large":false,"large":false,"1536x1536":false,"2048x2048":false},"uagb_author_info":{"display_name":"Silver Economy","author_link":"https:\/\/www.silvereco.org\/festival\/fr\/author\/festredac26\/"},"uagb_comment_info":0,"uagb_excerpt":"Would you like to become an official speaker of the 2026 edition of the Festival?Contact-us Vous souhaitez devenir intervenant officiel de l&#8217;\u00e9dition 2026 du Festival ?Contactez-nous Cette page est en cours de mise \u00e0 jourThis page is currently being updated OrganisateurOrganizer J\u00e9r\u00f4me PigniezPr\u00e9sident SilverEco.org \/ On-Medio et Fondateur des Troph\u00e9es SilverEco SilverNight","_links":{"self":[{"href":"https:\/\/www.silvereco.org\/festival\/fr\/wp-json\/wp\/v2\/pages\/84128","targetHints":{"allow":["GET"]}}],"collection":[{"href":"https:\/\/www.silvereco.org\/festival\/fr\/wp-json\/wp\/v2\/pages"}],"about":[{"href":"https:\/\/www.silvereco.org\/festival\/fr\/wp-json\/wp\/v2\/types\/page"}],"author":[{"embeddable":true,"href":"https:\/\/www.silvereco.org\/festival\/fr\/wp-json\/wp\/v2\/users\/7"}],"replies":[{"embeddable":true,"href":"https:\/\/www.silvereco.org\/festival\/fr\/wp-json\/wp\/v2\/comments?post=84128"}],"version-history":[{"count":5,"href":"https:\/\/www.silvereco.org\/festival\/fr\/wp-json\/wp\/v2\/pages\/84128\/revisions"}],"predecessor-version":[{"id":88129,"href":"https:\/\/www.silvereco.org\/festival\/fr\/wp-json\/wp\/v2\/pages\/84128\/revisions\/88129"}],"wp:attachment":[{"href":"https:\/\/www.silvereco.org\/festival\/fr\/wp-json\/wp\/v2\/media?parent=84128"}],"wp:term":[{"taxonomy":"category","embeddable":true,"href":"https:\/\/www.silvereco.org\/festival\/fr\/wp-json\/wp\/v2\/categories?post=84128"}],"curies":[{"name":"wp","href":"https:\/\/api.w.org\/{rel}","templated":true}]}}