{"id":48830,"date":"2023-12-12T12:35:56","date_gmt":"2023-12-12T11:35:56","guid":{"rendered":"https:\/\/www.silvereco.org\/festival\/fr\/?page_id=48830"},"modified":"2026-08-27T20:46:59","modified_gmt":"2026-08-27T19:46:59","slug":"living-at-home-summit","status":"publish","type":"page","link":"https:\/\/www.silvereco.org\/festival\/fr\/living-at-home-summit\/","title":{"rendered":"Living at Home Summit"},"content":{"rendered":"\n<div class=\"wp-block-cover alignfull is-light wp-duotone-unset-1\"><img loading=\"lazy\" decoding=\"async\" width=\"1297\" height=\"969\" class=\"wp-block-cover__image-background wp-image-49375\" alt=\"\" src=\"https:\/\/www.silvereco.org\/festival\/fr\/wp-content\/medias\/2023\/12\/living-at-home.png\" data-object-fit=\"cover\" srcset=\"https:\/\/www.silvereco.org\/festival\/fr\/wp-content\/medias\/2023\/12\/living-at-home.png 1297w, https:\/\/www.silvereco.org\/festival\/fr\/wp-content\/medias\/2023\/12\/living-at-home-300x224.png 300w, https:\/\/www.silvereco.org\/festival\/fr\/wp-content\/medias\/2023\/12\/living-at-home-1024x765.png 1024w, https:\/\/www.silvereco.org\/festival\/fr\/wp-content\/medias\/2023\/12\/living-at-home-768x574.png 768w\" sizes=\"auto, (max-width: 1297px) 100vw, 1297px\" \/><span aria-hidden=\"true\" class=\"wp-block-cover__background has-background-dim\"><\/span><div class=\"wp-block-cover__inner-container is-layout-flow wp-block-cover-is-layout-flow\">\n<h1 class=\"wp-block-heading has-white-color has-text-color has-link-color wp-elements-1\">Living at Home Summit<\/h1>\n\n\n\n<h2 class=\"wp-block-heading has-white-color has-text-color has-link-color wp-elements-2\"><em>Des Services pour l&#8217;Autonomie<\/em> !<\/h2>\n\n\n\n<p class=\"has-text-align-left has-white-color has-text-color has-link-color wp-elements-3 wp-block-paragraph\" style=\"font-size:19px\"><strong>Ce congr\u00e8s est d\u00e9di\u00e9 aux Services \u00e0 la personne, au bien-vieillir chez-soi et au maintien \u00e0 domicile<\/strong><\/p>\n\n\n\n<h2 class=\"wp-block-heading has-white-color has-text-color has-link-color wp-elements-4\"><em>Services for Independent Living !<\/em><\/h2>\n\n\n\n<p class=\"has-text-align-left has-white-color has-text-color has-link-color wp-elements-5 wp-block-paragraph\" style=\"font-size:19px\">This&nbsp;congress&nbsp;is dedicated to personal services, ageing well at home and home care<a href=\"https:\/\/www.silvereco.org\/festival\/en\/living-at-home-summit\/\"><\/a><\/p>\n\n\n\n<div class=\"wp-block-uagb-buttons uagb-buttons__outer-wrap uagb-btn__default-btn uagb-btn-tablet__default-btn uagb-btn-mobile__default-btn uagb-block-3f41047a\"><div class=\"uagb-buttons__wrap uagb-buttons-layout-wrap \">\n<div class=\"wp-block-uagb-buttons-child uagb-buttons__outer-wrap uagb-block-c86044a5 wp-block-button\"><div class=\"uagb-button__wrapper\"><a class=\"uagb-buttons-repeater wp-block-button__link\" aria-label=\"\" href=\"https:\/\/www.silvereco.org\/festival\/fr\/contact-2\/\" rel=\"follow noopener\" target=\"_self\" role=\"button\"><div class=\"uagb-button__link\">Je m&#8217;inscris ! \/ I\u2019m joining!<\/div><\/a><\/div><\/div>\n<\/div><\/div>\n<\/div><\/div>\n\n\n\n<h4 class=\"wp-block-heading has-ast-global-color-8-color has-text-color\"><\/h4>\n\n\n\n<div class=\"wp-block-uagb-buttons uagb-buttons__outer-wrap uagb-btn__default-btn uagb-btn-tablet__default-btn uagb-btn-mobile__default-btn uagb-block-0c9a7768\"><div class=\"uagb-buttons__wrap uagb-buttons-layout-wrap \">\n<div class=\"wp-block-uagb-buttons-child uagb-buttons__outer-wrap uagb-block-c5483ad9 wp-block-button\"><div class=\"uagb-button__wrapper\"><a class=\"uagb-buttons-repeater wp-block-button__link\" aria-label=\"\" href=\"https:\/\/www.silvereco.org\/festival\/fr\/contact-2\/\" rel=\"follow noopener\" target=\"_self\" role=\"button\"><div class=\"uagb-button__link\">Soumettre une participation \u00e0 ce congr\u00e8s \/ Submit a contribution to this conference<\/div><\/a><\/div><\/div>\n<\/div><\/div>\n\n\n\n<h3 class=\"wp-block-heading uag-hide-desktop uag-hide-tab uag-hide-mob\"><\/h3>\n\n\n\n<h4 class=\"wp-block-heading has-ast-global-color-0-color has-text-color uag-hide-desktop uag-hide-tab uag-hide-mob\">Lundi 20 Octobre 2025<div class=\"lcp_catlist\" id=\"lcp_instance_0\"><p><h4><a href=\"https:\/\/www.silvereco.org\/festival\/fr\/expo-forum-silvereco-2\/\">Expo Forum SilverEco<\/a><\/h4><div class=\"lcp_excerpt\"><p><!-- wp:group {\"style\":{\"color\":{\"background\":\"#f2bbbb\"},\"spacing\":{\"padding\":{\"top\":\"var:preset|spacing|20\",\"bottom\":\"var:preset|spacing|20\",\"left\":\"var:preset|spacing|20\",\"right\":\"var:preset|spacing|20\"},\"margin\":{\"bottom\":\"0\"},\"blockGap\":\"0\"}},\"layout\":{\"type\":\"constrained\"}} --><\/p>\n<div class=\"wp-block-group has-background\" style=\"background-color:#f2bbbb;margin-bottom:0;padding-top:var(--wp--preset--spacing--20);padding-right:var(--wp--preset--spacing--20);padding-bottom:var(--wp--preset--spacing--20);padding-left:var(--wp--preset--spacing--20)\"><!-- wp:heading {\"level\":3} --><\/p>\n<h3 class=\"wp-block-heading\">Expo Forum SilverEco<\/h3>\n<p><!-- \/wp:heading --><\/p>\n<p><!-- wp:paragraph --><\/p>\n<p><strong>14 Sept 2026 &#8211; de 9h00 \u00e0 17h30 \/\/ from 9:00 until 17:30<br \/>Hall A \/\/ Hall B \/\/ Hall C<\/strong><\/p>\n<p><!-- \/wp:paragraph --><\/p>\n<p><!-- wp:more --><\/p>\n<\/div><a href=\"https:\/\/www.silvereco.org\/festival\/fr\/expo-forum-silvereco-2\/\">plus d&#039;informations<\/a><\/p><p><h4><a href=\"https:\/\/www.silvereco.org\/festival\/fr\/audition-des-nomines-aux-trophees-silvereco\/\">Audition des Nomin\u00e9s aux Troph\u00e9es SilverEco 2026<\/a><\/h4><div class=\"lcp_excerpt\"><p><!-- wp:group {\"style\":{\"color\":{\"background\":\"#f2bbbb\"},\"spacing\":{\"padding\":{\"top\":\"var:preset|spacing|20\",\"bottom\":\"var:preset|spacing|20\",\"left\":\"var:preset|spacing|20\",\"right\":\"var:preset|spacing|20\"},\"margin\":{\"bottom\":\"0\"},\"blockGap\":\"0\"}},\"layout\":{\"type\":\"constrained\"}} --><\/p>\n<div class=\"wp-block-group has-background\" style=\"background-color:#f2bbbb;margin-bottom:0;padding-top:var(--wp--preset--spacing--20);padding-right:var(--wp--preset--spacing--20);padding-bottom:var(--wp--preset--spacing--20);padding-left:var(--wp--preset--spacing--20)\"><!-- wp:heading {\"level\":3} --><\/p>\n<h3 class=\"wp-block-heading\">Audition des Nomin\u00e9s aux Troph\u00e9es SilverEco 2026<\/h3>\n<p><!-- \/wp:heading --><\/p>\n<p><!-- wp:heading {\"level\":3} --><\/p>\n<h3 class=\"wp-block-heading\">Nominees\u2019 Audition for the SilverEco International Awards 2026<\/h3>\n<p><!-- \/wp:heading --><\/p>\n<p><!-- wp:paragraph --><\/p>\n<p><strong><strong> 14 Sept 2026 &#8211; \u00e0 partir de 9h30 \/ starting from 9:30<\/strong><\/strong><\/p>\n<p><!-- \/wp:paragraph --><\/p>\n<p><!-- wp:more --><\/p>\n<\/div><a href=\"https:\/\/www.silvereco.org\/festival\/fr\/audition-des-nomines-aux-trophees-silvereco\/\">plus d&#039;informations<\/a><\/p><p><h4><a href=\"https:\/\/www.silvereco.org\/festival\/fr\/inauguration-du-festival-montee-des-marches\/\">Inauguration du Festival \/ Mont\u00e9e des marches<\/a><\/h4><div class=\"lcp_excerpt\"><p><!-- wp:group {\"style\":{\"spacing\":{\"padding\":{\"top\":\"var:preset|spacing|20\",\"bottom\":\"var:preset|spacing|20\",\"left\":\"var:preset|spacing|20\",\"right\":\"var:preset|spacing|20\"},\"margin\":{\"bottom\":\"0\"},\"blockGap\":\"0\"},\"color\":{\"background\":\"#f2bbbb\"}},\"layout\":{\"type\":\"constrained\"}} --><\/p>\n<div class=\"wp-block-group has-background\" style=\"background-color:#f2bbbb;margin-bottom:0;padding-top:var(--wp--preset--spacing--20);padding-right:var(--wp--preset--spacing--20);padding-bottom:var(--wp--preset--spacing--20);padding-left:var(--wp--preset--spacing--20)\"><!-- wp:heading {\"level\":3} --><\/p>\n<h3 class=\"wp-block-heading\">Inauguration du Festival \/ Mont\u00e9e des marches<\/h3>\n<p><!-- \/wp:heading --><\/p>\n<p><!-- wp:heading {\"level\":3} --><\/p>\n<h3 class=\"wp-block-heading\">Festival opening \/ Red carpet<\/h3>\n<p><!-- \/wp:heading --><\/p>\n<p><!-- wp:paragraph --><\/p>\n<p><strong><strong>14 Sept 2026 &#8211; 10:00<\/strong><\/strong><\/p>\n<p><!-- \/wp:paragraph --><\/p>\n<p><!-- wp:more --><\/p>\n<\/div><a href=\"https:\/\/www.silvereco.org\/festival\/fr\/inauguration-du-festival-montee-des-marches\/\">plus d&#039;informations<\/a><\/p><p><h4><a href=\"https:\/\/www.silvereco.org\/festival\/fr\/w26-2\/\">Innovation and Excellence in an Ageing World: Learning Across Borders<\/a><\/h4><div class=\"lcp_excerpt\"><p><!-- wp:group {\"style\":{\"color\":{\"background\":\"#a7c0d1\"},\"spacing\":{\"padding\":{\"top\":\"var:preset|spacing|20\",\"bottom\":\"var:preset|spacing|20\",\"left\":\"var:preset|spacing|20\",\"right\":\"var:preset|spacing|20\"},\"margin\":{\"bottom\":\"0\"},\"blockGap\":\"0\"}},\"layout\":{\"type\":\"constrained\"}} --><\/p>\n<div class=\"wp-block-group has-background\" style=\"background-color:#a7c0d1;margin-bottom:0;padding-top:var(--wp--preset--spacing--20);padding-right:var(--wp--preset--spacing--20);padding-bottom:var(--wp--preset--spacing--20);padding-left:var(--wp--preset--spacing--20)\"><!-- wp:heading {\"level\":3,\"fontSize\":\"medium\"} --><\/p>\n<h3 class=\"wp-block-heading has-medium-font-size\">Atelier \/ Innovation et excellence dans un monde vieillissant : apprendre au-del\u00e0 des fronti\u00e8res<\/h3>\n<p><!-- \/wp:heading --><\/p>\n<p><!-- wp:heading {\"level\":3,\"fontSize\":\"medium\"} --><\/p>\n<h3 class=\"wp-block-heading has-medium-font-size\">Workshop \/ Innovation and Excellence in an Ageing World: Learning Across Borders<\/h3>\n<p><!-- \/wp:heading --><\/p>\n<p><!-- wp:paragraph --><\/p>\n<p><strong><strong>14 Sept 2026 &#8211; 10:30 \/\/ Agora 1<\/strong><\/strong><\/p>\n<p><!-- \/wp:paragraph --><\/p>\n<p><!-- wp:more --><\/p>\n<\/div><a href=\"https:\/\/www.silvereco.org\/festival\/fr\/w26-2\/\">plus d&#039;informations<\/a><\/p><p><h4><a href=\"https:\/\/www.silvereco.org\/festival\/fr\/w26-9-7-7\/\">From Home to Nursing Home: Building an Alliance That Leaves No One Behind<\/a><\/h4><div class=\"lcp_excerpt\"><p><!-- wp:group {\"style\":{\"color\":{\"background\":\"#a7c0d1\"},\"spacing\":{\"padding\":{\"top\":\"var:preset|spacing|20\",\"bottom\":\"var:preset|spacing|20\",\"left\":\"var:preset|spacing|20\",\"right\":\"var:preset|spacing|20\"},\"margin\":{\"bottom\":\"0\"},\"blockGap\":\"0\"}},\"layout\":{\"type\":\"constrained\"}} --><\/p>\n<div class=\"wp-block-group has-background\" style=\"background-color:#a7c0d1;margin-bottom:0;padding-top:var(--wp--preset--spacing--20);padding-right:var(--wp--preset--spacing--20);padding-bottom:var(--wp--preset--spacing--20);padding-left:var(--wp--preset--spacing--20)\"><!-- wp:heading {\"level\":3,\"fontSize\":\"medium\"} --><\/p>\n<h3 class=\"wp-block-heading has-medium-font-size\">Table Ronde \/ Du chez-soi \u00e0 l&#8217;EHPAD : inventer l&#8217;alliance qui ne laisse personne au bord du chemin<\/h3>\n<p><!-- \/wp:heading --><\/p>\n<p><!-- wp:heading {\"level\":3,\"fontSize\":\"medium\"} --><\/p>\n<h3 class=\"wp-block-heading has-medium-font-size\">Panel Discussion \/ From Home to Nursing Home: Building an Alliance That Leaves No One Behind<\/h3>\n<p><!-- \/wp:heading --><\/p>\n<p><!-- wp:paragraph --><\/p>\n<p><strong><strong>14 Sept 2026 &#8211; 11:00 \/\/ Hall A<\/strong><\/strong><\/p>\n<p><!-- \/wp:paragraph --><\/p>\n<p><!-- wp:more --><\/p>\n<\/div><a href=\"https:\/\/www.silvereco.org\/festival\/fr\/w26-9-7-7\/\">plus d&#039;informations<\/a><\/p><p><h4><a href=\"https:\/\/www.silvereco.org\/festival\/fr\/w26-3\/\">How Will We Fund Loss of Autonomy Tomorrow?<\/a><\/h4><div class=\"lcp_excerpt\"><p><!-- wp:group {\"style\":{\"color\":{\"background\":\"#a7c0d1\"},\"spacing\":{\"padding\":{\"top\":\"var:preset|spacing|20\",\"bottom\":\"var:preset|spacing|20\",\"left\":\"var:preset|spacing|20\",\"right\":\"var:preset|spacing|20\"},\"margin\":{\"bottom\":\"0\"},\"blockGap\":\"0\"}},\"layout\":{\"type\":\"constrained\"}} --><\/p>\n<div class=\"wp-block-group has-background\" style=\"background-color:#a7c0d1;margin-bottom:0;padding-top:var(--wp--preset--spacing--20);padding-right:var(--wp--preset--spacing--20);padding-bottom:var(--wp--preset--spacing--20);padding-left:var(--wp--preset--spacing--20)\"><!-- wp:heading {\"level\":3,\"fontSize\":\"medium\"} --><\/p>\n<h3 class=\"wp-block-heading has-medium-font-size\">Atelier \/ Quels financements de la perte d\u2019autonomie, demain ?<\/h3>\n<p><!-- \/wp:heading --><\/p>\n<p><!-- wp:heading {\"level\":3,\"fontSize\":\"medium\"} --><\/p>\n<h3 class=\"wp-block-heading has-medium-font-size\">Workshop \/ How Will We Fund Loss of Autonomy Tomorrow?<\/h3>\n<p><!-- \/wp:heading --><\/p>\n<p><!-- wp:paragraph --><\/p>\n<p><strong><strong>14 Sept 2026 &#8211; 11:30 \/\/ Agora 1<\/strong><\/strong><\/p>\n<p><!-- \/wp:paragraph --><\/p>\n<p><!-- wp:more --><\/p>\n<\/div><a href=\"https:\/\/www.silvereco.org\/festival\/fr\/w26-3\/\">plus d&#039;informations<\/a><\/p><p><h4><a href=\"https:\/\/www.silvereco.org\/festival\/fr\/w26-9-7-6\/\">What Policies for Ageing Well?<\/a><\/h4><div class=\"lcp_excerpt\"><p><!-- wp:group {\"style\":{\"color\":{\"background\":\"#a7c0d1\"},\"spacing\":{\"padding\":{\"top\":\"var:preset|spacing|20\",\"bottom\":\"var:preset|spacing|20\",\"left\":\"var:preset|spacing|20\",\"right\":\"var:preset|spacing|20\"},\"margin\":{\"bottom\":\"0\"},\"blockGap\":\"0\"}},\"layout\":{\"type\":\"constrained\"}} --><\/p>\n<div class=\"wp-block-group has-background\" style=\"background-color:#a7c0d1;margin-bottom:0;padding-top:var(--wp--preset--spacing--20);padding-right:var(--wp--preset--spacing--20);padding-bottom:var(--wp--preset--spacing--20);padding-left:var(--wp--preset--spacing--20)\"><!-- wp:heading {\"level\":3,\"fontSize\":\"medium\"} --><\/p>\n<h3 class=\"wp-block-heading has-medium-font-size\">Table Ronde \/ Quelles politiques du bien-vieillir ?<\/h3>\n<p><!-- \/wp:heading --><\/p>\n<p><!-- wp:heading {\"level\":3,\"fontSize\":\"medium\"} --><\/p>\n<h3 class=\"wp-block-heading has-medium-font-size\">Panel Discussion \/ What Policies for Ageing Well?<\/h3>\n<p><!-- \/wp:heading --><\/p>\n<p><!-- wp:paragraph --><\/p>\n<p><strong><strong>14 Sept 2026 &#8211; 12:00 \/\/ Hall A<\/strong><\/strong><\/p>\n<p><!-- \/wp:paragraph --><\/p>\n<p><!-- wp:more --><\/p>\n<\/div><a href=\"https:\/\/www.silvereco.org\/festival\/fr\/w26-9-7-6\/\">plus d&#039;informations<\/a><\/p><p><h4><a href=\"https:\/\/www.silvereco.org\/festival\/fr\/dejeuner-sous-reserve-de-reservation\/\">D\u00e9jeuner (sous r\u00e9serve de r\u00e9servation)<\/a><\/h4><div class=\"lcp_excerpt\"><p><!-- wp:group {\"style\":{\"color\":{\"background\":\"#f2bbbb\"},\"spacing\":{\"padding\":{\"top\":\"var:preset|spacing|20\",\"bottom\":\"var:preset|spacing|20\",\"left\":\"var:preset|spacing|20\",\"right\":\"var:preset|spacing|20\"},\"margin\":{\"bottom\":\"0\"},\"blockGap\":\"0\"}},\"layout\":{\"type\":\"constrained\"}} --><\/p>\n<div class=\"wp-block-group has-background\" style=\"background-color:#f2bbbb;margin-bottom:0;padding-top:var(--wp--preset--spacing--20);padding-right:var(--wp--preset--spacing--20);padding-bottom:var(--wp--preset--spacing--20);padding-left:var(--wp--preset--spacing--20)\"><!-- wp:heading {\"level\":3} --><\/p>\n<h3 class=\"wp-block-heading\">D\u00e9jeuner (sous r\u00e9serve de r\u00e9servation)<\/h3>\n<p><!-- \/wp:heading --><\/p>\n<p><!-- wp:heading {\"level\":3} --><\/p>\n<h3 class=\"wp-block-heading\">Lunch break (subject to booking)<\/h3>\n<p><!-- \/wp:heading --><\/p>\n<p><!-- wp:paragraph --><\/p>\n<p><strong>14 Sept 2026 &#8211; 12:30-13:45 \/\/ Hall C<\/strong><\/p>\n<p><!-- \/wp:paragraph --><\/p>\n<p><!-- wp:more --><\/p>\n<\/div><a href=\"https:\/\/www.silvereco.org\/festival\/fr\/dejeuner-sous-reserve-de-reservation\/\">plus d&#039;informations<\/a><\/p><p><h4><a href=\"https:\/\/www.silvereco.org\/festival\/fr\/w26-4\/\">Home Care Services: Rethinking Support for an Ageing Population<\/a><\/h4><div class=\"lcp_excerpt\"><p><!-- wp:group {\"style\":{\"color\":{\"background\":\"#a7c0d1\"},\"spacing\":{\"padding\":{\"top\":\"var:preset|spacing|20\",\"bottom\":\"var:preset|spacing|20\",\"left\":\"var:preset|spacing|20\",\"right\":\"var:preset|spacing|20\"},\"margin\":{\"bottom\":\"0\"},\"blockGap\":\"0\"}},\"layout\":{\"type\":\"constrained\"}} --><\/p>\n<div class=\"wp-block-group has-background\" style=\"background-color:#a7c0d1;margin-bottom:0;padding-top:var(--wp--preset--spacing--20);padding-right:var(--wp--preset--spacing--20);padding-bottom:var(--wp--preset--spacing--20);padding-left:var(--wp--preset--spacing--20)\"><!-- wp:heading {\"level\":3,\"fontSize\":\"medium\"} --><\/p>\n<h3 class=\"wp-block-heading has-medium-font-size\">Atelier \/ Les nouvelles missions de lien social pour les SAD : la ressource compl\u00e9mentaire du Service Civique Solidarit\u00e9 Seniors<\/h3>\n<p><!-- \/wp:heading --><\/p>\n<p><!-- wp:heading {\"level\":3,\"fontSize\":\"medium\"} --><\/p>\n<h3 class=\"wp-block-heading has-medium-font-size\">Workshop \/ New Social Connection Missions for Home Care Services: Complementing the Civic Service for Older Adults<\/h3>\n<p><!-- \/wp:heading --><\/p>\n<p><!-- wp:paragraph --><\/p>\n<p><strong><strong>14 Sept 2026 &#8211; 13:30 \/\/ Agora 1<\/strong><\/strong><\/p>\n<p><!-- \/wp:paragraph --><\/p>\n<p><!-- wp:more --><\/p>\n<\/div><a href=\"https:\/\/www.silvereco.org\/festival\/fr\/w26-4\/\">plus d&#039;informations<\/a><\/p><p><h4><a href=\"https:\/\/www.silvereco.org\/festival\/fr\/international-tripartite-agreement\/\">Signature de la Convention internationale tripartite pour le d\u00e9veloppement de la Silver \u00c9conomie en Slovaquie<\/a><\/h4><div class=\"lcp_excerpt\"><p><!-- wp:group {\"style\":{\"color\":{\"background\":\"#f2bbbb\"},\"spacing\":{\"padding\":{\"top\":\"var:preset|spacing|20\",\"bottom\":\"var:preset|spacing|20\",\"left\":\"var:preset|spacing|20\",\"right\":\"var:preset|spacing|20\"},\"margin\":{\"bottom\":\"0\"},\"blockGap\":\"0\"}},\"layout\":{\"type\":\"constrained\"}} --><\/p>\n<div class=\"wp-block-group has-background\" style=\"background-color:#f2bbbb;margin-bottom:0;padding-top:var(--wp--preset--spacing--20);padding-right:var(--wp--preset--spacing--20);padding-bottom:var(--wp--preset--spacing--20);padding-left:var(--wp--preset--spacing--20)\"><!-- wp:heading {\"level\":3} --><\/p>\n<h3 class=\"wp-block-heading\">Signature de la Convention internationale tripartite pour le d\u00e9veloppement de la Silver \u00c9conomie en Slovaquie<\/h3>\n<p><!-- \/wp:heading --><\/p>\n<p><!-- wp:heading {\"level\":3} --><\/p>\n<h3 class=\"wp-block-heading\">Signing of the International Tripartite Agreement for the Development of the Silver Economy in Slovakia<\/h3>\n<p><!-- \/wp:heading --><\/p>\n<p><!-- wp:paragraph --><\/p>\n<p><strong>14 Sept 2026 &#8211; 13:30-13:45 \/\/ Hall A<\/strong><\/p>\n<p><!-- \/wp:paragraph --><\/p>\n<p><!-- wp:more --><\/p>\n<\/div><a href=\"https:\/\/www.silvereco.org\/festival\/fr\/international-tripartite-agreement\/\">plus d&#039;informations<\/a><\/p><p><h4><a href=\"https:\/\/www.silvereco.org\/festival\/fr\/w26-9-7-5\/\">Ageing Better Without Exhausting Those Who Care: How Far Can Technology Help Us?<\/a><\/h4><div class=\"lcp_excerpt\"><p><!-- wp:group {\"style\":{\"color\":{\"background\":\"#a7c0d1\"},\"spacing\":{\"padding\":{\"top\":\"var:preset|spacing|20\",\"bottom\":\"var:preset|spacing|20\",\"left\":\"var:preset|spacing|20\",\"right\":\"var:preset|spacing|20\"},\"margin\":{\"bottom\":\"0\"},\"blockGap\":\"0\"}},\"layout\":{\"type\":\"constrained\"}} --><\/p>\n<div class=\"wp-block-group has-background\" style=\"background-color:#a7c0d1;margin-bottom:0;padding-top:var(--wp--preset--spacing--20);padding-right:var(--wp--preset--spacing--20);padding-bottom:var(--wp--preset--spacing--20);padding-left:var(--wp--preset--spacing--20)\"><!-- wp:heading {\"level\":3,\"fontSize\":\"medium\"} --><\/p>\n<h3 class=\"wp-block-heading has-medium-font-size\">Table Ronde \/ Vieillir mieux sans \u00e9puiser ceux qui accompagnent : jusqu\u2019o\u00f9 la technologie peut-elle nous aider ?<\/h3>\n<p><!-- \/wp:heading --><\/p>\n<p><!-- wp:heading {\"level\":3,\"fontSize\":\"medium\"} --><\/p>\n<h3 class=\"wp-block-heading has-medium-font-size\">Panel Discussion \/ Ageing Better Without Exhausting Those Who Care: How Far Can Technology Help Us?<\/h3>\n<p><!-- \/wp:heading --><\/p>\n<p><!-- wp:paragraph --><\/p>\n<p><strong><strong><strong><strong>14 Sept 2026 &#8211; 14:00 \/\/ Hall A<\/strong><\/strong><\/strong><\/strong><\/p>\n<p><!-- \/wp:paragraph --><\/p>\n<p><!-- wp:more --><\/p>\n<\/div><a href=\"https:\/\/www.silvereco.org\/festival\/fr\/w26-9-7-5\/\">plus d&#039;informations<\/a><\/p><p><h4><a href=\"https:\/\/www.silvereco.org\/festival\/fr\/w26-5\/\">Territories in Action: The Impact of Gerontopoles in Addressing the Challenges of Ageing<\/a><\/h4><div class=\"lcp_excerpt\"><p><!-- wp:group {\"style\":{\"color\":{\"background\":\"#a7c0d1\"},\"spacing\":{\"padding\":{\"top\":\"var:preset|spacing|20\",\"bottom\":\"var:preset|spacing|20\",\"left\":\"var:preset|spacing|20\",\"right\":\"var:preset|spacing|20\"},\"margin\":{\"bottom\":\"0\"},\"blockGap\":\"0\"}},\"layout\":{\"type\":\"constrained\"}} --><\/p>\n<div class=\"wp-block-group has-background\" style=\"background-color:#a7c0d1;margin-bottom:0;padding-top:var(--wp--preset--spacing--20);padding-right:var(--wp--preset--spacing--20);padding-bottom:var(--wp--preset--spacing--20);padding-left:var(--wp--preset--spacing--20)\"><!-- wp:heading {\"level\":3,\"fontSize\":\"medium\"} --><\/p>\n<h3 class=\"wp-block-heading has-medium-font-size\">Atelier \/ Des territoires en action : l\u2019impact des G\u00e9rontop\u00f4les face aux d\u00e9fis du vieillissement<\/h3>\n<p><!-- \/wp:heading --><\/p>\n<p><!-- wp:heading {\"level\":3,\"fontSize\":\"medium\"} --><\/p>\n<h3 class=\"wp-block-heading has-medium-font-size\">Workshop \/ Territories in Action: The Impact of Gerontopoles in Addressing the Challenges of Ageing<\/h3>\n<p><!-- \/wp:heading --><\/p>\n<p><!-- wp:paragraph --><\/p>\n<p><strong><strong>14 Sept 2026 &#8211; 14:30 \/\/ Agora 1<\/strong><\/strong><\/p>\n<p><!-- \/wp:paragraph --><\/p>\n<p><!-- wp:more --><\/p>\n<\/div><a href=\"https:\/\/www.silvereco.org\/festival\/fr\/w26-5\/\">plus d&#039;informations<\/a><\/p><p><h4><a href=\"https:\/\/www.silvereco.org\/festival\/fr\/w26-9-7-4\/\">Telecare 2030: What Will Have Disappeared, and What Will Remain?<\/a><\/h4><div class=\"lcp_excerpt\"><p><!-- wp:group {\"style\":{\"color\":{\"background\":\"#a7c0d1\"},\"spacing\":{\"padding\":{\"top\":\"var:preset|spacing|20\",\"bottom\":\"var:preset|spacing|20\",\"left\":\"var:preset|spacing|20\",\"right\":\"var:preset|spacing|20\"},\"margin\":{\"bottom\":\"0\"},\"blockGap\":\"0\"}},\"layout\":{\"type\":\"constrained\"}} --><\/p>\n<div class=\"wp-block-group has-background\" style=\"background-color:#a7c0d1;margin-bottom:0;padding-top:var(--wp--preset--spacing--20);padding-right:var(--wp--preset--spacing--20);padding-bottom:var(--wp--preset--spacing--20);padding-left:var(--wp--preset--spacing--20)\"><!-- wp:heading {\"level\":3,\"fontSize\":\"medium\"} --><\/p>\n<h3 class=\"wp-block-heading has-medium-font-size\">Table Ronde \/ T\u00e9l\u00e9assistance 2030 : ce qui aura disparu, ce qui restera ? \u00bb<\/h3>\n<p><!-- \/wp:heading --><\/p>\n<p><!-- wp:heading {\"level\":3,\"fontSize\":\"medium\"} --><\/p>\n<h3 class=\"wp-block-heading has-medium-font-size\">Panel Discussion \/ Telecare 2030: What Will Have Disappeared, and What Will Remain?<\/h3>\n<p><!-- \/wp:heading --><\/p>\n<p><!-- wp:paragraph --><\/p>\n<p><strong><strong>14 Sept 2026 &#8211; 15:00 \/\/ Hall A<\/strong><\/strong><\/p>\n<p><!-- \/wp:paragraph --><\/p>\n<p><!-- wp:more --><\/p>\n<\/div><a href=\"https:\/\/www.silvereco.org\/festival\/fr\/w26-9-7-4\/\">plus d&#039;informations<\/a><\/p><p><h4><a href=\"https:\/\/www.silvereco.org\/festival\/fr\/sessions-networking-speed-meetings-2\/\">Sessions Networking &amp; Matchmaking<\/a><\/h4><div class=\"lcp_excerpt\"><p><!-- wp:group {\"style\":{\"color\":{\"background\":\"#f2bbbb\"},\"spacing\":{\"padding\":{\"top\":\"var:preset|spacing|20\",\"bottom\":\"var:preset|spacing|20\",\"left\":\"var:preset|spacing|20\",\"right\":\"var:preset|spacing|20\"},\"margin\":{\"bottom\":\"0\"},\"blockGap\":\"0\"}},\"layout\":{\"type\":\"constrained\"}} --><\/p>\n<div class=\"wp-block-group has-background\" style=\"background-color:#f2bbbb;margin-bottom:0;padding-top:var(--wp--preset--spacing--20);padding-right:var(--wp--preset--spacing--20);padding-bottom:var(--wp--preset--spacing--20);padding-left:var(--wp--preset--spacing--20)\"><!-- wp:heading {\"level\":3} --><\/p>\n<h3 class=\"wp-block-heading\">Sessions Networking &amp; Speed Meetings<\/h3>\n<p><!-- \/wp:heading --><\/p>\n<p><!-- wp:paragraph --><\/p>\n<p><strong>1<strong>4 Sept 2026 &#8211; de 15h00 \u00e0 17h00<\/strong> \/\/ from 15:00 until 17:00<\/strong><\/p>\n<p><!-- \/wp:paragraph --><\/p>\n<p><!-- wp:more --><\/p>\n<\/div><a href=\"https:\/\/www.silvereco.org\/festival\/fr\/sessions-networking-speed-meetings-2\/\">plus d&#039;informations<\/a><\/p><p><h4><a href=\"https:\/\/www.silvereco.org\/festival\/fr\/w26-6\/\">Remote Patient Monitoring: Transforming Care Pathways and Healthcare Sustainability<\/a><\/h4><div class=\"lcp_excerpt\"><p><!-- wp:group {\"style\":{\"color\":{\"background\":\"#a7c0d1\"},\"spacing\":{\"padding\":{\"top\":\"var:preset|spacing|20\",\"bottom\":\"var:preset|spacing|20\",\"left\":\"var:preset|spacing|20\",\"right\":\"var:preset|spacing|20\"},\"margin\":{\"bottom\":\"0\"},\"blockGap\":\"0\"}},\"layout\":{\"type\":\"constrained\"}} --><\/p>\n<div class=\"wp-block-group has-background\" style=\"background-color:#a7c0d1;margin-bottom:0;padding-top:var(--wp--preset--spacing--20);padding-right:var(--wp--preset--spacing--20);padding-bottom:var(--wp--preset--spacing--20);padding-left:var(--wp--preset--spacing--20)\"><!-- wp:heading {\"level\":3,\"fontSize\":\"medium\"} --><\/p>\n<h3 class=\"wp-block-heading has-medium-font-size\">Atelier \/ T\u00e9l\u00e9surveillance m\u00e9dicale : quel impact pour les parcours de sant\u00e9 et l\u2019efficience du syst\u00e8me de soins ?<\/h3>\n<p><!-- \/wp:heading --><\/p>\n<p><!-- wp:heading {\"level\":3,\"fontSize\":\"medium\"} --><\/p>\n<h3 class=\"wp-block-heading has-medium-font-size\">Workshop \/ Can remote patient monitoring change the way we care for frail older adults?<\/h3>\n<p><!-- \/wp:heading --><\/p>\n<p><!-- wp:paragraph --><\/p>\n<p><strong><strong>14 Sept 2026 &#8211; 15:30 \/\/ Agora 1<\/strong><\/strong><\/p>\n<p><!-- \/wp:paragraph --><\/p>\n<p><!-- wp:more --><\/p>\n<\/div><a href=\"https:\/\/www.silvereco.org\/festival\/fr\/w26-6\/\">plus d&#039;informations<\/a><\/p><p><h4><a href=\"https:\/\/www.silvereco.org\/festival\/fr\/w26-9-7-3\/\">Observing to Better Prevent: A Behavioural Observatory Supporting Ageing at Home<\/a><\/h4><div class=\"lcp_excerpt\"><p><!-- wp:group {\"style\":{\"color\":{\"background\":\"#a7c0d1\"},\"spacing\":{\"padding\":{\"top\":\"var:preset|spacing|20\",\"bottom\":\"var:preset|spacing|20\",\"left\":\"var:preset|spacing|20\",\"right\":\"var:preset|spacing|20\"},\"margin\":{\"bottom\":\"0\"},\"blockGap\":\"0\"}},\"layout\":{\"type\":\"constrained\"}} --><\/p>\n<div class=\"wp-block-group has-background\" style=\"background-color:#a7c0d1;margin-bottom:0;padding-top:var(--wp--preset--spacing--20);padding-right:var(--wp--preset--spacing--20);padding-bottom:var(--wp--preset--spacing--20);padding-left:var(--wp--preset--spacing--20)\"><!-- wp:heading {\"level\":3,\"fontSize\":\"medium\"} --><\/p>\n<h3 class=\"wp-block-heading has-medium-font-size\">Table Ronde \/Observer pour mieux pr\u00e9venir : un observatoire comportemental au service du maintien \u00e0 domicile<\/h3>\n<p><!-- \/wp:heading --><\/p>\n<p><!-- wp:heading {\"level\":3,\"fontSize\":\"medium\"} --><\/p>\n<h3 class=\"wp-block-heading has-medium-font-size\">Panel Discussion \/ Observing to Better Prevent: A Behavioural Observatory Supporting Ageing at Home<\/h3>\n<p><!-- \/wp:heading --><\/p>\n<p><!-- wp:paragraph --><\/p>\n<p><strong><strong>14 Sept 2026 &#8211; 16:00 \/\/ Hall A<\/strong><\/strong><\/p>\n<p><!-- \/wp:paragraph --><\/p>\n<p><!-- wp:more --><\/p>\n<\/div><a href=\"https:\/\/www.silvereco.org\/festival\/fr\/w26-9-7-3\/\">plus d&#039;informations<\/a><\/p><p><h4><a href=\"https:\/\/www.silvereco.org\/festival\/fr\/w26-9-7-2\/\">THCS in Action: Transforming Ageing Care Pathways Through Innovative Solutions<\/a><\/h4><div class=\"lcp_excerpt\"><p><!-- wp:group {\"style\":{\"color\":{\"background\":\"#a7c0d1\"},\"spacing\":{\"padding\":{\"top\":\"var:preset|spacing|20\",\"bottom\":\"var:preset|spacing|20\",\"left\":\"var:preset|spacing|20\",\"right\":\"var:preset|spacing|20\"},\"margin\":{\"bottom\":\"0\"},\"blockGap\":\"0\"}},\"layout\":{\"type\":\"constrained\"}} --><\/p>\n<div class=\"wp-block-group has-background\" style=\"background-color:#a7c0d1;margin-bottom:0;padding-top:var(--wp--preset--spacing--20);padding-right:var(--wp--preset--spacing--20);padding-bottom:var(--wp--preset--spacing--20);padding-left:var(--wp--preset--spacing--20)\"><!-- wp:heading {\"level\":3,\"fontSize\":\"medium\"} --><\/p>\n<h3 class=\"wp-block-heading has-medium-font-size\">Table Ronde \/ THCS en action : transformer les parcours de sant\u00e9 li\u00e9s au vieillissement gr\u00e2ce \u00e0 l&#8217;innovation<\/h3>\n<p><!-- \/wp:heading --><\/p>\n<p><!-- wp:heading {\"level\":3,\"fontSize\":\"medium\"} --><\/p>\n<h3 class=\"wp-block-heading has-medium-font-size\">Panel Discussion \/ THCS in Action: Transforming Ageing Care Pathways Through Innovative Solutions<\/h3>\n<p><!-- \/wp:heading --><\/p>\n<p><!-- wp:paragraph --><\/p>\n<p><strong><strong> 14 Sept 2026 &#8211; 17:00 \/\/ Hall A<\/strong><\/strong><\/p>\n<p><!-- \/wp:paragraph --><\/p>\n<p><!-- wp:more --><\/p>\n<\/div><a href=\"https:\/\/www.silvereco.org\/festival\/fr\/w26-9-7-2\/\">plus d&#039;informations<\/a><\/p><p><h4><a href=\"https:\/\/www.silvereco.org\/festival\/fr\/silvernight\/\">SilverNight 2026<\/a><\/h4><div class=\"lcp_excerpt\"><p><!-- wp:group {\"style\":{\"color\":{\"background\":\"#f2bbbb\"},\"spacing\":{\"padding\":{\"top\":\"var:preset|spacing|20\",\"bottom\":\"var:preset|spacing|20\",\"left\":\"var:preset|spacing|20\",\"right\":\"var:preset|spacing|20\"},\"margin\":{\"bottom\":\"0\"},\"blockGap\":\"0\"}},\"layout\":{\"type\":\"constrained\"}} --><\/p>\n<div class=\"wp-block-group has-background\" style=\"background-color:#f2bbbb;margin-bottom:0;padding-top:var(--wp--preset--spacing--20);padding-right:var(--wp--preset--spacing--20);padding-bottom:var(--wp--preset--spacing--20);padding-left:var(--wp--preset--spacing--20)\"><!-- wp:heading {\"level\":3} --><\/p>\n<h3 class=\"wp-block-heading\">SilverNight 2026<\/h3>\n<p><!-- \/wp:heading --><\/p>\n<p><!-- wp:paragraph --><\/p>\n<p><strong>14 Sept 2026 &#8211; 18:00 \/ Accueil du Public \u00e0 17h30 (Public Reception at 17:30)<br \/>Grand Auditorium du Palais des Festivals de Cannes<\/strong> \/ <strong>Grand Auditorium of the Palais des Festivals of Cannes<\/strong><\/p>\n<p><!-- \/wp:paragraph --><\/p>\n<p><!-- wp:more --><\/p>\n<\/div><a href=\"https:\/\/www.silvereco.org\/festival\/fr\/silvernight\/\">plus d&#039;informations<\/a><\/p><p><h4><a href=\"https:\/\/www.silvereco.org\/festival\/fr\/cocktail-networking\/\">Cocktail Networking<\/a><\/h4><div class=\"lcp_excerpt\"><p><!-- wp:group {\"style\":{\"color\":{\"background\":\"#f2bbbb\"},\"spacing\":{\"padding\":{\"top\":\"var:preset|spacing|20\",\"bottom\":\"var:preset|spacing|20\",\"left\":\"var:preset|spacing|20\",\"right\":\"var:preset|spacing|20\"},\"margin\":{\"bottom\":\"0\"},\"blockGap\":\"0\"}},\"layout\":{\"type\":\"constrained\"}} --><\/p>\n<div class=\"wp-block-group has-background\" style=\"background-color:#f2bbbb;margin-bottom:0;padding-top:var(--wp--preset--spacing--20);padding-right:var(--wp--preset--spacing--20);padding-bottom:var(--wp--preset--spacing--20);padding-left:var(--wp--preset--spacing--20)\"><!-- wp:heading {\"level\":3} --><\/p>\n<h3 class=\"wp-block-heading\">Cocktail Networking<\/h3>\n<p><!-- \/wp:heading --><\/p>\n<p><!-- wp:paragraph --><\/p>\n<p><strong>14 Sept 2026 &#8211;<strong> 20:00 \/\/ Hall A<\/strong><\/strong><\/p>\n<p><!-- \/wp:paragraph --><\/p>\n<p><!-- wp:more --><\/p>\n<\/div><a href=\"https:\/\/www.silvereco.org\/festival\/fr\/cocktail-networking\/\">plus d&#039;informations<\/a><\/p><\/div><\/h4>\n\n\n\n<p class=\"wp-block-paragraph\"><\/p>\n\n\n\n<h4 class=\"wp-block-heading has-ast-global-color-0-color has-text-color uag-hide-desktop uag-hide-tab uag-hide-mob\">Mardi 21 Octobre 2025<div class=\"lcp_catlist\" id=\"lcp_instance_0\"><p><h4><a href=\"https:\/\/www.silvereco.org\/festival\/fr\/expo-forum-silvereco\/\">Expo Forum SilverEco<\/a><\/h4><div class=\"lcp_excerpt\"><p><!-- wp:group {\"style\":{\"color\":{\"background\":\"#f2bbbb\"},\"spacing\":{\"padding\":{\"top\":\"var:preset|spacing|20\",\"bottom\":\"var:preset|spacing|20\",\"left\":\"var:preset|spacing|20\",\"right\":\"var:preset|spacing|20\"},\"margin\":{\"bottom\":\"0\"},\"blockGap\":\"0\"}},\"layout\":{\"type\":\"constrained\"}} --><\/p>\n<div class=\"wp-block-group has-background\" style=\"background-color:#f2bbbb;margin-bottom:0;padding-top:var(--wp--preset--spacing--20);padding-right:var(--wp--preset--spacing--20);padding-bottom:var(--wp--preset--spacing--20);padding-left:var(--wp--preset--spacing--20)\"><!-- wp:heading {\"level\":3} --><\/p>\n<h3 class=\"wp-block-heading\">Expo Forum SilverEco<\/h3>\n<p><!-- \/wp:heading --><\/p>\n<p><!-- wp:paragraph --><\/p>\n<p><strong><strong>15 Sept 2026 &#8211; de 9h00 \u00e0 16h00<\/strong> \/\/ from 9:00 until 16:00<\/strong><br \/><strong>Hall A \/\/ Hall B \/\/ Hall C<\/strong><\/p>\n<p><!-- \/wp:paragraph --><\/p>\n<p><!-- wp:more --><\/p>\n<\/div><a href=\"https:\/\/www.silvereco.org\/festival\/fr\/expo-forum-silvereco\/\">plus d&#039;informations<\/a><\/p><p><h4><a href=\"https:\/\/www.silvereco.org\/festival\/fr\/sessions-networking-speed-meetings\/\">Sessions Networking &amp; Matchmaking<\/a><\/h4><div class=\"lcp_excerpt\"><p><!-- wp:group {\"style\":{\"color\":{\"background\":\"#f2bbbb\"},\"spacing\":{\"padding\":{\"top\":\"var:preset|spacing|20\",\"bottom\":\"var:preset|spacing|20\",\"left\":\"var:preset|spacing|20\",\"right\":\"var:preset|spacing|20\"},\"margin\":{\"bottom\":\"0\"},\"blockGap\":\"0\"}},\"layout\":{\"type\":\"constrained\"}} --><\/p>\n<div class=\"wp-block-group has-background\" style=\"background-color:#f2bbbb;margin-bottom:0;padding-top:var(--wp--preset--spacing--20);padding-right:var(--wp--preset--spacing--20);padding-bottom:var(--wp--preset--spacing--20);padding-left:var(--wp--preset--spacing--20)\"><!-- wp:heading {\"level\":3} --><\/p>\n<h3 class=\"wp-block-heading\">Sessions Networking &amp; Speed Meetings<\/h3>\n<p><!-- \/wp:heading --><\/p>\n<p><!-- wp:paragraph --><\/p>\n<p><strong><strong>1<strong>5 Sept 2026 &#8211; de 9h00 \u00e0 16h00<\/strong> \/\/ from 09:00 until 16:00<\/strong><\/strong><\/p>\n<p><!-- \/wp:paragraph --><\/p>\n<p><!-- wp:more --><\/p>\n<\/div><a href=\"https:\/\/www.silvereco.org\/festival\/fr\/sessions-networking-speed-meetings\/\">plus d&#039;informations<\/a><\/p><p><h4><a href=\"https:\/\/www.silvereco.org\/festival\/fr\/w26-9-7-8-6\/\">AI and Predictive Technologies for Ageing Well<\/a><\/h4><div class=\"lcp_excerpt\"><p><!-- wp:group {\"style\":{\"color\":{\"background\":\"#a7c0d1\"},\"spacing\":{\"padding\":{\"top\":\"var:preset|spacing|20\",\"bottom\":\"var:preset|spacing|20\",\"left\":\"var:preset|spacing|20\",\"right\":\"var:preset|spacing|20\"},\"margin\":{\"bottom\":\"0\"},\"blockGap\":\"0\"}},\"layout\":{\"type\":\"constrained\"}} --><\/p>\n<div class=\"wp-block-group has-background\" style=\"background-color:#a7c0d1;margin-bottom:0;padding-top:var(--wp--preset--spacing--20);padding-right:var(--wp--preset--spacing--20);padding-bottom:var(--wp--preset--spacing--20);padding-left:var(--wp--preset--spacing--20)\"><!-- wp:heading {\"level\":3,\"fontSize\":\"medium\"} --><\/p>\n<h3 class=\"wp-block-heading has-medium-font-size\">Table Ronde \/ IA et technologies pr\u00e9dictives au service du bien-vieillir<\/h3>\n<p><!-- \/wp:heading --><\/p>\n<p><!-- wp:heading {\"level\":3,\"fontSize\":\"medium\"} --><\/p>\n<h3 class=\"wp-block-heading has-medium-font-size\">Panel Discussion \/ AI and Predictive Technologies for Ageing Well<\/h3>\n<p><!-- \/wp:heading --><\/p>\n<p><!-- wp:paragraph --><\/p>\n<p><strong><strong>15 Sept 2026 &#8211; 10:00 \/\/ Hall A<\/strong><\/strong><\/p>\n<p><!-- \/wp:paragraph --><\/p>\n<p><!-- wp:more --><\/p>\n<\/div><a href=\"https:\/\/www.silvereco.org\/festival\/fr\/w26-9-7-8-6\/\">plus d&#039;informations<\/a><\/p><p><h4><a href=\"https:\/\/www.silvereco.org\/festival\/fr\/w26-9-2\/\">Silver Economy: A Driver of Growth and Innovation for Regions<\/a><\/h4><div class=\"lcp_excerpt\"><p><!-- wp:group {\"style\":{\"color\":{\"background\":\"#a7c0d1\"},\"spacing\":{\"padding\":{\"top\":\"var:preset|spacing|20\",\"bottom\":\"var:preset|spacing|20\",\"left\":\"var:preset|spacing|20\",\"right\":\"var:preset|spacing|20\"},\"margin\":{\"bottom\":\"0\"},\"blockGap\":\"0\"}},\"layout\":{\"type\":\"constrained\"}} --><\/p>\n<div class=\"wp-block-group has-background\" style=\"background-color:#a7c0d1;margin-bottom:0;padding-top:var(--wp--preset--spacing--20);padding-right:var(--wp--preset--spacing--20);padding-bottom:var(--wp--preset--spacing--20);padding-left:var(--wp--preset--spacing--20)\"><!-- wp:heading {\"level\":3,\"fontSize\":\"medium\"} --><\/p>\n<h3 class=\"wp-block-heading has-medium-font-size\">Atelier \/ La Silver \u00c9conomie : un moteur de croissance et d&#8217;innovation pour les territoires<\/h3>\n<p><!-- \/wp:heading --><\/p>\n<p><!-- wp:heading {\"level\":3,\"fontSize\":\"medium\"} --><\/p>\n<h3 class=\"wp-block-heading has-medium-font-size\">Workshop \/ Silver Economy: A Driver of Growth and Innovation for Regions<\/h3>\n<p><!-- \/wp:heading --><\/p>\n<p><!-- wp:paragraph --><\/p>\n<p><strong><strong>15 Sept 2026 &#8211; 10:30 \/\/ Agora 1<\/strong><\/strong><\/p>\n<p><!-- \/wp:paragraph --><\/p>\n<p><!-- wp:more --><\/p>\n<\/div><a href=\"https:\/\/www.silvereco.org\/festival\/fr\/w26-9-2\/\">plus d&#039;informations<\/a><\/p><p><h4><a href=\"https:\/\/www.silvereco.org\/festival\/fr\/w26-9-7-8-4\/\">Demographic Challenge: Companies Must Support Their Working Caregivers!<\/a><\/h4><div class=\"lcp_excerpt\"><p><!-- wp:group {\"style\":{\"color\":{\"background\":\"#a7c0d1\"},\"spacing\":{\"padding\":{\"top\":\"var:preset|spacing|20\",\"bottom\":\"var:preset|spacing|20\",\"left\":\"var:preset|spacing|20\",\"right\":\"var:preset|spacing|20\"},\"margin\":{\"bottom\":\"0\"},\"blockGap\":\"0\"}},\"layout\":{\"type\":\"constrained\"}} --><\/p>\n<div class=\"wp-block-group has-background\" style=\"background-color:#a7c0d1;margin-bottom:0;padding-top:var(--wp--preset--spacing--20);padding-right:var(--wp--preset--spacing--20);padding-bottom:var(--wp--preset--spacing--20);padding-left:var(--wp--preset--spacing--20)\"><!-- wp:heading {\"level\":3,\"fontSize\":\"medium\"} --><\/p>\n<h3 class=\"wp-block-heading has-medium-font-size\">Table Ronde \/ Choc d\u00e9mographique : les entreprises doivent soutenir leurs salari\u00e9.e.s aidant.e.s !<\/h3>\n<p><!-- \/wp:heading --><\/p>\n<p><!-- wp:heading {\"level\":3,\"fontSize\":\"medium\"} --><\/p>\n<h3 class=\"wp-block-heading has-medium-font-size\">Panel Discussion \/ Demographic Challenge: Companies Must Support Their Working Caregivers!<\/h3>\n<p><!-- \/wp:heading --><\/p>\n<p><!-- wp:paragraph --><\/p>\n<p><strong><strong>15 Sept 2026 &#8211; 11:00 \/\/ Hall A<\/strong><\/strong><\/p>\n<p><!-- \/wp:paragraph --><\/p>\n<p><!-- wp:more --><\/p>\n<\/div><a href=\"https:\/\/www.silvereco.org\/festival\/fr\/w26-9-7-8-4\/\">plus d&#039;informations<\/a><\/p><p><h4><a href=\"https:\/\/www.silvereco.org\/festival\/fr\/w26-9-3\/\">Territories and Senior Housing: Building the Solutions of Tomorrow<\/a><\/h4><div class=\"lcp_excerpt\"><p><!-- wp:group {\"style\":{\"color\":{\"background\":\"#a7c0d1\"},\"spacing\":{\"padding\":{\"top\":\"var:preset|spacing|20\",\"bottom\":\"var:preset|spacing|20\",\"left\":\"var:preset|spacing|20\",\"right\":\"var:preset|spacing|20\"},\"margin\":{\"bottom\":\"0\"},\"blockGap\":\"0\"}},\"layout\":{\"type\":\"constrained\"}} --><\/p>\n<div class=\"wp-block-group has-background\" style=\"background-color:#a7c0d1;margin-bottom:0;padding-top:var(--wp--preset--spacing--20);padding-right:var(--wp--preset--spacing--20);padding-bottom:var(--wp--preset--spacing--20);padding-left:var(--wp--preset--spacing--20)\"><!-- wp:heading {\"level\":3,\"fontSize\":\"medium\"} --><\/p>\n<h3 class=\"wp-block-heading has-medium-font-size\">Atelier \/ Territoires : Comment R\u00e9pondre aux D\u00e9fis de l&#8217;Habitat S\u00e9nior ?<\/h3>\n<p><!-- \/wp:heading --><\/p>\n<p><!-- wp:heading {\"level\":3,\"fontSize\":\"medium\"} --><\/p>\n<h3 class=\"wp-block-heading has-medium-font-size\">Workshop \/ Territories: How Can We Address the Challenges of Senior Housing?<\/h3>\n<p><!-- \/wp:heading --><\/p>\n<p><!-- wp:paragraph --><\/p>\n<p><strong><strong>15 Sept 2026 &#8211; 11:30 \/\/ Agora 1<\/strong><\/strong><\/p>\n<p><!-- \/wp:paragraph --><\/p>\n<p><!-- wp:more --><\/p>\n<\/div><a href=\"https:\/\/www.silvereco.org\/festival\/fr\/w26-9-3\/\">plus d&#039;informations<\/a><\/p><p><h4><a href=\"https:\/\/www.silvereco.org\/festival\/fr\/w26-10\/\">Employment of the 50+ Workforce: Turning Population Ageing into a Strategic Opportunity for Businesses<\/a><\/h4><div class=\"lcp_excerpt\"><p><!-- wp:group {\"style\":{\"color\":{\"background\":\"#a7c0d1\"},\"spacing\":{\"padding\":{\"top\":\"var:preset|spacing|20\",\"bottom\":\"var:preset|spacing|20\",\"left\":\"var:preset|spacing|20\",\"right\":\"var:preset|spacing|20\"},\"margin\":{\"bottom\":\"0\"},\"blockGap\":\"0\"}},\"layout\":{\"type\":\"constrained\"}} --><\/p>\n<div class=\"wp-block-group has-background\" style=\"background-color:#a7c0d1;margin-bottom:0;padding-top:var(--wp--preset--spacing--20);padding-right:var(--wp--preset--spacing--20);padding-bottom:var(--wp--preset--spacing--20);padding-left:var(--wp--preset--spacing--20)\"><!-- wp:heading {\"level\":3,\"fontSize\":\"medium\"} --><\/p>\n<h3 class=\"wp-block-heading has-medium-font-size\">Table Ronde \/ Emploi des 50+ : transformer le vieillissement de la population active en opportunit\u00e9 pour les entreprises<\/h3>\n<p><!-- \/wp:heading --><\/p>\n<p><!-- wp:heading {\"level\":3,\"fontSize\":\"medium\"} --><\/p>\n<h3 class=\"wp-block-heading has-medium-font-size\">Panel Discussion \/ Employment of the 50+ Workforce: Turning Population Ageing into a Strategic Opportunity for Businesses<\/h3>\n<p><!-- \/wp:heading --><\/p>\n<p><!-- wp:paragraph --><\/p>\n<p><strong><strong><strong><strong>15 Sept 2026 &#8211; 12:00 \/\/ Hall A<\/strong><\/strong><\/strong><\/strong><\/p>\n<p><!-- \/wp:paragraph --><\/p>\n<p><!-- wp:more --><\/p>\n<\/div><a href=\"https:\/\/www.silvereco.org\/festival\/fr\/w26-10\/\">plus d&#039;informations<\/a><\/p><p><h4><a href=\"https:\/\/www.silvereco.org\/festival\/fr\/w26-9-4\/\">From Consultation to Action: What Role for Older Adults in Shaping Ageing Policies?<\/a><\/h4><div class=\"lcp_excerpt\"><p><!-- wp:group {\"style\":{\"color\":{\"background\":\"#a7c0d1\"},\"spacing\":{\"padding\":{\"top\":\"var:preset|spacing|20\",\"bottom\":\"var:preset|spacing|20\",\"left\":\"var:preset|spacing|20\",\"right\":\"var:preset|spacing|20\"},\"margin\":{\"bottom\":\"0\"},\"blockGap\":\"0\"}},\"layout\":{\"type\":\"constrained\"}} --><\/p>\n<div class=\"wp-block-group has-background\" style=\"background-color:#a7c0d1;margin-bottom:0;padding-top:var(--wp--preset--spacing--20);padding-right:var(--wp--preset--spacing--20);padding-bottom:var(--wp--preset--spacing--20);padding-left:var(--wp--preset--spacing--20)\"><!-- wp:heading {\"level\":3,\"fontSize\":\"medium\"} --><\/p>\n<h3 class=\"wp-block-heading has-medium-font-size\">Atelier \/ De la concertation \u00e0 l&#8217;action : quelle place pour les usagers dans les politiques du grand \u00e2ge ?<\/h3>\n<p><!-- \/wp:heading --><\/p>\n<p><!-- wp:heading {\"level\":3,\"fontSize\":\"medium\"} --><\/p>\n<h3 class=\"wp-block-heading has-medium-font-size\">Workshop \/ From Consultation to Action: What Role for Older Adults in Shaping Ageing Policies?<\/h3>\n<p><!-- \/wp:heading --><\/p>\n<p><!-- wp:paragraph --><\/p>\n<p><strong><strong>15 Sept 2026 &#8211; 13:30 \/\/ Agora 1<\/strong><\/strong><\/p>\n<p><!-- \/wp:paragraph --><\/p>\n<p><!-- wp:more --><\/p>\n<\/div><a href=\"https:\/\/www.silvereco.org\/festival\/fr\/w26-9-4\/\">plus d&#039;informations<\/a><\/p><p><h4><a href=\"https:\/\/www.silvereco.org\/festival\/fr\/w26-9-7-8-2\/\">Innovation Ecosystems: Accelerating Healthy Ageing Across Europe<\/a><\/h4><div class=\"lcp_excerpt\"><p><!-- wp:group {\"style\":{\"color\":{\"background\":\"#a7c0d1\"},\"spacing\":{\"padding\":{\"top\":\"var:preset|spacing|20\",\"bottom\":\"var:preset|spacing|20\",\"left\":\"var:preset|spacing|20\",\"right\":\"var:preset|spacing|20\"},\"margin\":{\"bottom\":\"0\"},\"blockGap\":\"0\"}},\"layout\":{\"type\":\"constrained\"}} --><\/p>\n<div class=\"wp-block-group has-background\" style=\"background-color:#a7c0d1;margin-bottom:0;padding-top:var(--wp--preset--spacing--20);padding-right:var(--wp--preset--spacing--20);padding-bottom:var(--wp--preset--spacing--20);padding-left:var(--wp--preset--spacing--20)\"><!-- wp:heading {\"level\":3,\"fontSize\":\"medium\"} --><\/p>\n<h3 class=\"wp-block-heading has-medium-font-size\">Table Ronde \/ \u00c9cosyst\u00e8mes d\u2019innovation : acc\u00e9l\u00e9rer le bien-vieillir en Europe<\/h3>\n<p><!-- \/wp:heading --><\/p>\n<p><!-- wp:heading {\"level\":3,\"fontSize\":\"medium\"} --><\/p>\n<h3 class=\"wp-block-heading has-medium-font-size\">Panel Discussion \/ Innovation Ecosystems: Accelerating Healthy Ageing Across Europe<\/h3>\n<p><!-- \/wp:heading --><\/p>\n<p><!-- wp:paragraph --><\/p>\n<p><strong><strong>15 Sept 2026 &#8211; 13:30 \/\/ Hall A<\/strong><\/strong><\/p>\n<p><!-- \/wp:paragraph --><\/p>\n<p><!-- wp:more --><\/p>\n<\/div><a href=\"https:\/\/www.silvereco.org\/festival\/fr\/w26-9-7-8-2\/\">plus d&#039;informations<\/a><\/p><p><h4><a href=\"https:\/\/www.silvereco.org\/festival\/fr\/w26-9-5\/\">Ageing Well : Build a connected care ecosystem<\/a><\/h4><div class=\"lcp_excerpt\"><p><!-- wp:group {\"style\":{\"color\":{\"background\":\"#a7c0d1\"},\"spacing\":{\"padding\":{\"top\":\"var:preset|spacing|20\",\"bottom\":\"var:preset|spacing|20\",\"left\":\"var:preset|spacing|20\",\"right\":\"var:preset|spacing|20\"},\"margin\":{\"bottom\":\"0\"},\"blockGap\":\"0\"}},\"layout\":{\"type\":\"constrained\"}} --><\/p>\n<div class=\"wp-block-group has-background\" style=\"background-color:#a7c0d1;margin-bottom:0;padding-top:var(--wp--preset--spacing--20);padding-right:var(--wp--preset--spacing--20);padding-bottom:var(--wp--preset--spacing--20);padding-left:var(--wp--preset--spacing--20)\"><!-- wp:heading {\"level\":3,\"fontSize\":\"medium\"} --><\/p>\n<h3 class=\"wp-block-heading has-medium-font-size\">Atelier \/ Bien-Vieillir : Construire un \u00e9cosyst\u00e8me de soins connect\u00e9s<\/h3>\n<p><!-- \/wp:heading --><\/p>\n<p><!-- wp:heading {\"level\":3,\"fontSize\":\"medium\"} --><\/p>\n<h3 class=\"wp-block-heading has-medium-font-size\">Workshop \/ Ageing Well : Build a connected care ecosystem<\/h3>\n<p><!-- \/wp:heading --><\/p>\n<p><!-- wp:paragraph --><\/p>\n<p><strong><strong>15 Sept 2026 &#8211; 14:30 \/\/ Agora 1<\/strong><\/strong><\/p>\n<p><!-- \/wp:paragraph --><\/p>\n<p><!-- wp:more --><\/p>\n<\/div><a href=\"https:\/\/www.silvereco.org\/festival\/fr\/w26-9-5\/\">plus d&#039;informations<\/a><\/p><p><h4><a href=\"https:\/\/www.silvereco.org\/festival\/fr\/w26-9-7-8-3-2\/\">SilverTech &amp; Innovation: Technologies Shaping the Future of Healthy Ageing<\/a><\/h4><div class=\"lcp_excerpt\"><p><!-- wp:group {\"style\":{\"color\":{\"background\":\"#a7c0d1\"},\"spacing\":{\"padding\":{\"top\":\"var:preset|spacing|20\",\"bottom\":\"var:preset|spacing|20\",\"left\":\"var:preset|spacing|20\",\"right\":\"var:preset|spacing|20\"},\"margin\":{\"bottom\":\"0\"},\"blockGap\":\"0\"}},\"layout\":{\"type\":\"constrained\"}} --><\/p>\n<div class=\"wp-block-group has-background\" style=\"background-color:#a7c0d1;margin-bottom:0;padding-top:var(--wp--preset--spacing--20);padding-right:var(--wp--preset--spacing--20);padding-bottom:var(--wp--preset--spacing--20);padding-left:var(--wp--preset--spacing--20)\"><!-- wp:heading {\"level\":3,\"fontSize\":\"medium\"} --><\/p>\n<h3 class=\"wp-block-heading has-medium-font-size\">Table Ronde \/ SilverTech &amp; innovation : les technologies qui fa\u00e7onnent le bien-vieillir<\/h3>\n<p><!-- \/wp:heading --><\/p>\n<p><!-- wp:heading {\"level\":3,\"fontSize\":\"medium\"} --><\/p>\n<h3 class=\"wp-block-heading has-medium-font-size\">Panel Discussion \/ SilverTech &amp; Innovation: Technologies Shaping the Future of Healthy Ageing<\/h3>\n<p><!-- \/wp:heading --><\/p>\n<p><!-- wp:paragraph --><\/p>\n<p><strong><strong>15 Sept 2026 &#8211; 14:30 \/\/ Hall A<\/strong><\/strong><\/p>\n<p><!-- \/wp:paragraph --><\/p>\n<p><!-- wp:more --><\/p>\n<\/div><a href=\"https:\/\/www.silvereco.org\/festival\/fr\/w26-9-7-8-3-2\/\">plus d&#039;informations<\/a><\/p><\/div><\/h4>\n\n\n\n<p class=\"wp-block-paragraph\"><\/p>\n\n\n\n<div style=\"height:10px\" aria-hidden=\"true\" class=\"wp-block-spacer\"><\/div>\n\n\n\n<div class=\"wp-block-uagb-buttons uagb-buttons__outer-wrap uagb-btn__default-btn uagb-btn-tablet__default-btn uagb-btn-mobile__default-btn uagb-block-1538a745\"><div class=\"uagb-buttons__wrap uagb-buttons-layout-wrap \">\n<div class=\"wp-block-uagb-buttons-child uagb-buttons__outer-wrap uagb-block-9f7ae1d0 wp-block-button\"><div class=\"uagb-button__wrapper\"><a class=\"uagb-buttons-repeater wp-block-button__link\" aria-label=\"\" href=\"https:\/\/www.silvereco.org\/festival\/fr\/programme\" rel=\"follow noopener\" target=\"_self\" role=\"button\"><div class=\"uagb-button__link\">Le programme G\u00e9n\u00e9ral du Festival \/ The Festival\u2019s General Program<\/div><\/a><\/div><\/div>\n<\/div><\/div>\n\n\n\n<div style=\"height:61px\" aria-hidden=\"true\" class=\"wp-block-spacer\"><\/div>\n","protected":false},"excerpt":{"rendered":"<p>Lundi 20 Octobre 2025 Mardi 21 Octobre 2025<\/p>\n","protected":false},"author":7,"featured_media":0,"parent":0,"menu_order":0,"comment_status":"closed","ping_status":"closed","template":"","meta":{"_uag_custom_page_level_css":"","site-sidebar-layout":"default","site-content-layout":"","ast-site-content-layout":"default","site-content-style":"default","site-sidebar-style":"default","ast-global-header-display":"","ast-banner-title-visibility":"","ast-main-header-display":"","ast-hfb-above-header-display":"","ast-hfb-below-header-display":"","ast-hfb-mobile-header-display":"","site-post-title":"disabled","ast-breadcrumbs-content":"","ast-featured-img":"","footer-sml-layout":"","ast-disable-related-posts":"","theme-transparent-header-meta":"","adv-header-id-meta":"","stick-header-meta":"","header-above-stick-meta":"","header-main-stick-meta":"","header-below-stick-meta":"","astra-migrate-meta-layouts":"set","ast-page-background-enabled":"default","ast-page-background-meta":{"desktop":{"background-color":"var(--ast-global-color-4)","background-image":"","background-repeat":"repeat","background-position":"center center","background-size":"auto","background-attachment":"scroll","background-type":"","background-media":"","overlay-type":"","overlay-color":"","overlay-opacity":"","overlay-gradient":""},"tablet":{"background-color":"","background-image":"","background-repeat":"repeat","background-position":"center center","background-size":"auto","background-attachment":"scroll","background-type":"","background-media":"","overlay-type":"","overlay-color":"","overlay-opacity":"","overlay-gradient":""},"mobile":{"background-color":"","background-image":"","background-repeat":"repeat","background-position":"center center","background-size":"auto","background-attachment":"scroll","background-type":"","background-media":"","overlay-type":"","overlay-color":"","overlay-opacity":"","overlay-gradient":""}},"ast-content-background-meta":{"desktop":{"background-color":"var(--ast-global-color-5)","background-image":"","background-repeat":"repeat","background-position":"center center","background-size":"auto","background-attachment":"scroll","background-type":"","background-media":"","overlay-type":"","overlay-color":"","overlay-opacity":"","overlay-gradient":""},"tablet":{"background-color":"var(--ast-global-color-5)","background-image":"","background-repeat":"repeat","background-position":"center center","background-size":"auto","background-attachment":"scroll","background-type":"","background-media":"","overlay-type":"","overlay-color":"","overlay-opacity":"","overlay-gradient":""},"mobile":{"background-color":"var(--ast-global-color-5)","background-image":"","background-repeat":"repeat","background-position":"center center","background-size":"auto","background-attachment":"scroll","background-type":"","background-media":"","overlay-type":"","overlay-color":"","overlay-opacity":"","overlay-gradient":""}},"ngg_post_thumbnail":0,"footnotes":""},"categories":[],"class_list":["post-48830","page","type-page","status-publish","hentry"],"yoast_head":"<!-- This site is optimized with the Yoast SEO plugin v28.3 - https:\/\/yoast.com\/product\/yoast-seo-wordpress\/ -->\n<title>Living at Home Summit - Salon de la fili\u00e8re Silver \u00e9conomie et Assises Silver Eco Bien-Vieillir<\/title>\n<meta name=\"robots\" content=\"index, follow, max-snippet:-1, max-image-preview:large, max-video-preview:-1\" \/>\n<link rel=\"canonical\" href=\"https:\/\/www.silvereco.org\/festival\/fr\/living-at-home-summit\/\" \/>\n<meta property=\"og:locale\" content=\"fr_FR\" \/>\n<meta property=\"og:type\" content=\"article\" \/>\n<meta property=\"og:title\" content=\"Living at Home Summit - Salon de la fili\u00e8re Silver \u00e9conomie et Assises Silver Eco Bien-Vieillir\" \/>\n<meta property=\"og:description\" content=\"Lundi 20 Octobre 2025 Mardi 21 Octobre 2025\" \/>\n<meta property=\"og:url\" content=\"https:\/\/www.silvereco.org\/festival\/fr\/living-at-home-summit\/\" \/>\n<meta property=\"og:site_name\" content=\"Salon de la fili\u00e8re Silver \u00e9conomie et Assises Silver Eco Bien-Vieillir\" \/>\n<meta property=\"article:modified_time\" content=\"2026-08-27T19:46:59+00:00\" \/>\n<meta property=\"og:image\" content=\"https:\/\/www.silvereco.org\/festival\/fr\/wp-content\/medias\/2023\/12\/living-at-home.png\" \/>\n\t<meta property=\"og:image:width\" content=\"1297\" \/>\n\t<meta property=\"og:image:height\" content=\"969\" \/>\n\t<meta property=\"og:image:type\" content=\"image\/png\" \/>\n<meta name=\"twitter:card\" content=\"summary_large_image\" \/>\n<meta name=\"twitter:label1\" content=\"Dur\u00e9e de lecture estim\u00e9e\" \/>\n\t<meta name=\"twitter:data1\" content=\"1 minute\" \/>\n<script type=\"application\/ld+json\" class=\"yoast-schema-graph\">{\"@context\":\"https:\\\/\\\/schema.org\",\"@graph\":[{\"@type\":\"WebPage\",\"@id\":\"https:\\\/\\\/www.silvereco.org\\\/festival\\\/fr\\\/living-at-home-summit\\\/\",\"url\":\"https:\\\/\\\/www.silvereco.org\\\/festival\\\/fr\\\/living-at-home-summit\\\/\",\"name\":\"Living at Home Summit - Salon de la fili\u00e8re Silver \u00e9conomie et Assises Silver Eco Bien-Vieillir\",\"isPartOf\":{\"@id\":\"https:\\\/\\\/www.silvereco.org\\\/festival\\\/fr\\\/#website\"},\"primaryImageOfPage\":{\"@id\":\"https:\\\/\\\/www.silvereco.org\\\/festival\\\/fr\\\/living-at-home-summit\\\/#primaryimage\"},\"image\":{\"@id\":\"https:\\\/\\\/www.silvereco.org\\\/festival\\\/fr\\\/living-at-home-summit\\\/#primaryimage\"},\"thumbnailUrl\":\"https:\\\/\\\/www.silvereco.org\\\/festival\\\/fr\\\/wp-content\\\/medias\\\/2023\\\/12\\\/living-at-home.png\",\"datePublished\":\"2023-12-12T11:35:56+00:00\",\"dateModified\":\"2026-08-27T19:46:59+00:00\",\"breadcrumb\":{\"@id\":\"https:\\\/\\\/www.silvereco.org\\\/festival\\\/fr\\\/living-at-home-summit\\\/#breadcrumb\"},\"inLanguage\":\"fr-FR\",\"potentialAction\":[{\"@type\":\"ReadAction\",\"target\":[\"https:\\\/\\\/www.silvereco.org\\\/festival\\\/fr\\\/living-at-home-summit\\\/\"]}]},{\"@type\":\"ImageObject\",\"inLanguage\":\"fr-FR\",\"@id\":\"https:\\\/\\\/www.silvereco.org\\\/festival\\\/fr\\\/living-at-home-summit\\\/#primaryimage\",\"url\":\"https:\\\/\\\/www.silvereco.org\\\/festival\\\/fr\\\/wp-content\\\/medias\\\/2023\\\/12\\\/living-at-home.png\",\"contentUrl\":\"https:\\\/\\\/www.silvereco.org\\\/festival\\\/fr\\\/wp-content\\\/medias\\\/2023\\\/12\\\/living-at-home.png\",\"width\":1297,\"height\":969},{\"@type\":\"BreadcrumbList\",\"@id\":\"https:\\\/\\\/www.silvereco.org\\\/festival\\\/fr\\\/living-at-home-summit\\\/#breadcrumb\",\"itemListElement\":[{\"@type\":\"ListItem\",\"position\":1,\"name\":\"Accueil\",\"item\":\"https:\\\/\\\/www.silvereco.org\\\/festival\\\/fr\\\/\"},{\"@type\":\"ListItem\",\"position\":2,\"name\":\"Living at Home Summit\"}]},{\"@type\":\"WebSite\",\"@id\":\"https:\\\/\\\/www.silvereco.org\\\/festival\\\/fr\\\/#website\",\"url\":\"https:\\\/\\\/www.silvereco.org\\\/festival\\\/fr\\\/\",\"name\":\"Salon de la fili\u00e8re Silver \u00e9conomie et Assises Silver Eco\",\"description\":\"International Silver Economy and Ageing Well Festival\",\"publisher\":{\"@id\":\"https:\\\/\\\/www.silvereco.org\\\/festival\\\/fr\\\/#organization\"},\"potentialAction\":[{\"@type\":\"SearchAction\",\"target\":{\"@type\":\"EntryPoint\",\"urlTemplate\":\"https:\\\/\\\/www.silvereco.org\\\/festival\\\/fr\\\/?s={search_term_string}\"},\"query-input\":{\"@type\":\"PropertyValueSpecification\",\"valueRequired\":true,\"valueName\":\"search_term_string\"}}],\"inLanguage\":\"fr-FR\"},{\"@type\":\"Organization\",\"@id\":\"https:\\\/\\\/www.silvereco.org\\\/festival\\\/fr\\\/#organization\",\"name\":\"International Silver Economy and Ageing Well Festival\",\"url\":\"https:\\\/\\\/www.silvereco.org\\\/festival\\\/fr\\\/\",\"logo\":{\"@type\":\"ImageObject\",\"inLanguage\":\"fr-FR\",\"@id\":\"https:\\\/\\\/www.silvereco.org\\\/festival\\\/fr\\\/#\\\/schema\\\/logo\\\/image\\\/\",\"url\":\"https:\\\/\\\/www.silvereco.org\\\/festival\\\/fr\\\/wp-content\\\/medias\\\/2022\\\/12\\\/cropped-festival-silvereco-2020-2-300x93-1.png\",\"contentUrl\":\"https:\\\/\\\/www.silvereco.org\\\/festival\\\/fr\\\/wp-content\\\/medias\\\/2022\\\/12\\\/cropped-festival-silvereco-2020-2-300x93-1.png\",\"width\":300,\"height\":93,\"caption\":\"International Silver Economy and Ageing Well Festival\"},\"image\":{\"@id\":\"https:\\\/\\\/www.silvereco.org\\\/festival\\\/fr\\\/#\\\/schema\\\/logo\\\/image\\\/\"}}]}<\/script>\n<!-- \/ Yoast SEO plugin. -->","yoast_head_json":{"title":"Living at Home Summit - Salon de la fili\u00e8re Silver \u00e9conomie et Assises Silver Eco Bien-Vieillir","robots":{"index":"index","follow":"follow","max-snippet":"max-snippet:-1","max-image-preview":"max-image-preview:large","max-video-preview":"max-video-preview:-1"},"canonical":"https:\/\/www.silvereco.org\/festival\/fr\/living-at-home-summit\/","og_locale":"fr_FR","og_type":"article","og_title":"Living at Home Summit - Salon de la fili\u00e8re Silver \u00e9conomie et Assises Silver Eco Bien-Vieillir","og_description":"Lundi 20 Octobre 2025 Mardi 21 Octobre 2025","og_url":"https:\/\/www.silvereco.org\/festival\/fr\/living-at-home-summit\/","og_site_name":"Salon de la fili\u00e8re Silver \u00e9conomie et Assises Silver Eco Bien-Vieillir","article_modified_time":"2026-08-27T19:46:59+00:00","og_image":[{"width":1297,"height":969,"url":"https:\/\/www.silvereco.org\/festival\/fr\/wp-content\/medias\/2023\/12\/living-at-home.png","type":"image\/png"}],"twitter_card":"summary_large_image","twitter_misc":{"Dur\u00e9e de lecture estim\u00e9e":"1 minute"},"schema":{"@context":"https:\/\/schema.org","@graph":[{"@type":"WebPage","@id":"https:\/\/www.silvereco.org\/festival\/fr\/living-at-home-summit\/","url":"https:\/\/www.silvereco.org\/festival\/fr\/living-at-home-summit\/","name":"Living at Home Summit - Salon de la fili\u00e8re Silver \u00e9conomie et Assises Silver Eco Bien-Vieillir","isPartOf":{"@id":"https:\/\/www.silvereco.org\/festival\/fr\/#website"},"primaryImageOfPage":{"@id":"https:\/\/www.silvereco.org\/festival\/fr\/living-at-home-summit\/#primaryimage"},"image":{"@id":"https:\/\/www.silvereco.org\/festival\/fr\/living-at-home-summit\/#primaryimage"},"thumbnailUrl":"https:\/\/www.silvereco.org\/festival\/fr\/wp-content\/medias\/2023\/12\/living-at-home.png","datePublished":"2023-12-12T11:35:56+00:00","dateModified":"2026-08-27T19:46:59+00:00","breadcrumb":{"@id":"https:\/\/www.silvereco.org\/festival\/fr\/living-at-home-summit\/#breadcrumb"},"inLanguage":"fr-FR","potentialAction":[{"@type":"ReadAction","target":["https:\/\/www.silvereco.org\/festival\/fr\/living-at-home-summit\/"]}]},{"@type":"ImageObject","inLanguage":"fr-FR","@id":"https:\/\/www.silvereco.org\/festival\/fr\/living-at-home-summit\/#primaryimage","url":"https:\/\/www.silvereco.org\/festival\/fr\/wp-content\/medias\/2023\/12\/living-at-home.png","contentUrl":"https:\/\/www.silvereco.org\/festival\/fr\/wp-content\/medias\/2023\/12\/living-at-home.png","width":1297,"height":969},{"@type":"BreadcrumbList","@id":"https:\/\/www.silvereco.org\/festival\/fr\/living-at-home-summit\/#breadcrumb","itemListElement":[{"@type":"ListItem","position":1,"name":"Accueil","item":"https:\/\/www.silvereco.org\/festival\/fr\/"},{"@type":"ListItem","position":2,"name":"Living at Home Summit"}]},{"@type":"WebSite","@id":"https:\/\/www.silvereco.org\/festival\/fr\/#website","url":"https:\/\/www.silvereco.org\/festival\/fr\/","name":"Salon de la fili\u00e8re Silver \u00e9conomie et Assises Silver Eco","description":"International Silver Economy and Ageing Well Festival","publisher":{"@id":"https:\/\/www.silvereco.org\/festival\/fr\/#organization"},"potentialAction":[{"@type":"SearchAction","target":{"@type":"EntryPoint","urlTemplate":"https:\/\/www.silvereco.org\/festival\/fr\/?s={search_term_string}"},"query-input":{"@type":"PropertyValueSpecification","valueRequired":true,"valueName":"search_term_string"}}],"inLanguage":"fr-FR"},{"@type":"Organization","@id":"https:\/\/www.silvereco.org\/festival\/fr\/#organization","name":"International Silver Economy and Ageing Well Festival","url":"https:\/\/www.silvereco.org\/festival\/fr\/","logo":{"@type":"ImageObject","inLanguage":"fr-FR","@id":"https:\/\/www.silvereco.org\/festival\/fr\/#\/schema\/logo\/image\/","url":"https:\/\/www.silvereco.org\/festival\/fr\/wp-content\/medias\/2022\/12\/cropped-festival-silvereco-2020-2-300x93-1.png","contentUrl":"https:\/\/www.silvereco.org\/festival\/fr\/wp-content\/medias\/2022\/12\/cropped-festival-silvereco-2020-2-300x93-1.png","width":300,"height":93,"caption":"International Silver Economy and Ageing Well Festival"},"image":{"@id":"https:\/\/www.silvereco.org\/festival\/fr\/#\/schema\/logo\/image\/"}}]}},"uagb_featured_image_src":{"full":false,"thumbnail":false,"medium":false,"medium_large":false,"large":false,"1536x1536":false,"2048x2048":false},"uagb_author_info":{"display_name":"Silver Economy","author_link":"https:\/\/www.silvereco.org\/festival\/fr\/author\/festredac26\/"},"uagb_comment_info":0,"uagb_excerpt":"Lundi 20 Octobre 2025 Mardi 21 Octobre 2025","_links":{"self":[{"href":"https:\/\/www.silvereco.org\/festival\/fr\/wp-json\/wp\/v2\/pages\/48830","targetHints":{"allow":["GET"]}}],"collection":[{"href":"https:\/\/www.silvereco.org\/festival\/fr\/wp-json\/wp\/v2\/pages"}],"about":[{"href":"https:\/\/www.silvereco.org\/festival\/fr\/wp-json\/wp\/v2\/types\/page"}],"author":[{"embeddable":true,"href":"https:\/\/www.silvereco.org\/festival\/fr\/wp-json\/wp\/v2\/users\/7"}],"replies":[{"embeddable":true,"href":"https:\/\/www.silvereco.org\/festival\/fr\/wp-json\/wp\/v2\/comments?post=48830"}],"version-history":[{"count":40,"href":"https:\/\/www.silvereco.org\/festival\/fr\/wp-json\/wp\/v2\/pages\/48830\/revisions"}],"predecessor-version":[{"id":88168,"href":"https:\/\/www.silvereco.org\/festival\/fr\/wp-json\/wp\/v2\/pages\/48830\/revisions\/88168"}],"wp:attachment":[{"href":"https:\/\/www.silvereco.org\/festival\/fr\/wp-json\/wp\/v2\/media?parent=48830"}],"wp:term":[{"taxonomy":"category","embeddable":true,"href":"https:\/\/www.silvereco.org\/festival\/fr\/wp-json\/wp\/v2\/categories?post=48830"}],"curies":[{"name":"wp","href":"https:\/\/api.w.org\/{rel}","templated":true}]}}