{"id":18962,"date":"2022-12-07T15:59:05","date_gmt":"2022-12-07T14:59:05","guid":{"rendered":"https:\/\/www.silvereco.org\/festival\/fr\/?page_id=18962"},"modified":"2026-01-22T14:24:15","modified_gmt":"2026-01-22T13:24:15","slug":"partenaires-2","status":"publish","type":"page","link":"https:\/\/www.silvereco.org\/festival\/fr\/partenaires-2\/","title":{"rendered":"PARTENAIRES"},"content":{"rendered":"\n<div class=\"wp-block-columns is-layout-flex wp-container-core-columns-is-layout-28f84493 wp-block-columns-is-layout-flex\">\n<div class=\"wp-block-column is-layout-flow wp-block-column-is-layout-flow\">\n<h3 class=\"wp-block-heading\"><strong>Devenez partenaire officiel<\/strong><\/h3>\n\n\n\n<p class=\"has-text-align-left\"><strong>Exposez et faites la promotion du bien-vieillir et des relations interg\u00e9n\u00e9rationnelles au rendez-vous mondial de la Silver \u00c9conomie et du Bien-Vieillir.<\/strong><\/p>\n\n\n\n<p>Le Festival SilverEco Bien-Vieillir est &#8220;the place to be&#8221; pour mettre en valeur vos derniers produits et services, pour d\u00e9velopper votre r\u00e9seau, pour g\u00e9n\u00e9rer des prospects de qualit\u00e9 et acc\u00e9l\u00e9rer votre business.<\/p>\n\n\n\n<p>Rencontrez des d\u00e9cisionnaires, des experts internationaux, des invit\u00e9s politiques, des startups, des professionnels du secteur m\u00e9dico-social, des investisseurs, des journalistes, et bien plus encore.<\/p>\n<\/div>\n\n\n\n<div class=\"wp-block-column is-layout-flow wp-block-column-is-layout-flow\">\n<h3 class=\"wp-block-heading\"><strong>Become an official partner<\/strong><\/h3>\n\n\n\n<p class=\"has-text-align-left\"><strong>Exhibit and promote ageing well and intergenerational relations at the global meeting for the Silver Economy and Ageing Well.<\/strong><\/p>\n\n\n\n<p>The SilverEco Ageing Well Festival is the place to be to showcase your latest products and services, expand your network, generate high-quality leads, and accelerate your business.<\/p>\n\n\n\n<p>Meet decision-makers, international experts, political guests, startups, professionals from the health and social care sector, investors, journalists, and much more.<\/p>\n<\/div>\n<\/div>\n\n\n\n<div class=\"wp-block-columns is-layout-flex wp-container-core-columns-is-layout-28f84493 wp-block-columns-is-layout-flex\">\n<div class=\"wp-block-column is-layout-flow wp-block-column-is-layout-flow\">\n<div class=\"wp-block-uagb-image uagb-block-2172c3ea wp-block-uagb-image--layout-default wp-block-uagb-image--effect-static wp-block-uagb-image--align-none\"><figure class=\"wp-block-uagb-image__figure\"><img decoding=\"async\" srcset=\"https:\/\/www.silvereco.org\/festival\/fr\/wp-content\/medias\/2025\/12\/PFUNSilverEco-128.jpg ,https:\/\/www.silvereco.org\/festival\/fr\/wp-content\/medias\/2025\/12\/PFUNSilverEco-128.jpg 780w, https:\/\/www.silvereco.org\/festival\/fr\/wp-content\/medias\/2025\/12\/PFUNSilverEco-128.jpg 360w\" sizes=\"auto, (max-width: 480px) 150px\" src=\"https:\/\/www.silvereco.org\/festival\/fr\/wp-content\/medias\/2025\/12\/PFUNSilverEco-128.jpg\" alt=\"\" class=\"uag-image-84397\" width=\"800\" height=\"534\" title=\"PFUNSilverEco-128\" loading=\"lazy\" role=\"img\"\/><\/figure><\/div>\n<\/div>\n\n\n\n<div class=\"wp-block-column is-layout-flow wp-block-column-is-layout-flow\">\n<div class=\"wp-block-uagb-image uagb-block-5116be64 wp-block-uagb-image--layout-default wp-block-uagb-image--effect-static wp-block-uagb-image--align-none\"><figure class=\"wp-block-uagb-image__figure\"><img decoding=\"async\" srcset=\"https:\/\/www.silvereco.org\/festival\/fr\/wp-content\/medias\/2025\/12\/PFUNSilverEco-241.jpg ,https:\/\/www.silvereco.org\/festival\/fr\/wp-content\/medias\/2025\/12\/PFUNSilverEco-241.jpg 780w, https:\/\/www.silvereco.org\/festival\/fr\/wp-content\/medias\/2025\/12\/PFUNSilverEco-241.jpg 360w\" sizes=\"auto, (max-width: 480px) 150px\" src=\"https:\/\/www.silvereco.org\/festival\/fr\/wp-content\/medias\/2025\/12\/PFUNSilverEco-241.jpg\" alt=\"\" class=\"uag-image-84398\" width=\"800\" height=\"534\" title=\"PFUNSilverEco-241\" loading=\"lazy\" role=\"img\"\/><\/figure><\/div>\n<\/div>\n\n\n\n<div class=\"wp-block-column is-layout-flow wp-block-column-is-layout-flow\">\n<div class=\"wp-block-uagb-image uagb-block-5d4c263f wp-block-uagb-image--layout-default wp-block-uagb-image--effect-static wp-block-uagb-image--align-none\"><figure class=\"wp-block-uagb-image__figure\"><img decoding=\"async\" srcset=\"https:\/\/www.silvereco.org\/festival\/fr\/wp-content\/medias\/2025\/12\/PFUNSilverEco-560.jpg ,https:\/\/www.silvereco.org\/festival\/fr\/wp-content\/medias\/2025\/12\/PFUNSilverEco-560.jpg 780w, https:\/\/www.silvereco.org\/festival\/fr\/wp-content\/medias\/2025\/12\/PFUNSilverEco-560.jpg 360w\" sizes=\"auto, (max-width: 480px) 150px\" src=\"https:\/\/www.silvereco.org\/festival\/fr\/wp-content\/medias\/2025\/12\/PFUNSilverEco-560.jpg\" alt=\"\" class=\"uag-image-84399\" width=\"800\" height=\"534\" title=\"PFUNSilverEco-560\" loading=\"lazy\" role=\"img\"\/><\/figure><\/div>\n<\/div>\n<\/div>\n\n\n\n<div class=\"wp-block-columns is-layout-flex wp-container-core-columns-is-layout-28f84493 wp-block-columns-is-layout-flex\">\n<div class=\"wp-block-column is-layout-flow wp-block-column-is-layout-flow\">\n<h3 class=\"wp-block-heading has-text-align-left\"><strong>Rencontrez tous les acteurs du secteur Bien-Vieillir  !<\/strong><\/h3>\n\n\n\n<p><strong>Constituez un relationnel solide avec tous les Festivaliers pendant 2 jours complets d&#8217;\u00e9changes, de networking et de convivialit\u00e9.<\/strong><\/p>\n\n\n\n<h4 class=\"wp-block-heading\"><a href=\"https:\/\/www.silvereco.org\/festival\/fr\/contact-2\/\">&gt; Contactez-nous pour conna\u00eetre les possibilit\u00e9s de partenariats<\/a><\/h4>\n<\/div>\n\n\n\n<div class=\"wp-block-column is-layout-flow wp-block-column-is-layout-flow\">\n<h3 class=\"wp-block-heading has-text-align-left\"><strong>Meet all the players in the Ageing Well sector!<\/strong><\/h3>\n\n\n\n<p><strong>Build strong relationships with all Festival attendees during 2 full days of exchanges, networking, and friendly interactions.<\/strong><\/p>\n\n\n\n<h4 class=\"wp-block-heading\"><a href=\"https:\/\/www.silvereco.org\/festival\/fr\/contact-2\/\">> Contact us to learn about partnership opportunities<\/a><\/h4>\n<\/div>\n<\/div>\n","protected":false},"excerpt":{"rendered":"<p>Devenez partenaire officiel Exposez et faites la promotion du bien-vieillir et des relations interg\u00e9n\u00e9rationnelles au rendez-vous mondial de la Silver \u00c9conomie et du Bien-Vieillir. Le Festival SilverEco Bien-Vieillir est &#8220;the place to be&#8221; pour mettre en valeur vos derniers produits et services, pour d\u00e9velopper votre r\u00e9seau, pour g\u00e9n\u00e9rer des prospects de qualit\u00e9 et acc\u00e9l\u00e9rer votre [&hellip;]<\/p>\n","protected":false},"author":7,"featured_media":0,"parent":0,"menu_order":0,"comment_status":"closed","ping_status":"closed","template":"","meta":{"_uag_custom_page_level_css":"","site-sidebar-layout":"default","site-content-layout":"","ast-site-content-layout":"default","site-content-style":"default","site-sidebar-style":"default","ast-global-header-display":"","ast-banner-title-visibility":"","ast-main-header-display":"","ast-hfb-above-header-display":"","ast-hfb-below-header-display":"","ast-hfb-mobile-header-display":"","site-post-title":"disabled","ast-breadcrumbs-content":"","ast-featured-img":"","footer-sml-layout":"","ast-disable-related-posts":"","theme-transparent-header-meta":"","adv-header-id-meta":"","stick-header-meta":"","header-above-stick-meta":"","header-main-stick-meta":"","header-below-stick-meta":"","astra-migrate-meta-layouts":"set","ast-page-background-enabled":"default","ast-page-background-meta":{"desktop":{"background-color":"var(--ast-global-color-4)","background-image":"","background-repeat":"repeat","background-position":"center center","background-size":"auto","background-attachment":"scroll","background-type":"","background-media":"","overlay-type":"","overlay-color":"","overlay-opacity":"","overlay-gradient":""},"tablet":{"background-color":"","background-image":"","background-repeat":"repeat","background-position":"center center","background-size":"auto","background-attachment":"scroll","background-type":"","background-media":"","overlay-type":"","overlay-color":"","overlay-opacity":"","overlay-gradient":""},"mobile":{"background-color":"","background-image":"","background-repeat":"repeat","background-position":"center center","background-size":"auto","background-attachment":"scroll","background-type":"","background-media":"","overlay-type":"","overlay-color":"","overlay-opacity":"","overlay-gradient":""}},"ast-content-background-meta":{"desktop":{"background-color":"var(--ast-global-color-5)","background-image":"","background-repeat":"repeat","background-position":"center center","background-size":"auto","background-attachment":"scroll","background-type":"","background-media":"","overlay-type":"","overlay-color":"","overlay-opacity":"","overlay-gradient":""},"tablet":{"background-color":"var(--ast-global-color-5)","background-image":"","background-repeat":"repeat","background-position":"center center","background-size":"auto","background-attachment":"scroll","background-type":"","background-media":"","overlay-type":"","overlay-color":"","overlay-opacity":"","overlay-gradient":""},"mobile":{"background-color":"var(--ast-global-color-5)","background-image":"","background-repeat":"repeat","background-position":"center center","background-size":"auto","background-attachment":"scroll","background-type":"","background-media":"","overlay-type":"","overlay-color":"","overlay-opacity":"","overlay-gradient":""}},"ngg_post_thumbnail":0,"footnotes":""},"categories":[],"class_list":["post-18962","page","type-page","status-publish","hentry"],"yoast_head":"<!-- This site is optimized with the Yoast SEO plugin v27.2 - https:\/\/yoast.com\/product\/yoast-seo-wordpress\/ -->\n<title>PARTENAIRES - Salon de la fili\u00e8re Silver \u00e9conomie et Assises Silver Eco Bien-Vieillir<\/title>\n<meta name=\"robots\" content=\"index, follow, max-snippet:-1, max-image-preview:large, max-video-preview:-1\" \/>\n<link rel=\"canonical\" href=\"https:\/\/www.silvereco.org\/festival\/fr\/partenaires-2\/\" \/>\n<meta property=\"og:locale\" content=\"fr_FR\" \/>\n<meta property=\"og:type\" content=\"article\" \/>\n<meta property=\"og:title\" content=\"PARTENAIRES - Salon de la fili\u00e8re Silver \u00e9conomie et Assises Silver Eco Bien-Vieillir\" \/>\n<meta property=\"og:description\" content=\"Devenez partenaire officiel Exposez et faites la promotion du bien-vieillir et des relations interg\u00e9n\u00e9rationnelles au rendez-vous mondial de la Silver \u00c9conomie et du Bien-Vieillir. Le Festival SilverEco Bien-Vieillir est &#8220;the place to be&#8221; pour mettre en valeur vos derniers produits et services, pour d\u00e9velopper votre r\u00e9seau, pour g\u00e9n\u00e9rer des prospects de qualit\u00e9 et acc\u00e9l\u00e9rer votre [&hellip;]\" \/>\n<meta property=\"og:url\" content=\"https:\/\/www.silvereco.org\/festival\/fr\/partenaires-2\/\" \/>\n<meta property=\"og:site_name\" content=\"Salon de la fili\u00e8re Silver \u00e9conomie et Assises Silver Eco Bien-Vieillir\" \/>\n<meta property=\"article:modified_time\" content=\"2026-01-22T13:24:15+00:00\" \/>\n<meta property=\"og:image\" content=\"https:\/\/www.silvereco.org\/festival\/fr\/wp-content\/medias\/2025\/12\/PFUNSilverEco-128.jpg\" \/>\n<meta name=\"twitter:card\" content=\"summary_large_image\" \/>\n<meta name=\"twitter:label1\" content=\"Dur\u00e9e de lecture estim\u00e9e\" \/>\n\t<meta name=\"twitter:data1\" content=\"2 minutes\" \/>\n<script type=\"application\/ld+json\" class=\"yoast-schema-graph\">{\"@context\":\"https:\/\/schema.org\",\"@graph\":[{\"@type\":\"WebPage\",\"@id\":\"https:\/\/www.silvereco.org\/festival\/fr\/partenaires-2\/\",\"url\":\"https:\/\/www.silvereco.org\/festival\/fr\/partenaires-2\/\",\"name\":\"PARTENAIRES - Salon de la fili\u00e8re Silver \u00e9conomie et Assises Silver Eco Bien-Vieillir\",\"isPartOf\":{\"@id\":\"https:\/\/www.silvereco.org\/festival\/fr\/#website\"},\"primaryImageOfPage\":{\"@id\":\"https:\/\/www.silvereco.org\/festival\/fr\/partenaires-2\/#primaryimage\"},\"image\":{\"@id\":\"https:\/\/www.silvereco.org\/festival\/fr\/partenaires-2\/#primaryimage\"},\"thumbnailUrl\":\"https:\/\/www.silvereco.org\/festival\/fr\/wp-content\/medias\/2025\/12\/PFUNSilverEco-128.jpg\",\"datePublished\":\"2022-12-07T14:59:05+00:00\",\"dateModified\":\"2026-01-22T13:24:15+00:00\",\"breadcrumb\":{\"@id\":\"https:\/\/www.silvereco.org\/festival\/fr\/partenaires-2\/#breadcrumb\"},\"inLanguage\":\"fr-FR\",\"potentialAction\":[{\"@type\":\"ReadAction\",\"target\":[\"https:\/\/www.silvereco.org\/festival\/fr\/partenaires-2\/\"]}]},{\"@type\":\"ImageObject\",\"inLanguage\":\"fr-FR\",\"@id\":\"https:\/\/www.silvereco.org\/festival\/fr\/partenaires-2\/#primaryimage\",\"url\":\"https:\/\/www.silvereco.org\/festival\/fr\/wp-content\/medias\/2025\/12\/PFUNSilverEco-128.jpg\",\"contentUrl\":\"https:\/\/www.silvereco.org\/festival\/fr\/wp-content\/medias\/2025\/12\/PFUNSilverEco-128.jpg\",\"width\":800,\"height\":534},{\"@type\":\"BreadcrumbList\",\"@id\":\"https:\/\/www.silvereco.org\/festival\/fr\/partenaires-2\/#breadcrumb\",\"itemListElement\":[{\"@type\":\"ListItem\",\"position\":1,\"name\":\"Accueil\",\"item\":\"https:\/\/www.silvereco.org\/festival\/fr\/\"},{\"@type\":\"ListItem\",\"position\":2,\"name\":\"PARTENAIRES\"}]},{\"@type\":\"WebSite\",\"@id\":\"https:\/\/www.silvereco.org\/festival\/fr\/#website\",\"url\":\"https:\/\/www.silvereco.org\/festival\/fr\/\",\"name\":\"Salon de la fili\u00e8re Silver \u00e9conomie et Assises Silver Eco\",\"description\":\"International Silver Economy and Ageing Well Festival\",\"publisher\":{\"@id\":\"https:\/\/www.silvereco.org\/festival\/fr\/#organization\"},\"potentialAction\":[{\"@type\":\"SearchAction\",\"target\":{\"@type\":\"EntryPoint\",\"urlTemplate\":\"https:\/\/www.silvereco.org\/festival\/fr\/?s={search_term_string}\"},\"query-input\":{\"@type\":\"PropertyValueSpecification\",\"valueRequired\":true,\"valueName\":\"search_term_string\"}}],\"inLanguage\":\"fr-FR\"},{\"@type\":\"Organization\",\"@id\":\"https:\/\/www.silvereco.org\/festival\/fr\/#organization\",\"name\":\"International Silver Economy and Ageing Well Festival\",\"url\":\"https:\/\/www.silvereco.org\/festival\/fr\/\",\"logo\":{\"@type\":\"ImageObject\",\"inLanguage\":\"fr-FR\",\"@id\":\"https:\/\/www.silvereco.org\/festival\/fr\/#\/schema\/logo\/image\/\",\"url\":\"https:\/\/www.silvereco.org\/festival\/fr\/wp-content\/medias\/2022\/12\/cropped-festival-silvereco-2020-2-300x93-1.png\",\"contentUrl\":\"https:\/\/www.silvereco.org\/festival\/fr\/wp-content\/medias\/2022\/12\/cropped-festival-silvereco-2020-2-300x93-1.png\",\"width\":300,\"height\":93,\"caption\":\"International Silver Economy and Ageing Well Festival\"},\"image\":{\"@id\":\"https:\/\/www.silvereco.org\/festival\/fr\/#\/schema\/logo\/image\/\"}}]}<\/script>\n<!-- \/ Yoast SEO plugin. -->","yoast_head_json":{"title":"PARTENAIRES - Salon de la fili\u00e8re Silver \u00e9conomie et Assises Silver Eco Bien-Vieillir","robots":{"index":"index","follow":"follow","max-snippet":"max-snippet:-1","max-image-preview":"max-image-preview:large","max-video-preview":"max-video-preview:-1"},"canonical":"https:\/\/www.silvereco.org\/festival\/fr\/partenaires-2\/","og_locale":"fr_FR","og_type":"article","og_title":"PARTENAIRES - Salon de la fili\u00e8re Silver \u00e9conomie et Assises Silver Eco Bien-Vieillir","og_description":"Devenez partenaire officiel Exposez et faites la promotion du bien-vieillir et des relations interg\u00e9n\u00e9rationnelles au rendez-vous mondial de la Silver \u00c9conomie et du Bien-Vieillir. Le Festival SilverEco Bien-Vieillir est &#8220;the place to be&#8221; pour mettre en valeur vos derniers produits et services, pour d\u00e9velopper votre r\u00e9seau, pour g\u00e9n\u00e9rer des prospects de qualit\u00e9 et acc\u00e9l\u00e9rer votre [&hellip;]","og_url":"https:\/\/www.silvereco.org\/festival\/fr\/partenaires-2\/","og_site_name":"Salon de la fili\u00e8re Silver \u00e9conomie et Assises Silver Eco Bien-Vieillir","article_modified_time":"2026-01-22T13:24:15+00:00","og_image":[{"url":"https:\/\/www.silvereco.org\/festival\/fr\/wp-content\/medias\/2025\/12\/PFUNSilverEco-128.jpg","type":"","width":"","height":""}],"twitter_card":"summary_large_image","twitter_misc":{"Dur\u00e9e de lecture estim\u00e9e":"2 minutes"},"schema":{"@context":"https:\/\/schema.org","@graph":[{"@type":"WebPage","@id":"https:\/\/www.silvereco.org\/festival\/fr\/partenaires-2\/","url":"https:\/\/www.silvereco.org\/festival\/fr\/partenaires-2\/","name":"PARTENAIRES - Salon de la fili\u00e8re Silver \u00e9conomie et Assises Silver Eco Bien-Vieillir","isPartOf":{"@id":"https:\/\/www.silvereco.org\/festival\/fr\/#website"},"primaryImageOfPage":{"@id":"https:\/\/www.silvereco.org\/festival\/fr\/partenaires-2\/#primaryimage"},"image":{"@id":"https:\/\/www.silvereco.org\/festival\/fr\/partenaires-2\/#primaryimage"},"thumbnailUrl":"https:\/\/www.silvereco.org\/festival\/fr\/wp-content\/medias\/2025\/12\/PFUNSilverEco-128.jpg","datePublished":"2022-12-07T14:59:05+00:00","dateModified":"2026-01-22T13:24:15+00:00","breadcrumb":{"@id":"https:\/\/www.silvereco.org\/festival\/fr\/partenaires-2\/#breadcrumb"},"inLanguage":"fr-FR","potentialAction":[{"@type":"ReadAction","target":["https:\/\/www.silvereco.org\/festival\/fr\/partenaires-2\/"]}]},{"@type":"ImageObject","inLanguage":"fr-FR","@id":"https:\/\/www.silvereco.org\/festival\/fr\/partenaires-2\/#primaryimage","url":"https:\/\/www.silvereco.org\/festival\/fr\/wp-content\/medias\/2025\/12\/PFUNSilverEco-128.jpg","contentUrl":"https:\/\/www.silvereco.org\/festival\/fr\/wp-content\/medias\/2025\/12\/PFUNSilverEco-128.jpg","width":800,"height":534},{"@type":"BreadcrumbList","@id":"https:\/\/www.silvereco.org\/festival\/fr\/partenaires-2\/#breadcrumb","itemListElement":[{"@type":"ListItem","position":1,"name":"Accueil","item":"https:\/\/www.silvereco.org\/festival\/fr\/"},{"@type":"ListItem","position":2,"name":"PARTENAIRES"}]},{"@type":"WebSite","@id":"https:\/\/www.silvereco.org\/festival\/fr\/#website","url":"https:\/\/www.silvereco.org\/festival\/fr\/","name":"Salon de la fili\u00e8re Silver \u00e9conomie et Assises Silver Eco","description":"International Silver Economy and Ageing Well Festival","publisher":{"@id":"https:\/\/www.silvereco.org\/festival\/fr\/#organization"},"potentialAction":[{"@type":"SearchAction","target":{"@type":"EntryPoint","urlTemplate":"https:\/\/www.silvereco.org\/festival\/fr\/?s={search_term_string}"},"query-input":{"@type":"PropertyValueSpecification","valueRequired":true,"valueName":"search_term_string"}}],"inLanguage":"fr-FR"},{"@type":"Organization","@id":"https:\/\/www.silvereco.org\/festival\/fr\/#organization","name":"International Silver Economy and Ageing Well Festival","url":"https:\/\/www.silvereco.org\/festival\/fr\/","logo":{"@type":"ImageObject","inLanguage":"fr-FR","@id":"https:\/\/www.silvereco.org\/festival\/fr\/#\/schema\/logo\/image\/","url":"https:\/\/www.silvereco.org\/festival\/fr\/wp-content\/medias\/2022\/12\/cropped-festival-silvereco-2020-2-300x93-1.png","contentUrl":"https:\/\/www.silvereco.org\/festival\/fr\/wp-content\/medias\/2022\/12\/cropped-festival-silvereco-2020-2-300x93-1.png","width":300,"height":93,"caption":"International Silver Economy and Ageing Well Festival"},"image":{"@id":"https:\/\/www.silvereco.org\/festival\/fr\/#\/schema\/logo\/image\/"}}]}},"uagb_featured_image_src":{"full":false,"thumbnail":false,"medium":false,"medium_large":false,"large":false,"1536x1536":false,"2048x2048":false},"uagb_author_info":{"display_name":"Silver Economy","author_link":"https:\/\/www.silvereco.org\/festival\/fr\/author\/festredac26\/"},"uagb_comment_info":0,"uagb_excerpt":"Devenez partenaire officiel Exposez et faites la promotion du bien-vieillir et des relations interg\u00e9n\u00e9rationnelles au rendez-vous mondial de la Silver \u00c9conomie et du Bien-Vieillir. Le Festival SilverEco Bien-Vieillir est &#8220;the place to be&#8221; pour mettre en valeur vos derniers produits et services, pour d\u00e9velopper votre r\u00e9seau, pour g\u00e9n\u00e9rer des prospects de qualit\u00e9 et acc\u00e9l\u00e9rer votre\u2026","_links":{"self":[{"href":"https:\/\/www.silvereco.org\/festival\/fr\/wp-json\/wp\/v2\/pages\/18962","targetHints":{"allow":["GET"]}}],"collection":[{"href":"https:\/\/www.silvereco.org\/festival\/fr\/wp-json\/wp\/v2\/pages"}],"about":[{"href":"https:\/\/www.silvereco.org\/festival\/fr\/wp-json\/wp\/v2\/types\/page"}],"author":[{"embeddable":true,"href":"https:\/\/www.silvereco.org\/festival\/fr\/wp-json\/wp\/v2\/users\/7"}],"replies":[{"embeddable":true,"href":"https:\/\/www.silvereco.org\/festival\/fr\/wp-json\/wp\/v2\/comments?post=18962"}],"version-history":[{"count":15,"href":"https:\/\/www.silvereco.org\/festival\/fr\/wp-json\/wp\/v2\/pages\/18962\/revisions"}],"predecessor-version":[{"id":84400,"href":"https:\/\/www.silvereco.org\/festival\/fr\/wp-json\/wp\/v2\/pages\/18962\/revisions\/84400"}],"wp:attachment":[{"href":"https:\/\/www.silvereco.org\/festival\/fr\/wp-json\/wp\/v2\/media?parent=18962"}],"wp:term":[{"taxonomy":"category","embeddable":true,"href":"https:\/\/www.silvereco.org\/festival\/fr\/wp-json\/wp\/v2\/categories?post=18962"}],"curies":[{"name":"wp","href":"https:\/\/api.w.org\/{rel}","templated":true}]}}