{"id":18953,"date":"2022-12-07T15:35:59","date_gmt":"2022-12-07T14:35:59","guid":{"rendered":"https:\/\/www.silvereco.org\/festival\/fr\/?page_id=18953"},"modified":"2026-01-22T14:24:12","modified_gmt":"2026-01-22T13:24:12","slug":"investisseurs","status":"publish","type":"page","link":"https:\/\/www.silvereco.org\/festival\/fr\/investisseurs\/","title":{"rendered":"INVESTISSEURS"},"content":{"rendered":"\n<div class=\"wp-block-columns is-layout-flex wp-container-core-columns-is-layout-28f84493 wp-block-columns-is-layout-flex\">\n<div class=\"wp-block-column is-layout-flow wp-block-column-is-layout-flow\">\n<h3 class=\"wp-block-heading\"><strong>Vous cherchez \u00e0 investir dans le secteur du Bien-Vieillir et de la Transition D\u00e9mographique ? <\/strong><\/h3>\n\n\n\n<p>Inscrivez-vous et demandez votre Pass B2B, pour le Festival SilverEco Bien-Vieillir, qui vous donnera acc\u00e8s durant 2 jours au Forum Expo, aux Tables Rondes enregistr\u00e9es, \u00e0 la soir\u00e9e de Gala SilverNight, et au Cocktail Networking durant lequel vous pourrez rencontrer les nomin\u00e9s et les laur\u00e9ats des Troph\u00e9es SilverEco.<\/p>\n<\/div>\n\n\n\n<div class=\"wp-block-column is-layout-flow wp-block-column-is-layout-flow\">\n<h3 class=\"wp-block-heading\"><strong>Are you looking to invest in the Ageing Well and Demographic Transition sector?<\/strong><\/h3>\n\n\n\n<p>Register and request your B2B Pass for the SilverEco Ageing Well Festival, which will give you access for 2 days to the Expo Forum, recorded Round Tables, the SilverNight Gala, and the Networking Cocktail where you can meet the nominees and winners of the SilverEco Awards.<\/p>\n<\/div>\n<\/div>\n\n\n\n<figure class=\"wp-block-image alignfull size-large\"><img loading=\"lazy\" decoding=\"async\" width=\"1024\" height=\"347\" src=\"https:\/\/www.silvereco.org\/festival\/fr\/wp-content\/medias\/2025\/12\/red-carpet-1024x347.png\" alt=\"\" class=\"wp-image-84403\" srcset=\"https:\/\/www.silvereco.org\/festival\/fr\/wp-content\/medias\/2025\/12\/red-carpet-1024x347.png 1024w, https:\/\/www.silvereco.org\/festival\/fr\/wp-content\/medias\/2025\/12\/red-carpet-300x102.png 300w, https:\/\/www.silvereco.org\/festival\/fr\/wp-content\/medias\/2025\/12\/red-carpet-768x260.png 768w, https:\/\/www.silvereco.org\/festival\/fr\/wp-content\/medias\/2025\/12\/red-carpet-1536x520.png 1536w, https:\/\/www.silvereco.org\/festival\/fr\/wp-content\/medias\/2025\/12\/red-carpet.png 1861w\" sizes=\"auto, (max-width: 1024px) 100vw, 1024px\" \/><\/figure>\n\n\n\n<div class=\"wp-block-columns is-layout-flex wp-container-core-columns-is-layout-28f84493 wp-block-columns-is-layout-flex\">\n<div class=\"wp-block-column is-layout-flow wp-block-column-is-layout-flow\">\n<h3 class=\"wp-block-heading has-text-align-left\"><strong>Des opportunit\u00e9s de partenariats<\/strong><\/h3>\n\n\n\n<p>Plusieurs opportunit\u00e9s s&#8217;offrent \u00e0 vous pour investir lors de cette \u00e9dition du Festival SilverEco Bien-Vieillir. Venez d\u00e9couvrir les diff\u00e9rents exposants du Festival, leurs solutions et vos futurs partenaires.<\/p>\n\n\n\n<h4 class=\"wp-block-heading\"><a href=\"https:\/\/www.silvereco.org\/festival\/fr\/contact-2\/\">&gt; R\u00e9server ma participation<\/a><\/h4>\n\n\n\n<p>Vous voulez d\u00e9couvrir et\/ou investir dans un secteur sp\u00e9cifique du Bien-Vieillir ?  Contactez-nous afin que nous vous aidions \u00e0 organiser votre participation clef-en-main.<\/p>\n<\/div>\n\n\n\n<div class=\"wp-block-column is-layout-flow wp-block-column-is-layout-flow\">\n<h3 class=\"wp-block-heading has-text-align-left\"><strong>Partnership opportunities<\/strong><\/h3>\n\n\n\n<p>Several opportunities are available for you to invest during this edition of the SilverEco Ageing Well Festival. Come and discover the Festival\u2019s exhibitors, their solutions, and your future partners.<\/p>\n\n\n\n<h4 class=\"wp-block-heading\"><a href=\"https:\/\/www.silvereco.org\/festival\/fr\/contact-2\/\">&gt; Book my participation<\/a><\/h4>\n\n\n\n<p>Do you want to discover and\/or invest in a specific sector of Ageing Well? Contact us so we can help you organize your turnkey participation.<\/p>\n<\/div>\n<\/div>\n\n\n\n<div class=\"wp-block-columns is-layout-flex wp-container-core-columns-is-layout-28f84493 wp-block-columns-is-layout-flex\">\n<div class=\"wp-block-column is-layout-flow wp-block-column-is-layout-flow\"><\/div>\n\n\n\n<div class=\"wp-block-column is-layout-flow wp-block-column-is-layout-flow\"><\/div>\n<\/div>\n","protected":false},"excerpt":{"rendered":"<p>Vous cherchez \u00e0 investir dans le secteur du Bien-Vieillir et de la Transition D\u00e9mographique ? Inscrivez-vous et demandez votre Pass B2B, pour le Festival SilverEco Bien-Vieillir, qui vous donnera acc\u00e8s durant 2 jours au Forum Expo, aux Tables Rondes enregistr\u00e9es, \u00e0 la soir\u00e9e de Gala SilverNight, et au Cocktail Networking durant lequel vous pourrez rencontrer [&hellip;]<\/p>\n","protected":false},"author":7,"featured_media":0,"parent":0,"menu_order":0,"comment_status":"closed","ping_status":"closed","template":"","meta":{"_uag_custom_page_level_css":"","site-sidebar-layout":"default","site-content-layout":"","ast-site-content-layout":"default","site-content-style":"default","site-sidebar-style":"default","ast-global-header-display":"","ast-banner-title-visibility":"","ast-main-header-display":"","ast-hfb-above-header-display":"","ast-hfb-below-header-display":"","ast-hfb-mobile-header-display":"","site-post-title":"disabled","ast-breadcrumbs-content":"","ast-featured-img":"","footer-sml-layout":"","ast-disable-related-posts":"","theme-transparent-header-meta":"","adv-header-id-meta":"","stick-header-meta":"","header-above-stick-meta":"","header-main-stick-meta":"","header-below-stick-meta":"","astra-migrate-meta-layouts":"set","ast-page-background-enabled":"default","ast-page-background-meta":{"desktop":{"background-color":"var(--ast-global-color-4)","background-image":"","background-repeat":"repeat","background-position":"center center","background-size":"auto","background-attachment":"scroll","background-type":"","background-media":"","overlay-type":"","overlay-color":"","overlay-opacity":"","overlay-gradient":""},"tablet":{"background-color":"","background-image":"","background-repeat":"repeat","background-position":"center center","background-size":"auto","background-attachment":"scroll","background-type":"","background-media":"","overlay-type":"","overlay-color":"","overlay-opacity":"","overlay-gradient":""},"mobile":{"background-color":"","background-image":"","background-repeat":"repeat","background-position":"center center","background-size":"auto","background-attachment":"scroll","background-type":"","background-media":"","overlay-type":"","overlay-color":"","overlay-opacity":"","overlay-gradient":""}},"ast-content-background-meta":{"desktop":{"background-color":"var(--ast-global-color-5)","background-image":"","background-repeat":"repeat","background-position":"center center","background-size":"auto","background-attachment":"scroll","background-type":"","background-media":"","overlay-type":"","overlay-color":"","overlay-opacity":"","overlay-gradient":""},"tablet":{"background-color":"var(--ast-global-color-5)","background-image":"","background-repeat":"repeat","background-position":"center center","background-size":"auto","background-attachment":"scroll","background-type":"","background-media":"","overlay-type":"","overlay-color":"","overlay-opacity":"","overlay-gradient":""},"mobile":{"background-color":"var(--ast-global-color-5)","background-image":"","background-repeat":"repeat","background-position":"center center","background-size":"auto","background-attachment":"scroll","background-type":"","background-media":"","overlay-type":"","overlay-color":"","overlay-opacity":"","overlay-gradient":""}},"ngg_post_thumbnail":0,"footnotes":""},"categories":[],"class_list":["post-18953","page","type-page","status-publish","hentry"],"yoast_head":"<!-- This site is optimized with the Yoast SEO plugin v27.2 - https:\/\/yoast.com\/product\/yoast-seo-wordpress\/ -->\n<title>INVESTISSEURS - Salon de la fili\u00e8re Silver \u00e9conomie et Assises Silver Eco Bien-Vieillir<\/title>\n<meta name=\"robots\" content=\"index, follow, max-snippet:-1, max-image-preview:large, max-video-preview:-1\" \/>\n<link rel=\"canonical\" href=\"https:\/\/www.silvereco.org\/festival\/fr\/investisseurs\/\" \/>\n<meta property=\"og:locale\" content=\"fr_FR\" \/>\n<meta property=\"og:type\" content=\"article\" \/>\n<meta property=\"og:title\" content=\"INVESTISSEURS - Salon de la fili\u00e8re Silver \u00e9conomie et Assises Silver Eco Bien-Vieillir\" \/>\n<meta property=\"og:description\" content=\"Vous cherchez \u00e0 investir dans le secteur du Bien-Vieillir et de la Transition D\u00e9mographique ? Inscrivez-vous et demandez votre Pass B2B, pour le Festival SilverEco Bien-Vieillir, qui vous donnera acc\u00e8s durant 2 jours au Forum Expo, aux Tables Rondes enregistr\u00e9es, \u00e0 la soir\u00e9e de Gala SilverNight, et au Cocktail Networking durant lequel vous pourrez rencontrer [&hellip;]\" \/>\n<meta property=\"og:url\" content=\"https:\/\/www.silvereco.org\/festival\/fr\/investisseurs\/\" \/>\n<meta property=\"og:site_name\" content=\"Salon de la fili\u00e8re Silver \u00e9conomie et Assises Silver Eco Bien-Vieillir\" \/>\n<meta property=\"article:modified_time\" content=\"2026-01-22T13:24:12+00:00\" \/>\n<meta property=\"og:image\" content=\"https:\/\/www.silvereco.org\/festival\/fr\/wp-content\/medias\/2025\/12\/red-carpet.png\" \/>\n\t<meta property=\"og:image:width\" content=\"1861\" \/>\n\t<meta property=\"og:image:height\" content=\"630\" \/>\n\t<meta property=\"og:image:type\" content=\"image\/png\" \/>\n<meta name=\"twitter:card\" content=\"summary_large_image\" \/>\n<meta name=\"twitter:label1\" content=\"Dur\u00e9e de lecture estim\u00e9e\" \/>\n\t<meta name=\"twitter:data1\" content=\"2 minutes\" \/>\n<script type=\"application\/ld+json\" class=\"yoast-schema-graph\">{\"@context\":\"https:\/\/schema.org\",\"@graph\":[{\"@type\":\"WebPage\",\"@id\":\"https:\/\/www.silvereco.org\/festival\/fr\/investisseurs\/\",\"url\":\"https:\/\/www.silvereco.org\/festival\/fr\/investisseurs\/\",\"name\":\"INVESTISSEURS - Salon de la fili\u00e8re Silver \u00e9conomie et Assises Silver Eco Bien-Vieillir\",\"isPartOf\":{\"@id\":\"https:\/\/www.silvereco.org\/festival\/fr\/#website\"},\"primaryImageOfPage\":{\"@id\":\"https:\/\/www.silvereco.org\/festival\/fr\/investisseurs\/#primaryimage\"},\"image\":{\"@id\":\"https:\/\/www.silvereco.org\/festival\/fr\/investisseurs\/#primaryimage\"},\"thumbnailUrl\":\"https:\/\/www.silvereco.org\/festival\/fr\/wp-content\/medias\/2025\/12\/red-carpet-1024x347.png\",\"datePublished\":\"2022-12-07T14:35:59+00:00\",\"dateModified\":\"2026-01-22T13:24:12+00:00\",\"breadcrumb\":{\"@id\":\"https:\/\/www.silvereco.org\/festival\/fr\/investisseurs\/#breadcrumb\"},\"inLanguage\":\"fr-FR\",\"potentialAction\":[{\"@type\":\"ReadAction\",\"target\":[\"https:\/\/www.silvereco.org\/festival\/fr\/investisseurs\/\"]}]},{\"@type\":\"ImageObject\",\"inLanguage\":\"fr-FR\",\"@id\":\"https:\/\/www.silvereco.org\/festival\/fr\/investisseurs\/#primaryimage\",\"url\":\"https:\/\/www.silvereco.org\/festival\/fr\/wp-content\/medias\/2025\/12\/red-carpet.png\",\"contentUrl\":\"https:\/\/www.silvereco.org\/festival\/fr\/wp-content\/medias\/2025\/12\/red-carpet.png\",\"width\":1861,\"height\":630},{\"@type\":\"BreadcrumbList\",\"@id\":\"https:\/\/www.silvereco.org\/festival\/fr\/investisseurs\/#breadcrumb\",\"itemListElement\":[{\"@type\":\"ListItem\",\"position\":1,\"name\":\"Accueil\",\"item\":\"https:\/\/www.silvereco.org\/festival\/fr\/\"},{\"@type\":\"ListItem\",\"position\":2,\"name\":\"INVESTISSEURS\"}]},{\"@type\":\"WebSite\",\"@id\":\"https:\/\/www.silvereco.org\/festival\/fr\/#website\",\"url\":\"https:\/\/www.silvereco.org\/festival\/fr\/\",\"name\":\"Salon de la fili\u00e8re Silver \u00e9conomie et Assises Silver Eco\",\"description\":\"International Silver Economy and Ageing Well Festival\",\"publisher\":{\"@id\":\"https:\/\/www.silvereco.org\/festival\/fr\/#organization\"},\"potentialAction\":[{\"@type\":\"SearchAction\",\"target\":{\"@type\":\"EntryPoint\",\"urlTemplate\":\"https:\/\/www.silvereco.org\/festival\/fr\/?s={search_term_string}\"},\"query-input\":{\"@type\":\"PropertyValueSpecification\",\"valueRequired\":true,\"valueName\":\"search_term_string\"}}],\"inLanguage\":\"fr-FR\"},{\"@type\":\"Organization\",\"@id\":\"https:\/\/www.silvereco.org\/festival\/fr\/#organization\",\"name\":\"International Silver Economy and Ageing Well Festival\",\"url\":\"https:\/\/www.silvereco.org\/festival\/fr\/\",\"logo\":{\"@type\":\"ImageObject\",\"inLanguage\":\"fr-FR\",\"@id\":\"https:\/\/www.silvereco.org\/festival\/fr\/#\/schema\/logo\/image\/\",\"url\":\"https:\/\/www.silvereco.org\/festival\/fr\/wp-content\/medias\/2022\/12\/cropped-festival-silvereco-2020-2-300x93-1.png\",\"contentUrl\":\"https:\/\/www.silvereco.org\/festival\/fr\/wp-content\/medias\/2022\/12\/cropped-festival-silvereco-2020-2-300x93-1.png\",\"width\":300,\"height\":93,\"caption\":\"International Silver Economy and Ageing Well Festival\"},\"image\":{\"@id\":\"https:\/\/www.silvereco.org\/festival\/fr\/#\/schema\/logo\/image\/\"}}]}<\/script>\n<!-- \/ Yoast SEO plugin. -->","yoast_head_json":{"title":"INVESTISSEURS - Salon de la fili\u00e8re Silver \u00e9conomie et Assises Silver Eco Bien-Vieillir","robots":{"index":"index","follow":"follow","max-snippet":"max-snippet:-1","max-image-preview":"max-image-preview:large","max-video-preview":"max-video-preview:-1"},"canonical":"https:\/\/www.silvereco.org\/festival\/fr\/investisseurs\/","og_locale":"fr_FR","og_type":"article","og_title":"INVESTISSEURS - Salon de la fili\u00e8re Silver \u00e9conomie et Assises Silver Eco Bien-Vieillir","og_description":"Vous cherchez \u00e0 investir dans le secteur du Bien-Vieillir et de la Transition D\u00e9mographique ? Inscrivez-vous et demandez votre Pass B2B, pour le Festival SilverEco Bien-Vieillir, qui vous donnera acc\u00e8s durant 2 jours au Forum Expo, aux Tables Rondes enregistr\u00e9es, \u00e0 la soir\u00e9e de Gala SilverNight, et au Cocktail Networking durant lequel vous pourrez rencontrer [&hellip;]","og_url":"https:\/\/www.silvereco.org\/festival\/fr\/investisseurs\/","og_site_name":"Salon de la fili\u00e8re Silver \u00e9conomie et Assises Silver Eco Bien-Vieillir","article_modified_time":"2026-01-22T13:24:12+00:00","og_image":[{"width":1861,"height":630,"url":"https:\/\/www.silvereco.org\/festival\/fr\/wp-content\/medias\/2025\/12\/red-carpet.png","type":"image\/png"}],"twitter_card":"summary_large_image","twitter_misc":{"Dur\u00e9e de lecture estim\u00e9e":"2 minutes"},"schema":{"@context":"https:\/\/schema.org","@graph":[{"@type":"WebPage","@id":"https:\/\/www.silvereco.org\/festival\/fr\/investisseurs\/","url":"https:\/\/www.silvereco.org\/festival\/fr\/investisseurs\/","name":"INVESTISSEURS - Salon de la fili\u00e8re Silver \u00e9conomie et Assises Silver Eco Bien-Vieillir","isPartOf":{"@id":"https:\/\/www.silvereco.org\/festival\/fr\/#website"},"primaryImageOfPage":{"@id":"https:\/\/www.silvereco.org\/festival\/fr\/investisseurs\/#primaryimage"},"image":{"@id":"https:\/\/www.silvereco.org\/festival\/fr\/investisseurs\/#primaryimage"},"thumbnailUrl":"https:\/\/www.silvereco.org\/festival\/fr\/wp-content\/medias\/2025\/12\/red-carpet-1024x347.png","datePublished":"2022-12-07T14:35:59+00:00","dateModified":"2026-01-22T13:24:12+00:00","breadcrumb":{"@id":"https:\/\/www.silvereco.org\/festival\/fr\/investisseurs\/#breadcrumb"},"inLanguage":"fr-FR","potentialAction":[{"@type":"ReadAction","target":["https:\/\/www.silvereco.org\/festival\/fr\/investisseurs\/"]}]},{"@type":"ImageObject","inLanguage":"fr-FR","@id":"https:\/\/www.silvereco.org\/festival\/fr\/investisseurs\/#primaryimage","url":"https:\/\/www.silvereco.org\/festival\/fr\/wp-content\/medias\/2025\/12\/red-carpet.png","contentUrl":"https:\/\/www.silvereco.org\/festival\/fr\/wp-content\/medias\/2025\/12\/red-carpet.png","width":1861,"height":630},{"@type":"BreadcrumbList","@id":"https:\/\/www.silvereco.org\/festival\/fr\/investisseurs\/#breadcrumb","itemListElement":[{"@type":"ListItem","position":1,"name":"Accueil","item":"https:\/\/www.silvereco.org\/festival\/fr\/"},{"@type":"ListItem","position":2,"name":"INVESTISSEURS"}]},{"@type":"WebSite","@id":"https:\/\/www.silvereco.org\/festival\/fr\/#website","url":"https:\/\/www.silvereco.org\/festival\/fr\/","name":"Salon de la fili\u00e8re Silver \u00e9conomie et Assises Silver Eco","description":"International Silver Economy and Ageing Well Festival","publisher":{"@id":"https:\/\/www.silvereco.org\/festival\/fr\/#organization"},"potentialAction":[{"@type":"SearchAction","target":{"@type":"EntryPoint","urlTemplate":"https:\/\/www.silvereco.org\/festival\/fr\/?s={search_term_string}"},"query-input":{"@type":"PropertyValueSpecification","valueRequired":true,"valueName":"search_term_string"}}],"inLanguage":"fr-FR"},{"@type":"Organization","@id":"https:\/\/www.silvereco.org\/festival\/fr\/#organization","name":"International Silver Economy and Ageing Well Festival","url":"https:\/\/www.silvereco.org\/festival\/fr\/","logo":{"@type":"ImageObject","inLanguage":"fr-FR","@id":"https:\/\/www.silvereco.org\/festival\/fr\/#\/schema\/logo\/image\/","url":"https:\/\/www.silvereco.org\/festival\/fr\/wp-content\/medias\/2022\/12\/cropped-festival-silvereco-2020-2-300x93-1.png","contentUrl":"https:\/\/www.silvereco.org\/festival\/fr\/wp-content\/medias\/2022\/12\/cropped-festival-silvereco-2020-2-300x93-1.png","width":300,"height":93,"caption":"International Silver Economy and Ageing Well Festival"},"image":{"@id":"https:\/\/www.silvereco.org\/festival\/fr\/#\/schema\/logo\/image\/"}}]}},"uagb_featured_image_src":{"full":false,"thumbnail":false,"medium":false,"medium_large":false,"large":false,"1536x1536":false,"2048x2048":false},"uagb_author_info":{"display_name":"Silver Economy","author_link":"https:\/\/www.silvereco.org\/festival\/fr\/author\/festredac26\/"},"uagb_comment_info":0,"uagb_excerpt":"Vous cherchez \u00e0 investir dans le secteur du Bien-Vieillir et de la Transition D\u00e9mographique ? Inscrivez-vous et demandez votre Pass B2B, pour le Festival SilverEco Bien-Vieillir, qui vous donnera acc\u00e8s durant 2 jours au Forum Expo, aux Tables Rondes enregistr\u00e9es, \u00e0 la soir\u00e9e de Gala SilverNight, et au Cocktail Networking durant lequel vous pourrez rencontrer\u2026","_links":{"self":[{"href":"https:\/\/www.silvereco.org\/festival\/fr\/wp-json\/wp\/v2\/pages\/18953","targetHints":{"allow":["GET"]}}],"collection":[{"href":"https:\/\/www.silvereco.org\/festival\/fr\/wp-json\/wp\/v2\/pages"}],"about":[{"href":"https:\/\/www.silvereco.org\/festival\/fr\/wp-json\/wp\/v2\/types\/page"}],"author":[{"embeddable":true,"href":"https:\/\/www.silvereco.org\/festival\/fr\/wp-json\/wp\/v2\/users\/7"}],"replies":[{"embeddable":true,"href":"https:\/\/www.silvereco.org\/festival\/fr\/wp-json\/wp\/v2\/comments?post=18953"}],"version-history":[{"count":16,"href":"https:\/\/www.silvereco.org\/festival\/fr\/wp-json\/wp\/v2\/pages\/18953\/revisions"}],"predecessor-version":[{"id":84404,"href":"https:\/\/www.silvereco.org\/festival\/fr\/wp-json\/wp\/v2\/pages\/18953\/revisions\/84404"}],"wp:attachment":[{"href":"https:\/\/www.silvereco.org\/festival\/fr\/wp-json\/wp\/v2\/media?parent=18953"}],"wp:term":[{"taxonomy":"category","embeddable":true,"href":"https:\/\/www.silvereco.org\/festival\/fr\/wp-json\/wp\/v2\/categories?post=18953"}],"curies":[{"name":"wp","href":"https:\/\/api.w.org\/{rel}","templated":true}]}}