{"version":"1.0","provider_name":"Salon de la fili\u00e8re Silver \u00e9conomie et Assises Silver Eco Bien-Vieillir","provider_url":"https:\/\/www.silvereco.org\/festival\/fr","title":"Vieillison - Salon de la fili\u00e8re Silver \u00e9conomie et Assises Silver Eco Bien-Vieillir","type":"rich","width":600,"height":338,"html":"<blockquote class=\"wp-embedded-content\" data-secret=\"cn3eQGXAED\"><a href=\"https:\/\/www.silvereco.org\/festival\/fr\/t25-2-16-17-3\/\">Vieillison<\/a><\/blockquote><iframe sandbox=\"allow-scripts\" security=\"restricted\" src=\"https:\/\/www.silvereco.org\/festival\/fr\/t25-2-16-17-3\/embed\/#?secret=cn3eQGXAED\" width=\"600\" height=\"338\" title=\"\u00ab\u00a0Vieillison\u00a0\u00bb &#8212; Salon de la fili\u00e8re Silver \u00e9conomie et Assises Silver Eco Bien-Vieillir\" data-secret=\"cn3eQGXAED\" frameborder=\"0\" marginwidth=\"0\" marginheight=\"0\" scrolling=\"no\" class=\"wp-embedded-content\"><\/iframe><script>\n\/*! This file is auto-generated *\/\n!function(d,l){\"use strict\";l.querySelector&&d.addEventListener&&\"undefined\"!=typeof URL&&(d.wp=d.wp||{},d.wp.receiveEmbedMessage||(d.wp.receiveEmbedMessage=function(e){var t=e.data;if((t||t.secret||t.message||t.value)&&!\/[^a-zA-Z0-9]\/.test(t.secret)){for(var s,r,n,a=l.querySelectorAll('iframe[data-secret=\"'+t.secret+'\"]'),o=l.querySelectorAll('blockquote[data-secret=\"'+t.secret+'\"]'),c=new RegExp(\"^https?:$\",\"i\"),i=0;i<o.length;i++)o[i].style.display=\"none\";for(i=0;i<a.length;i++)s=a[i],e.source===s.contentWindow&&(s.removeAttribute(\"style\"),\"height\"===t.message?(1e3<(r=parseInt(t.value,10))?r=1e3:~~r<200&&(r=200),s.height=r):\"link\"===t.message&&(r=new URL(s.getAttribute(\"src\")),n=new URL(t.value),c.test(n.protocol))&&n.host===r.host&&l.activeElement===s&&(d.top.location.href=t.value))}},d.addEventListener(\"message\",d.wp.receiveEmbedMessage,!1),l.addEventListener(\"DOMContentLoaded\",function(){for(var e,t,s=l.querySelectorAll(\"iframe.wp-embedded-content\"),r=0;r<s.length;r++)(t=(e=s[r]).getAttribute(\"data-secret\"))||(t=Math.random().toString(36).substring(2,12),e.src+=\"#?secret=\"+t,e.setAttribute(\"data-secret\",t)),e.contentWindow.postMessage({message:\"ready\",secret:t},\"*\")},!1)))}(window,document);\n\/\/# sourceURL=https:\/\/www.silvereco.org\/festival\/fr\/wp-includes\/js\/wp-embed.min.js\n<\/script>\n","description":"Vieillison Nomin\u00e9 dans la cat\u00e9gorie : Loisirs, Culture et Lien Social Le r\u00e9sum\u00e9 du dossier de candidature : EHPADONS NOUS \u2013 L\u2019art pour rompre l\u2019isolement des a\u00een\u00e9s EHPADONS NOUS est le premier festival culturel itin\u00e9rant en maison de retraite, port\u00e9 par VieilliSon. Il agit contre l\u2019isolement des personnes \u00e2g\u00e9es et des professionnels du secteur m\u00e9dico-social, [&hellip;]","thumbnail_url":"https:\/\/www.silvereco.org\/festival\/fr\/wp-content\/medias\/2025\/09\/Ehpadons-nous-1024x1024.png"}