{"version":"1.0","provider_name":"Salon de la fili\u00e8re Silver \u00e9conomie et Assises Silver Eco Bien-Vieillir","provider_url":"https:\/\/www.silvereco.org\/festival\/fr","title":"Soci\u00e9t\u00e9 Fran\u00e7aise de Musicoth\u00e9rapie - Salon de la fili\u00e8re Silver \u00e9conomie et Assises Silver Eco Bien-Vieillir","type":"rich","width":600,"height":338,"html":"<blockquote class=\"wp-embedded-content\" data-secret=\"7BOXpHdRdc\"><a href=\"https:\/\/www.silvereco.org\/festival\/fr\/societe-francaise-de-musicotherapie\/\">Soci\u00e9t\u00e9 Fran\u00e7aise de Musicoth\u00e9rapie<\/a><\/blockquote><iframe sandbox=\"allow-scripts\" security=\"restricted\" src=\"https:\/\/www.silvereco.org\/festival\/fr\/societe-francaise-de-musicotherapie\/embed\/#?secret=7BOXpHdRdc\" width=\"600\" height=\"338\" title=\"\u00ab\u00a0Soci\u00e9t\u00e9 Fran\u00e7aise de Musicoth\u00e9rapie\u00a0\u00bb &#8212; Salon de la fili\u00e8re Silver \u00e9conomie et Assises Silver Eco Bien-Vieillir\" data-secret=\"7BOXpHdRdc\" frameborder=\"0\" marginwidth=\"0\" marginheight=\"0\" scrolling=\"no\" class=\"wp-embedded-content\"><\/iframe><script>\n\/*! This file is auto-generated *\/\n!function(d,l){\"use strict\";l.querySelector&&d.addEventListener&&\"undefined\"!=typeof URL&&(d.wp=d.wp||{},d.wp.receiveEmbedMessage||(d.wp.receiveEmbedMessage=function(e){var t=e.data;if((t||t.secret||t.message||t.value)&&!\/[^a-zA-Z0-9]\/.test(t.secret)){for(var s,r,n,a=l.querySelectorAll('iframe[data-secret=\"'+t.secret+'\"]'),o=l.querySelectorAll('blockquote[data-secret=\"'+t.secret+'\"]'),c=new RegExp(\"^https?:$\",\"i\"),i=0;i<o.length;i++)o[i].style.display=\"none\";for(i=0;i<a.length;i++)s=a[i],e.source===s.contentWindow&&(s.removeAttribute(\"style\"),\"height\"===t.message?(1e3<(r=parseInt(t.value,10))?r=1e3:~~r<200&&(r=200),s.height=r):\"link\"===t.message&&(r=new URL(s.getAttribute(\"src\")),n=new URL(t.value),c.test(n.protocol))&&n.host===r.host&&l.activeElement===s&&(d.top.location.href=t.value))}},d.addEventListener(\"message\",d.wp.receiveEmbedMessage,!1),l.addEventListener(\"DOMContentLoaded\",function(){for(var e,t,s=l.querySelectorAll(\"iframe.wp-embedded-content\"),r=0;r<s.length;r++)(t=(e=s[r]).getAttribute(\"data-secret\"))||(t=Math.random().toString(36).substring(2,12),e.src+=\"#?secret=\"+t,e.setAttribute(\"data-secret\",t)),e.contentWindow.postMessage({message:\"ready\",secret:t},\"*\")},!1)))}(window,document);\n\/\/# sourceURL=https:\/\/www.silvereco.org\/festival\/fr\/wp-includes\/js\/wp-embed.min.js\n<\/script>\n","description":"Soci\u00e9t\u00e9 Fran\u00e7aise de Musicoth\u00e9rapie\u00a0 Nomin\u00e9 dans la cat\u00e9gorie :Sant\u00e9 \/ E-sant\u00e9 &#8220;Musicoth\u00e9rapie en g\u00e9riatrie : Mod\u00e8le Berthelon &#8211; La Dignit\u00e9 d&#8217;\u00catre&#8221; \u00a0 Le r\u00e9sum\u00e9 du dossier de candidature : La SFM a \u00e9labor\u00e9 un protocole de prise en charge musicoth\u00e9rapeutique des patients atteints de d\u00e9mence de type Alzheimer en institution g\u00e9riatrique. Ce mod\u00e8le permet de [&hellip;]"}